{"id":85,"date":"2022-12-21T09:45:42","date_gmt":"2022-12-21T08:45:42","guid":{"rendered":"https:\/\/cebus-celle.de\/?page_id=85"},"modified":"2026-03-24T15:36:24","modified_gmt":"2026-03-24T14:36:24","slug":"empresa-2","status":"publish","type":"page","link":"https:\/\/cebus-celle.de\/es\/unternehmen\/","title":{"rendered":"Qui\u00e9nes somos"},"content":{"rendered":"<div data-elementor-type=\"wp-page\" data-elementor-id=\"85\" class=\"elementor elementor-85\" data-elementor-post-type=\"page\">\n\t\t\t\t\t\t<section class=\"elementor-section elementor-top-section elementor-element elementor-element-246d871 margin-left-0 elementor-section-boxed elementor-section-height-default elementor-section-height-default wpr-particle-no wpr-jarallax-no wpr-parallax-no wpr-sticky-section-no wpr-equal-height-no\" data-id=\"246d871\" data-element_type=\"section\" data-e-type=\"section\">\n\t\t\t\t\t\t<div class=\"elementor-container elementor-column-gap-default\">\n\t\t\t\t\t<div class=\"elementor-column elementor-col-50 elementor-top-column elementor-element elementor-element-3822367\" data-id=\"3822367\" data-element_type=\"column\" data-e-type=\"column\">\n\t\t\t<div class=\"elementor-widget-wrap elementor-element-populated\">\n\t\t\t\t\t\t<div class=\"elementor-element elementor-element-9064259 elementor-widget elementor-widget-menu-anchor\" data-id=\"9064259\" data-element_type=\"widget\" data-e-type=\"widget\" data-widget_type=\"menu-anchor.default\">\n\t\t\t\t<div class=\"elementor-widget-container\">\n\t\t\t\t\t\t\t<div class=\"elementor-menu-anchor\" id=\"CeBusStory\"><\/div>\n\t\t\t\t\t\t<\/div>\n\t\t\t\t<\/div>\n\t\t\t\t<div class=\"elementor-element elementor-element-dc823e9 elementor-widget elementor-widget-heading\" data-id=\"dc823e9\" data-element_type=\"widget\" data-e-type=\"widget\" data-widget_type=\"heading.default\">\n\t\t\t\t<div class=\"elementor-widget-container\">\n\t\t\t\t\t<h2 class=\"elementor-heading-title elementor-size-default\">LA HISTORIA DE CEBUS<\/h2>\t\t\t\t<\/div>\n\t\t\t\t<\/div>\n\t\t\t\t<div class=\"elementor-element elementor-element-f1d5cc7 elementor-widget elementor-widget-text-editor\" data-id=\"f1d5cc7\" data-element_type=\"widget\" data-e-type=\"widget\" data-widget_type=\"text-editor.default\">\n\t\t\t\t<div class=\"elementor-widget-container\">\n\t\t\t\t\t\t\t\t\t<p>Si le interesa nuestra historia, la encontrar\u00e1 aqu\u00ed. \u00bfCu\u00e1ndo se hizo qu\u00e9 y, sobre todo, \"por qu\u00e9\"?\u00a0<span style=\"background-color: var(--bs-body-bg);font-size: var( --e-global-typography-primary-font-size );font-weight: var( --e-global-typography-primary-font-weight );text-align: var(--bs-body-text-align)\">Un equipo, una historia.<\/span><\/p>\t\t\t\t\t\t\t\t<\/div>\n\t\t\t\t<\/div>\n\t\t\t\t\t<\/div>\n\t\t<\/div>\n\t\t\t\t<div class=\"elementor-column elementor-col-50 elementor-top-column elementor-element elementor-element-54f0292\" data-id=\"54f0292\" data-element_type=\"column\" data-e-type=\"column\">\n\t\t\t<div class=\"elementor-widget-wrap\">\n\t\t\t\t\t\t\t<\/div>\n\t\t<\/div>\n\t\t\t\t\t<\/div>\n\t\t<\/section>\n\t\t\t\t<section class=\"elementor-section elementor-top-section elementor-element elementor-element-c915924 elementor-section-stretched elementor-section-boxed elementor-section-height-default elementor-section-height-default wpr-particle-no wpr-jarallax-no wpr-parallax-no wpr-sticky-section-no wpr-equal-height-no\" data-id=\"c915924\" data-element_type=\"section\" data-e-type=\"section\" data-settings=\"{&quot;stretch_section&quot;:&quot;section-stretched&quot;,&quot;background_background&quot;:&quot;classic&quot;}\">\n\t\t\t\t\t\t<div class=\"elementor-container elementor-column-gap-default\">\n\t\t\t\t\t<div class=\"elementor-column elementor-col-33 elementor-top-column elementor-element elementor-element-3db3903\" data-id=\"3db3903\" data-element_type=\"column\" data-e-type=\"column\">\n\t\t\t<div class=\"elementor-widget-wrap elementor-element-populated\">\n\t\t\t\t\t\t<div class=\"elementor-element elementor-element-210f290 elementor-widget elementor-widget-image\" data-id=\"210f290\" data-element_type=\"widget\" data-e-type=\"widget\" data-widget_type=\"image.default\">\n\t\t\t\t<div class=\"elementor-widget-container\">\n\t\t\t\t\t\t\t\t\t\t\t\t\t\t\t<img fetchpriority=\"high\" decoding=\"async\" width=\"364\" height=\"362\" src=\"https:\/\/cebus-celle.de\/wp-content\/uploads\/0208ac531bf5424aebf652b53b989243.png\" class=\"attachment-large size-large wp-image-87\" alt=\"\" srcset=\"https:\/\/cebus-celle.de\/wp-content\/uploads\/0208ac531bf5424aebf652b53b989243.png 364w, https:\/\/cebus-celle.de\/wp-content\/uploads\/0208ac531bf5424aebf652b53b989243-256x256.png 256w, https:\/\/cebus-celle.de\/wp-content\/uploads\/0208ac531bf5424aebf652b53b989243-12x12.png 12w\" sizes=\"(max-width: 364px) 100vw, 364px\" \/>\t\t\t\t\t\t\t\t\t\t\t\t\t\t\t<\/div>\n\t\t\t\t<\/div>\n\t\t\t\t\t<\/div>\n\t\t<\/div>\n\t\t\t\t<div class=\"elementor-column elementor-col-66 elementor-top-column elementor-element elementor-element-fff29c1\" data-id=\"fff29c1\" data-element_type=\"column\" data-e-type=\"column\">\n\t\t\t<div class=\"elementor-widget-wrap elementor-element-populated\">\n\t\t\t\t\t\t<div class=\"elementor-element elementor-element-e746808 elementor-widget elementor-widget-accordion\" data-id=\"e746808\" data-element_type=\"widget\" data-e-type=\"widget\" data-widget_type=\"accordion.default\">\n\t\t\t\t<div class=\"elementor-widget-container\">\n\t\t\t\t\t\t\t<div class=\"elementor-accordion\">\n\t\t\t\t\t\t\t<div class=\"elementor-accordion-item\">\n\t\t\t\t\t<h3 id=\"elementor-tab-title-2421\" class=\"elementor-tab-title\" data-tab=\"1\" role=\"button\" aria-controls=\"elementor-tab-content-2421\" aria-expanded=\"false\">\n\t\t\t\t\t\t\t\t\t\t\t\t\t<span class=\"elementor-accordion-icon elementor-accordion-icon-left\" aria-hidden=\"true\">\n\t\t\t\t\t\t\t\t\t\t\t\t\t\t\t<span class=\"elementor-accordion-icon-closed\"><i class=\"fal fa-plus\"><\/i><\/span>\n\t\t\t\t\t\t\t\t<span class=\"elementor-accordion-icon-opened\"><i class=\"fal fa-minus\"><\/i><\/span>\n\t\t\t\t\t\t\t\t\t\t\t\t\t\t<\/span>\n\t\t\t\t\t\t\t\t\t\t\t\t<a class=\"elementor-accordion-title\" tabindex=\"0\">Fundada en 2002<\/a>\n\t\t\t\t\t<\/h3>\n\t\t\t\t\t<div id=\"elementor-tab-content-2421\" class=\"elementor-tab-content elementor-clearfix\" data-tab=\"1\" role=\"region\" aria-labelledby=\"elementor-tab-title-2421\"><p>Fundamos CeBus en 2002 y desde entonces somos responsables del transporte p\u00fablico local y del transporte escolar en la ciudad y el distrito de Celle.<\/p><p>Nuestra sede central, con administraci\u00f3n, talleres y cocheras, est\u00e1 en Celle, y tambi\u00e9n tenemos cocheras en Fa\u00dfberg (con taller), Wietze y Eicklingen. Tambi\u00e9n tenemos dep\u00f3sitos en Steinhorst, Bergen, Marwede y Hohne.<\/p><\/div>\n\t\t\t\t<\/div>\n\t\t\t\t\t\t\t\t<\/div>\n\t\t\t\t\t\t<\/div>\n\t\t\t\t<\/div>\n\t\t\t\t\t<\/div>\n\t\t<\/div>\n\t\t\t\t\t<\/div>\n\t\t<\/section>\n\t\t\t\t<section class=\"elementor-section elementor-top-section elementor-element elementor-element-a0be3c8 elementor-section-stretched elementor-section-boxed elementor-section-height-default elementor-section-height-default wpr-particle-no wpr-jarallax-no wpr-parallax-no wpr-sticky-section-no wpr-equal-height-no\" data-id=\"a0be3c8\" data-element_type=\"section\" data-e-type=\"section\" data-settings=\"{&quot;stretch_section&quot;:&quot;section-stretched&quot;}\">\n\t\t\t\t\t\t<div class=\"elementor-container elementor-column-gap-default\">\n\t\t\t\t\t<div class=\"elementor-column elementor-col-33 elementor-top-column elementor-element elementor-element-edc3c67\" data-id=\"edc3c67\" data-element_type=\"column\" data-e-type=\"column\">\n\t\t\t<div class=\"elementor-widget-wrap elementor-element-populated\">\n\t\t\t\t\t\t<div class=\"elementor-element elementor-element-0fff008 elementor-widget elementor-widget-image\" data-id=\"0fff008\" data-element_type=\"widget\" data-e-type=\"widget\" data-widget_type=\"image.default\">\n\t\t\t\t<div class=\"elementor-widget-container\">\n\t\t\t\t\t\t\t\t\t\t\t\t\t\t\t<img decoding=\"async\" width=\"364\" height=\"362\" src=\"https:\/\/cebus-celle.de\/wp-content\/uploads\/9c0bada56ede4da260236c08b7dbe5e5.png\" class=\"attachment-large size-large wp-image-89\" alt=\"\" srcset=\"https:\/\/cebus-celle.de\/wp-content\/uploads\/9c0bada56ede4da260236c08b7dbe5e5.png 364w, https:\/\/cebus-celle.de\/wp-content\/uploads\/9c0bada56ede4da260236c08b7dbe5e5-256x256.png 256w, https:\/\/cebus-celle.de\/wp-content\/uploads\/9c0bada56ede4da260236c08b7dbe5e5-12x12.png 12w\" sizes=\"(max-width: 364px) 100vw, 364px\" \/>\t\t\t\t\t\t\t\t\t\t\t\t\t\t\t<\/div>\n\t\t\t\t<\/div>\n\t\t\t\t\t<\/div>\n\t\t<\/div>\n\t\t\t\t<div class=\"elementor-column elementor-col-66 elementor-top-column elementor-element elementor-element-81845cc\" data-id=\"81845cc\" data-element_type=\"column\" data-e-type=\"column\">\n\t\t\t<div class=\"elementor-widget-wrap elementor-element-populated\">\n\t\t\t\t\t\t<div class=\"elementor-element elementor-element-f46eb0f elementor-widget elementor-widget-accordion\" data-id=\"f46eb0f\" data-element_type=\"widget\" data-e-type=\"widget\" data-widget_type=\"accordion.default\">\n\t\t\t\t<div class=\"elementor-widget-container\">\n\t\t\t\t\t\t\t<div class=\"elementor-accordion\">\n\t\t\t\t\t\t\t<div class=\"elementor-accordion-item\">\n\t\t\t\t\t<h3 id=\"elementor-tab-title-2561\" class=\"elementor-tab-title\" data-tab=\"1\" role=\"button\" aria-controls=\"elementor-tab-content-2561\" aria-expanded=\"false\">\n\t\t\t\t\t\t\t\t\t\t\t\t\t<span class=\"elementor-accordion-icon elementor-accordion-icon-left\" aria-hidden=\"true\">\n\t\t\t\t\t\t\t\t\t\t\t\t\t\t\t<span class=\"elementor-accordion-icon-closed\"><i class=\"fal fa-plus\"><\/i><\/span>\n\t\t\t\t\t\t\t\t<span class=\"elementor-accordion-icon-opened\"><i class=\"fal fa-minus\"><\/i><\/span>\n\t\t\t\t\t\t\t\t\t\t\t\t\t\t<\/span>\n\t\t\t\t\t\t\t\t\t\t\t\t<a class=\"elementor-accordion-title\" tabindex=\"0\">Fuerzas unidas <\/a>\n\t\t\t\t\t<\/h3>\n\t\t\t\t\t<div id=\"elementor-tab-content-2561\" class=\"elementor-tab-content elementor-clearfix\" data-tab=\"1\" role=\"region\" aria-labelledby=\"elementor-tab-title-2561\"><p>\u00dcber 250 Mitarbeiterinnen und Mitarbeiter fahren, reparieren, verwalten, reinigen, kontrollieren und halten damit den Betrieb auf dem Laufenden. Unser engagiertes Team ist das Herzst\u00fcck unseres Erfolgs. Wir legen gro\u00dfen Wert auf Freundlichkeit und Serviceorientierung. Unser Personal wird regelm\u00e4\u00dfig geschult, um sicherzustellen, dass wir dir immer den besten Kundenservice bieten.<\/p><p>\u00bfQuiere usted tambi\u00e9n participar? Entonces eche un vistazo a nuestro <a href=\"https:\/\/cebus-celle.de\/es\/empleos-y-carreras-2\/\">P\u00e1gina profesional<\/a>quiz\u00e1 haya un trabajo interesante para ti.<\/p><\/div>\n\t\t\t\t<\/div>\n\t\t\t\t\t\t\t\t<\/div>\n\t\t\t\t\t\t<\/div>\n\t\t\t\t<\/div>\n\t\t\t\t\t<\/div>\n\t\t<\/div>\n\t\t\t\t\t<\/div>\n\t\t<\/section>\n\t\t\t\t<section class=\"elementor-section elementor-top-section elementor-element elementor-element-a09cb9a elementor-section-stretched elementor-section-boxed elementor-section-height-default elementor-section-height-default wpr-particle-no wpr-jarallax-no wpr-parallax-no wpr-sticky-section-no wpr-equal-height-no\" data-id=\"a09cb9a\" data-element_type=\"section\" data-e-type=\"section\" data-settings=\"{&quot;stretch_section&quot;:&quot;section-stretched&quot;,&quot;background_background&quot;:&quot;classic&quot;}\">\n\t\t\t\t\t\t<div class=\"elementor-container elementor-column-gap-default\">\n\t\t\t\t\t<div class=\"elementor-column elementor-col-33 elementor-top-column elementor-element elementor-element-8fd3910\" data-id=\"8fd3910\" data-element_type=\"column\" data-e-type=\"column\">\n\t\t\t<div class=\"elementor-widget-wrap elementor-element-populated\">\n\t\t\t\t\t\t<div class=\"elementor-element elementor-element-122d727 elementor-widget elementor-widget-image\" data-id=\"122d727\" data-element_type=\"widget\" data-e-type=\"widget\" data-widget_type=\"image.default\">\n\t\t\t\t<div class=\"elementor-widget-container\">\n\t\t\t\t\t\t\t\t\t\t\t\t\t\t\t<img decoding=\"async\" width=\"1000\" height=\"560\" src=\"https:\/\/cebus-celle.de\/wp-content\/uploads\/AdobeStock_707780619_Preview.jpeg\" class=\"attachment-large size-large wp-image-445\" alt=\"\" srcset=\"https:\/\/cebus-celle.de\/wp-content\/uploads\/AdobeStock_707780619_Preview.jpeg 1000w, https:\/\/cebus-celle.de\/wp-content\/uploads\/AdobeStock_707780619_Preview-512x287.jpeg 512w, https:\/\/cebus-celle.de\/wp-content\/uploads\/AdobeStock_707780619_Preview-768x430.jpeg 768w, https:\/\/cebus-celle.de\/wp-content\/uploads\/AdobeStock_707780619_Preview-18x10.jpeg 18w\" sizes=\"(max-width: 1000px) 100vw, 1000px\" \/>\t\t\t\t\t\t\t\t\t\t\t\t\t\t\t<\/div>\n\t\t\t\t<\/div>\n\t\t\t\t\t<\/div>\n\t\t<\/div>\n\t\t\t\t<div class=\"elementor-column elementor-col-66 elementor-top-column elementor-element elementor-element-52fa839\" data-id=\"52fa839\" data-element_type=\"column\" data-e-type=\"column\">\n\t\t\t<div class=\"elementor-widget-wrap elementor-element-populated\">\n\t\t\t\t\t\t<div class=\"elementor-element elementor-element-6457c44 elementor-widget elementor-widget-accordion\" data-id=\"6457c44\" data-element_type=\"widget\" data-e-type=\"widget\" data-widget_type=\"accordion.default\">\n\t\t\t\t<div class=\"elementor-widget-container\">\n\t\t\t\t\t\t\t<div class=\"elementor-accordion\">\n\t\t\t\t\t\t\t<div class=\"elementor-accordion-item\">\n\t\t\t\t\t<h3 id=\"elementor-tab-title-1051\" class=\"elementor-tab-title\" data-tab=\"1\" role=\"button\" aria-controls=\"elementor-tab-content-1051\" aria-expanded=\"false\">\n\t\t\t\t\t\t\t\t\t\t\t\t\t<span class=\"elementor-accordion-icon elementor-accordion-icon-left\" aria-hidden=\"true\">\n\t\t\t\t\t\t\t\t\t\t\t\t\t\t\t<span class=\"elementor-accordion-icon-closed\"><i class=\"fal fa-plus\"><\/i><\/span>\n\t\t\t\t\t\t\t\t<span class=\"elementor-accordion-icon-opened\"><i class=\"fal fa-minus\"><\/i><\/span>\n\t\t\t\t\t\t\t\t\t\t\t\t\t\t<\/span>\n\t\t\t\t\t\t\t\t\t\t\t\t<a class=\"elementor-accordion-title\" tabindex=\"0\">\u00a1Entra, por favor!<\/a>\n\t\t\t\t\t<\/h3>\n\t\t\t\t\t<div id=\"elementor-tab-content-1051\" class=\"elementor-tab-content elementor-clearfix\" data-tab=\"1\" role=\"region\" aria-labelledby=\"elementor-tab-title-1051\"><p>Bajo el lema \"CeBus es bien recibido\", transportamos a miles de personas cada d\u00eda. La satisfacci\u00f3n del cliente es nuestra m\u00e1xima prioridad. Nuestro objetivo m\u00e1s importante: llevarle a su destino de forma segura y puntual. Estos son nuestros valores y principios que nos gu\u00edan y nos convierten en un socio fiable en el transporte p\u00fablico local: puede confiar en ello.<\/p><\/div>\n\t\t\t\t<\/div>\n\t\t\t\t\t\t\t\t<\/div>\n\t\t\t\t\t\t<\/div>\n\t\t\t\t<\/div>\n\t\t\t\t\t<\/div>\n\t\t<\/div>\n\t\t\t\t\t<\/div>\n\t\t<\/section>\n\t\t\t\t<section class=\"elementor-section elementor-top-section elementor-element elementor-element-a9e8d5c elementor-section-stretched elementor-section-boxed elementor-section-height-default elementor-section-height-default wpr-particle-no wpr-jarallax-no wpr-parallax-no wpr-sticky-section-no wpr-equal-height-no\" data-id=\"a9e8d5c\" data-element_type=\"section\" data-e-type=\"section\" data-settings=\"{&quot;stretch_section&quot;:&quot;section-stretched&quot;}\">\n\t\t\t\t\t\t<div class=\"elementor-container elementor-column-gap-default\">\n\t\t\t\t\t<div class=\"elementor-column elementor-col-33 elementor-top-column elementor-element elementor-element-7f8a1f5\" data-id=\"7f8a1f5\" data-element_type=\"column\" data-e-type=\"column\">\n\t\t\t<div class=\"elementor-widget-wrap elementor-element-populated\">\n\t\t\t\t\t\t<div class=\"elementor-element elementor-element-3173cfc elementor-widget elementor-widget-image\" data-id=\"3173cfc\" data-element_type=\"widget\" data-e-type=\"widget\" data-widget_type=\"image.default\">\n\t\t\t\t<div class=\"elementor-widget-container\">\n\t\t\t\t\t\t\t\t\t\t\t\t\t\t\t<img loading=\"lazy\" decoding=\"async\" width=\"364\" height=\"362\" src=\"https:\/\/cebus-celle.de\/wp-content\/uploads\/9eab2ef7fec79bb1c9b27fd0c906ec76.png\" class=\"attachment-large size-large wp-image-88\" alt=\"4 Busse sind hintereinander aufgereiht\" srcset=\"https:\/\/cebus-celle.de\/wp-content\/uploads\/9eab2ef7fec79bb1c9b27fd0c906ec76.png 364w, https:\/\/cebus-celle.de\/wp-content\/uploads\/9eab2ef7fec79bb1c9b27fd0c906ec76-256x256.png 256w, https:\/\/cebus-celle.de\/wp-content\/uploads\/9eab2ef7fec79bb1c9b27fd0c906ec76-12x12.png 12w\" sizes=\"(max-width: 364px) 100vw, 364px\" \/>\t\t\t\t\t\t\t\t\t\t\t\t\t\t\t<\/div>\n\t\t\t\t<\/div>\n\t\t\t\t\t<\/div>\n\t\t<\/div>\n\t\t\t\t<div class=\"elementor-column elementor-col-66 elementor-top-column elementor-element elementor-element-133924b\" data-id=\"133924b\" data-element_type=\"column\" data-e-type=\"column\">\n\t\t\t<div class=\"elementor-widget-wrap elementor-element-populated\">\n\t\t\t\t\t\t<div class=\"elementor-element elementor-element-517236e elementor-widget elementor-widget-accordion\" data-id=\"517236e\" data-element_type=\"widget\" data-e-type=\"widget\" data-widget_type=\"accordion.default\">\n\t\t\t\t<div class=\"elementor-widget-container\">\n\t\t\t\t\t\t\t<div class=\"elementor-accordion\">\n\t\t\t\t\t\t\t<div class=\"elementor-accordion-item\">\n\t\t\t\t\t<h3 id=\"elementor-tab-title-8541\" class=\"elementor-tab-title\" data-tab=\"1\" role=\"button\" aria-controls=\"elementor-tab-content-8541\" aria-expanded=\"false\">\n\t\t\t\t\t\t\t\t\t\t\t\t\t<span class=\"elementor-accordion-icon elementor-accordion-icon-left\" aria-hidden=\"true\">\n\t\t\t\t\t\t\t\t\t\t\t\t\t\t\t<span class=\"elementor-accordion-icon-closed\"><i class=\"fal fa-plus\"><\/i><\/span>\n\t\t\t\t\t\t\t\t<span class=\"elementor-accordion-icon-opened\"><i class=\"fal fa-minus\"><\/i><\/span>\n\t\t\t\t\t\t\t\t\t\t\t\t\t\t<\/span>\n\t\t\t\t\t\t\t\t\t\t\t\t<a class=\"elementor-accordion-title\" tabindex=\"0\">Por el bien del medio ambiente<\/a>\n\t\t\t\t\t<\/h3>\n\t\t\t\t\t<div id=\"elementor-tab-content-8541\" class=\"elementor-tab-content elementor-clearfix\" data-tab=\"1\" role=\"region\" aria-labelledby=\"elementor-tab-title-8541\"><p data-start=\"179\" data-end=\"535\">Wir setzen auf umweltfreundliche Mobilit\u00e4t im \u00f6ffentlichen Nahverkehr und betreiben eine moderne Fahrzeugflotte, die h\u00f6chsten Umweltstandards entspricht. Derzeit sind \u00fcber 100 Busse im regul\u00e4ren Linienverkehr im Einsatz. S\u00e4mtliche Fahrzeuge erf\u00fcllen die strenge Abgasnorm Euro 6 \u2013 f\u00fcr eine saubere und nachhaltige Bef\u00f6rderung.<\/p><p data-start=\"537\" data-end=\"763\">Ab dem Jahr 2026 leiten wir den n\u00e4chsten Schritt in Richtung klimafreundlicher Zukunft ein: den Umstieg auf Elektromobilit\u00e4t. Im Zeitraum von 2026 bis 2028 ist geplant, insgesamt 50 Fahrzeuge durch moderne E-Busse zu ersetzen.<\/p><\/div>\n\t\t\t\t<\/div>\n\t\t\t\t\t\t\t\t<\/div>\n\t\t\t\t\t\t<\/div>\n\t\t\t\t<\/div>\n\t\t\t\t\t<\/div>\n\t\t<\/div>\n\t\t\t\t\t<\/div>\n\t\t<\/section>\n\t\t\t\t<section class=\"elementor-section elementor-top-section elementor-element elementor-element-0459492 elementor-section-stretched elementor-section-boxed elementor-section-height-default elementor-section-height-default wpr-particle-no wpr-jarallax-no wpr-parallax-no wpr-sticky-section-no wpr-equal-height-no\" data-id=\"0459492\" data-element_type=\"section\" data-e-type=\"section\" data-settings=\"{&quot;stretch_section&quot;:&quot;section-stretched&quot;}\">\n\t\t\t\t\t\t<div class=\"elementor-container elementor-column-gap-default\">\n\t\t\t\t\t<div class=\"elementor-column elementor-col-33 elementor-top-column elementor-element elementor-element-9e07e06\" data-id=\"9e07e06\" data-element_type=\"column\" data-e-type=\"column\">\n\t\t\t<div class=\"elementor-widget-wrap elementor-element-populated\">\n\t\t\t\t\t\t<div class=\"elementor-element elementor-element-c18ee7c elementor-widget elementor-widget-image\" data-id=\"c18ee7c\" data-element_type=\"widget\" data-e-type=\"widget\" data-widget_type=\"image.default\">\n\t\t\t\t<div class=\"elementor-widget-container\">\n\t\t\t\t\t\t\t\t\t\t\t\t\t\t\t<img loading=\"lazy\" decoding=\"async\" width=\"1024\" height=\"683\" src=\"https:\/\/cebus-celle.de\/wp-content\/uploads\/ueber-uns_mission-vision-1024x683.jpeg\" class=\"attachment-large size-large wp-image-924\" alt=\"\" srcset=\"https:\/\/cebus-celle.de\/wp-content\/uploads\/ueber-uns_mission-vision-1024x683.jpeg 1024w, https:\/\/cebus-celle.de\/wp-content\/uploads\/ueber-uns_mission-vision-512x341.jpeg 512w, https:\/\/cebus-celle.de\/wp-content\/uploads\/ueber-uns_mission-vision-768x512.jpeg 768w, https:\/\/cebus-celle.de\/wp-content\/uploads\/ueber-uns_mission-vision-1536x1024.jpeg 1536w, https:\/\/cebus-celle.de\/wp-content\/uploads\/ueber-uns_mission-vision-2048x1365.jpeg 2048w, https:\/\/cebus-celle.de\/wp-content\/uploads\/ueber-uns_mission-vision-18x12.jpeg 18w\" sizes=\"(max-width: 1024px) 100vw, 1024px\" \/>\t\t\t\t\t\t\t\t\t\t\t\t\t\t\t<\/div>\n\t\t\t\t<\/div>\n\t\t\t\t<div class=\"elementor-element elementor-element-ea42ade elementor-widget elementor-widget-menu-anchor\" data-id=\"ea42ade\" data-element_type=\"widget\" data-e-type=\"widget\" data-widget_type=\"menu-anchor.default\">\n\t\t\t\t<div class=\"elementor-widget-container\">\n\t\t\t\t\t\t\t<div class=\"elementor-menu-anchor\" id=\"Zahlen\"><\/div>\n\t\t\t\t\t\t<\/div>\n\t\t\t\t<\/div>\n\t\t\t\t\t<\/div>\n\t\t<\/div>\n\t\t\t\t<div class=\"elementor-column elementor-col-66 elementor-top-column elementor-element elementor-element-2642561\" data-id=\"2642561\" data-element_type=\"column\" data-e-type=\"column\">\n\t\t\t<div class=\"elementor-widget-wrap elementor-element-populated\">\n\t\t\t\t\t\t<div class=\"elementor-element elementor-element-733f2fc elementor-widget elementor-widget-accordion\" data-id=\"733f2fc\" data-element_type=\"widget\" data-e-type=\"widget\" data-widget_type=\"accordion.default\">\n\t\t\t\t<div class=\"elementor-widget-container\">\n\t\t\t\t\t\t\t<div class=\"elementor-accordion\">\n\t\t\t\t\t\t\t<div class=\"elementor-accordion-item\">\n\t\t\t\t\t<h3 id=\"elementor-tab-title-1201\" class=\"elementor-tab-title\" data-tab=\"1\" role=\"button\" aria-controls=\"elementor-tab-content-1201\" aria-expanded=\"false\">\n\t\t\t\t\t\t\t\t\t\t\t\t\t<span class=\"elementor-accordion-icon elementor-accordion-icon-left\" aria-hidden=\"true\">\n\t\t\t\t\t\t\t\t\t\t\t\t\t\t\t<span class=\"elementor-accordion-icon-closed\"><i class=\"fal fa-plus\"><\/i><\/span>\n\t\t\t\t\t\t\t\t<span class=\"elementor-accordion-icon-opened\"><i class=\"fal fa-minus\"><\/i><\/span>\n\t\t\t\t\t\t\t\t\t\t\t\t\t\t<\/span>\n\t\t\t\t\t\t\t\t\t\t\t\t<a class=\"elementor-accordion-title\" tabindex=\"0\">Misi\u00f3n y visi\u00f3n<\/a>\n\t\t\t\t\t<\/h3>\n\t\t\t\t\t<div id=\"elementor-tab-content-1201\" class=\"elementor-tab-content elementor-clearfix\" data-tab=\"1\" role=\"region\" aria-labelledby=\"elementor-tab-title-1201\"><p>Estamos orgullosos de nuestros \u00e9xitos hasta la fecha y de nuestros empleados que lo hacen posible, y estamos decididos a seguir contribuyendo a su movilidad y calidad de vida en el futuro. Nuestros objetivos a largo plazo incluyen la participaci\u00f3n activa en la transici\u00f3n del transporte y la protecci\u00f3n de la naturaleza y el medio ambiente.<\/p><\/div>\n\t\t\t\t<\/div>\n\t\t\t\t\t\t\t\t<\/div>\n\t\t\t\t\t\t<\/div>\n\t\t\t\t<\/div>\n\t\t\t\t\t<\/div>\n\t\t<\/div>\n\t\t\t\t\t<\/div>\n\t\t<\/section>\n\t\t\t\t<section class=\"elementor-section elementor-top-section elementor-element elementor-element-ab580a8 elementor-section-boxed elementor-section-height-default elementor-section-height-default wpr-particle-no wpr-jarallax-no wpr-parallax-no wpr-sticky-section-no wpr-equal-height-no\" data-id=\"ab580a8\" data-element_type=\"section\" data-e-type=\"section\">\n\t\t\t\t\t\t<div class=\"elementor-container elementor-column-gap-default\">\n\t\t\t\t\t<div class=\"elementor-column elementor-col-100 elementor-top-column elementor-element elementor-element-a93b8e7\" data-id=\"a93b8e7\" data-element_type=\"column\" data-e-type=\"column\">\n\t\t\t<div class=\"elementor-widget-wrap elementor-element-populated\">\n\t\t\t\t\t\t<div class=\"elementor-element elementor-element-425edf9 elementor-widget elementor-widget-heading\" data-id=\"425edf9\" data-element_type=\"widget\" data-e-type=\"widget\" data-widget_type=\"heading.default\">\n\t\t\t\t<div class=\"elementor-widget-container\">\n\t\t\t\t\t<h2 class=\"elementor-heading-title elementor-size-default\">Cifras fuertes que marcan la diferencia.<\/h2>\t\t\t\t<\/div>\n\t\t\t\t<\/div>\n\t\t\t\t<div class=\"elementor-element elementor-element-67e95f0 elementor-widget elementor-widget-text-editor\" data-id=\"67e95f0\" data-element_type=\"widget\" data-e-type=\"widget\" data-widget_type=\"text-editor.default\">\n\t\t\t\t<div class=\"elementor-widget-container\">\n\t\t\t\t\t\t\t\t\t<h6>Stand: 2025 (ausgenommen die Mitarbeiterzahl)<\/h6>\t\t\t\t\t\t\t\t<\/div>\n\t\t\t\t<\/div>\n\t\t\t\t\t<\/div>\n\t\t<\/div>\n\t\t\t\t\t<\/div>\n\t\t<\/section>\n\t\t\t\t<section class=\"elementor-section elementor-top-section elementor-element elementor-element-d380ba1 elementor-section-boxed elementor-section-height-default elementor-section-height-default wpr-particle-no wpr-jarallax-no wpr-parallax-no wpr-sticky-section-no wpr-equal-height-no\" data-id=\"d380ba1\" data-element_type=\"section\" data-e-type=\"section\">\n\t\t\t\t\t\t<div class=\"elementor-container elementor-column-gap-default\">\n\t\t\t\t\t<div class=\"elementor-column elementor-col-100 elementor-top-column elementor-element elementor-element-ae4af4f\" data-id=\"ae4af4f\" data-element_type=\"column\" data-e-type=\"column\">\n\t\t\t<div class=\"elementor-widget-wrap elementor-element-populated\">\n\t\t\t\t\t\t<div class=\"elementor-element elementor-element-9e476d3 elementor-widget elementor-widget-slick-slider-icon-list\" data-id=\"9e476d3\" data-element_type=\"widget\" data-e-type=\"widget\" data-widget_type=\"slick-slider-icon-list.default\">\n\t\t\t\t<div class=\"elementor-widget-container\">\n\t\t\t\t\t\n<div class=\"icon-slider-wrapper\" >\n            <div class=\"icon-slider-one-item\">\n        <i class=\"icon-slider-icon fa-solid fas fa-hand-holding-heart\" style=\"background-color: #31ACB5\"><\/i>\n            <div class=\"icon-slider-content\">\n            <b class=\"icon-slideer-titel\"><\/b>\n                <b class=\"icon-slider-text\"><p>\u00dcber 250 Mitarbeitende<\/p><\/b>\n            <\/div>\n        <\/div>\n            <div class=\"icon-slider-one-item\">\n        <i class=\"icon-slider-icon fa-solid fas fa-bus\" style=\"background-color: #31ACB5\"><\/i>\n            <div class=\"icon-slider-content\">\n            <b class=\"icon-slideer-titel\"><\/b>\n                <b class=\"icon-slider-text\"><p>108 Fahrzeuge<\/p><\/b>\n            <\/div>\n        <\/div>\n            <div class=\"icon-slider-one-item\">\n        <i class=\"icon-slider-icon fa-solid fas fa-euro-sign\" style=\"background-color: #31ACB5\"><\/i>\n            <div class=\"icon-slider-content\">\n            <b class=\"icon-slideer-titel\"><\/b>\n                <b class=\"icon-slider-text\"><p>22,6 Mio. Umsatz pro Jahr<\/p><\/b>\n            <\/div>\n        <\/div>\n            <div class=\"icon-slider-one-item\">\n        <i class=\"icon-slider-icon fa-solid fas fa-road\" style=\"background-color: #31ACB5\"><\/i>\n            <div class=\"icon-slider-content\">\n            <b class=\"icon-slideer-titel\"><\/b>\n                <b class=\"icon-slider-text\"><p>4,18 Mio. Kilometer pro Jahr<\/p><\/b>\n            <\/div>\n        <\/div>\n            <div class=\"icon-slider-one-item\">\n        <i class=\"icon-slider-icon fa-solid fas fa-users\" style=\"background-color: #31ACB5\"><\/i>\n            <div class=\"icon-slider-content\">\n            <b class=\"icon-slideer-titel\"><\/b>\n                <b class=\"icon-slider-text\"><p>4,45 Mio. bef\u00f6rderte Personen pro Jahr<\/p><\/b>\n            <\/div>\n        <\/div>\n            <div class=\"icon-slider-one-item\">\n        <i class=\"icon-slider-icon fa-solid fas fa-stop-circle\" style=\"background-color: #31ACB5\"><\/i>\n            <div class=\"icon-slider-content\">\n            <b class=\"icon-slideer-titel\"><\/b>\n                <b class=\"icon-slider-text\"><p>1.000 paradas<\/p><\/b>\n            <\/div>\n        <\/div>\n    <\/div>\n\n\n\t\t\t\t<\/div>\n\t\t\t\t<\/div>\n\t\t\t\t\t<\/div>\n\t\t<\/div>\n\t\t\t\t\t<\/div>\n\t\t<\/section>\n\t\t\t\t<section class=\"elementor-section elementor-top-section elementor-element elementor-element-d36622d elementor-section-boxed elementor-section-height-default elementor-section-height-default wpr-particle-no wpr-jarallax-no wpr-parallax-no wpr-sticky-section-no wpr-equal-height-no\" data-id=\"d36622d\" data-element_type=\"section\" data-e-type=\"section\">\n\t\t\t\t\t\t<div class=\"elementor-container elementor-column-gap-default\">\n\t\t\t\t\t<div class=\"elementor-column elementor-col-100 elementor-top-column elementor-element elementor-element-5ea742f\" data-id=\"5ea742f\" data-element_type=\"column\" data-e-type=\"column\">\n\t\t\t<div class=\"elementor-widget-wrap elementor-element-populated\">\n\t\t\t\t\t\t<div class=\"elementor-element elementor-element-f43573e elementor-widget elementor-widget-spacer\" data-id=\"f43573e\" data-element_type=\"widget\" data-e-type=\"widget\" data-widget_type=\"spacer.default\">\n\t\t\t\t<div class=\"elementor-widget-container\">\n\t\t\t\t\t\t\t<div class=\"elementor-spacer\">\n\t\t\t<div class=\"elementor-spacer-inner\"><\/div>\n\t\t<\/div>\n\t\t\t\t\t\t<\/div>\n\t\t\t\t<\/div>\n\t\t\t\t\t<\/div>\n\t\t<\/div>\n\t\t\t\t\t<\/div>\n\t\t<\/section>\n\t\t\t\t<section class=\"elementor-section elementor-top-section elementor-element elementor-element-21f5148 elementor-section-stretched elementor-section-boxed elementor-section-height-default elementor-section-height-default wpr-particle-no wpr-jarallax-no wpr-parallax-no wpr-sticky-section-no wpr-equal-height-no\" data-id=\"21f5148\" data-element_type=\"section\" data-e-type=\"section\" data-settings=\"{&quot;stretch_section&quot;:&quot;section-stretched&quot;,&quot;background_background&quot;:&quot;classic&quot;}\">\n\t\t\t\t\t\t<div class=\"elementor-container elementor-column-gap-default\">\n\t\t\t\t\t<div class=\"elementor-column elementor-col-100 elementor-top-column elementor-element elementor-element-11e1a8a\" data-id=\"11e1a8a\" data-element_type=\"column\" data-e-type=\"column\">\n\t\t\t<div class=\"elementor-widget-wrap elementor-element-populated\">\n\t\t\t\t\t\t<div class=\"elementor-element elementor-element-6f2ac5c elementor-widget elementor-widget-menu-anchor\" data-id=\"6f2ac5c\" data-element_type=\"widget\" data-e-type=\"widget\" data-widget_type=\"menu-anchor.default\">\n\t\t\t\t<div class=\"elementor-widget-container\">\n\t\t\t\t\t\t\t<div class=\"elementor-menu-anchor\" id=\"DieBusGruppe\"><\/div>\n\t\t\t\t\t\t<\/div>\n\t\t\t\t<\/div>\n\t\t\t\t<div class=\"elementor-element elementor-element-d23b5bc elementor-widget elementor-widget-heading\" data-id=\"d23b5bc\" data-element_type=\"widget\" data-e-type=\"widget\" data-widget_type=\"heading.default\">\n\t\t\t\t<div class=\"elementor-widget-container\">\n\t\t\t\t\t<h2 class=\"elementor-heading-title elementor-size-default\">Die BusGruppe: Ressourcen und Know-how unter einem Dach vereint.<\/h2>\t\t\t\t<\/div>\n\t\t\t\t<\/div>\n\t\t\t\t<div class=\"elementor-element elementor-element-c8cc1ab elementor-widget elementor-widget-text-editor\" data-id=\"c8cc1ab\" data-element_type=\"widget\" data-e-type=\"widget\" data-widget_type=\"text-editor.default\">\n\t\t\t\t<div class=\"elementor-widget-container\">\n\t\t\t\t\t\t\t\t\t<p>Seit ihrer Gr\u00fcndung im Jahr 2014 bildet die BusGruppe eine leistungsstarke Kooperation aus den gesellschaftlich verbundenen Unternehmen Verkehrsbetriebe Bachstein, CeBus, KVG und VOG. Zum 1. Januar 2019 wurde dieses Netzwerk um M\u00fcller Busreisen erweitert, wodurch die Gruppe weiter an Kompetenz und Reichweite gewonnen hat.<\/p><p>Als starke Gemeinschaft setzen wir uns f\u00fcr eine zuverl\u00e4ssige, sichere und zukunftsorientierte Mobilit\u00e4t in der Region ein. Durch eine enge Vernetzung, den effizienten Einsatz gemeinsamer Ressourcen und den kontinuierlichen Austausch von Fachwissen entstehen wertvolle Synergien, die allen Partnerunternehmen zugutekommen. Diese enge Zusammenarbeit erm\u00f6glicht es uns, unser Verkehrsangebot stetig zu optimieren und flexibel an die sich wandelnden Anforderungen unserer Fahrg\u00e4ste anzupassen.<\/p><p>Die BusGruppe steht f\u00fcr moderne und bedarfsgerechte Mobilit\u00e4tsl\u00f6sungen, die h\u00f6chsten Qualit\u00e4tsanspr\u00fcchen gen\u00fcgen. Unser Fokus liegt darauf, den \u00f6ffentlichen Nahverkehr nicht nur effizient und nachhaltig zu gestalten, sondern auch den Menschen in der Region eine komfortable, sichere und zukunftsf\u00e4hige Mobilit\u00e4t zu bieten.<\/p><p>Dabei stehen unsere Auftraggeber und Mitarbeiter gleicherma\u00dfen im Mittelpunkt unseres Handelns. Durch ihr Engagement und ihre Expertise tragen unsere Mitarbeiter ma\u00dfgeblich zur Qualit\u00e4t und Weiterentwicklung unserer Mobilit\u00e4tsangebote bei. Ebenso sind wir ein verl\u00e4sslicher Partner f\u00fcr unsere Auftraggeber und arbeiten mit ihnen eng zusammen, um ma\u00dfgeschneiderte L\u00f6sungen f\u00fcr die Mobilit\u00e4t der Zukunft zu entwickeln.<\/p><p>Unsere St\u00e4rke liegt in der vertrauensvollen Zusammenarbeit mit einer Vielzahl von Partnern. Ob Kommunen, Verkehrsverb\u00fcnde oder Unternehmen \u2013 durch langj\u00e4hrige Kooperationen und eine enge Abstimmung schaffen wir nachhaltige und zukunftsweisende Verkehrsangebote, die die Mobilit\u00e4t in der Region aktiv mitgestalten.<\/p>\t\t\t\t\t\t\t\t<\/div>\n\t\t\t\t<\/div>\n\t\t\t\t<div class=\"elementor-element elementor-element-b96be86 elementor-widget elementor-widget-spacer\" data-id=\"b96be86\" data-element_type=\"widget\" data-e-type=\"widget\" data-widget_type=\"spacer.default\">\n\t\t\t\t<div class=\"elementor-widget-container\">\n\t\t\t\t\t\t\t<div class=\"elementor-spacer\">\n\t\t\t<div class=\"elementor-spacer-inner\"><\/div>\n\t\t<\/div>\n\t\t\t\t\t\t<\/div>\n\t\t\t\t<\/div>\n\t\t\t\t<section class=\"elementor-section elementor-inner-section elementor-element elementor-element-76c2601 margin-left-0 elementor-section-boxed elementor-section-height-default elementor-section-height-default wpr-particle-no wpr-jarallax-no wpr-parallax-no wpr-sticky-section-no wpr-equal-height-no\" data-id=\"76c2601\" data-element_type=\"section\" data-e-type=\"section\">\n\t\t\t\t\t\t<div class=\"elementor-container elementor-column-gap-default\">\n\t\t\t\t\t<div class=\"elementor-column elementor-col-100 elementor-inner-column elementor-element elementor-element-b1a679b\" data-id=\"b1a679b\" data-element_type=\"column\" data-e-type=\"column\">\n\t\t\t<div class=\"elementor-widget-wrap elementor-element-populated\">\n\t\t\t\t\t\t<div class=\"elementor-element elementor-element-2ab47ad btn-resp elementor-widget elementor-widget-button\" data-id=\"2ab47ad\" data-element_type=\"widget\" data-e-type=\"widget\" data-widget_type=\"button.default\">\n\t\t\t\t<div class=\"elementor-widget-container\">\n\t\t\t\t\t\t\t\t\t<div class=\"elementor-button-wrapper\">\n\t\t\t\t\t<a class=\"elementor-button elementor-button-link elementor-size-sm\" href=\"https:\/\/cebus-celle.de\/wp-content\/uploads\/verkehrsgebietskarte_busgruppe_08-2025.pdf\">\n\t\t\t\t\t\t<span class=\"elementor-button-content-wrapper\">\n\t\t\t\t\t\t<span class=\"elementor-button-icon\">\n\t\t\t\t<i aria-hidden=\"true\" class=\"fas fa-file-pdf\"><\/i>\t\t\t<\/span>\n\t\t\t\t\t\t\t\t\t<span class=\"elementor-button-text\">MAPA DE LA ZONA DE TR\u00c1FICO<\/span>\n\t\t\t\t\t<\/span>\n\t\t\t\t\t<\/a>\n\t\t\t\t<\/div>\n\t\t\t\t\t\t\t\t<\/div>\n\t\t\t\t<\/div>\n\t\t\t\t\t<\/div>\n\t\t<\/div>\n\t\t\t\t\t<\/div>\n\t\t<\/section>\n\t\t\t\t\t<\/div>\n\t\t<\/div>\n\t\t\t\t\t<\/div>\n\t\t<\/section>\n\t\t\t\t<section class=\"elementor-section elementor-top-section elementor-element elementor-element-d0453e8 elementor-section-stretched elementor-section-boxed elementor-section-height-default elementor-section-height-default wpr-particle-no wpr-jarallax-no wpr-parallax-no wpr-sticky-section-no wpr-equal-height-no\" data-id=\"d0453e8\" data-element_type=\"section\" data-e-type=\"section\" data-settings=\"{&quot;stretch_section&quot;:&quot;section-stretched&quot;,&quot;background_background&quot;:&quot;classic&quot;}\">\n\t\t\t\t\t\t<div class=\"elementor-container elementor-column-gap-default\">\n\t\t\t\t\t<div class=\"elementor-column elementor-col-100 elementor-top-column elementor-element elementor-element-8753e96\" data-id=\"8753e96\" data-element_type=\"column\" data-e-type=\"column\">\n\t\t\t<div class=\"elementor-widget-wrap elementor-element-populated\">\n\t\t\t\t\t\t<div class=\"elementor-element elementor-element-36c3bab grey-light align-at-left elementor-widget elementor-widget-uael-faq\" data-id=\"36c3bab\" data-element_type=\"widget\" data-e-type=\"widget\" data-widget_type=\"uael-faq.default\">\n\t\t\t\t<div class=\"elementor-widget-container\">\n\t\t\t\t\t\n\t\t\t<div id='uael-faq-wrapper-574' class=\"uael-faq-wrapper\">\n\t\t\t\t<div class=\"uael-faq-container uael-faq-layout-accordion\" data-layout=\"accordion\" >\n\t\t\t\t\t\t\t\t\t\t\t\t<div id=\"uael-accordion-1713d25\" class=\"uael-faq-accordion\" role=\"tablist\">\n\t\t\t\t\t\t\t\t<div class= \"uael-accordion-title\" aria-expanded=\"false\" role=\"tab\">\n\t\t\t\t\t\t\t\t\t<span class=\"uael-accordion-icon uael-accordion-icon-left\">\n\t\t\t\t\t\t\t\t\t\t<span class=\"uael-accordion-icon-closed\"><i class=\"fas fa-angle-right\"><\/i><\/span>\n\t\t\t\t\t\t\t\t\t\t<span class=\"uael-accordion-icon-opened\"><i class=\"fas fa-angle-up\"><\/i><\/span>\n\t\t\t\t\t\t\t\t\t<\/span>\n\t\t\t\t\t\t\t\t\t<span class=\"uael-question-1713d25 uael-question-span\" tabindex=\"0\" id=\"uael-faq-1-69ed2612dbf3a\">CeBus GmbH &amp; Co. KG<\/span>\n\t\t\t\t\t\t\t\t<\/div>\n\t\t\t\t\t\t\t\t<div class=\"uael-accordion-content\" role=\"tabpanel\">\n\t\t\t\t\t\t\t\t\t<span>\n\t\t\t\t\t\t\t\t\t\t\t<div data-elementor-type=\"section\" data-elementor-id=\"93\" class=\"elementor elementor-93 elementor-location-single\" data-elementor-post-type=\"elementor_library\">\n\t\t\t\t\t<section class=\"elementor-section elementor-top-section elementor-element elementor-element-f608c38 elementor-section-boxed elementor-section-height-default elementor-section-height-default wpr-particle-no wpr-jarallax-no wpr-parallax-no wpr-sticky-section-no wpr-equal-height-no\" data-id=\"f608c38\" data-element_type=\"section\" data-e-type=\"section\" data-settings=\"{&quot;background_background&quot;:&quot;classic&quot;}\">\n\t\t\t\t\t\t<div class=\"elementor-container elementor-column-gap-no\">\n\t\t\t\t\t<div class=\"elementor-column elementor-col-50 elementor-top-column elementor-element elementor-element-45b7fd2\" data-id=\"45b7fd2\" data-element_type=\"column\" data-e-type=\"column\">\n\t\t\t<div class=\"elementor-widget-wrap elementor-element-populated\">\n\t\t\t\t\t\t<div class=\"elementor-element elementor-element-3aa16c0 elementor-widget elementor-widget-image\" data-id=\"3aa16c0\" data-element_type=\"widget\" data-e-type=\"widget\" data-widget_type=\"image.default\">\n\t\t\t\t<div class=\"elementor-widget-container\">\n\t\t\t\t\t\t\t\t\t\t\t\t\t\t\t<img loading=\"lazy\" decoding=\"async\" width=\"512\" height=\"204\" src=\"https:\/\/cebus-celle.de\/wp-content\/uploads\/csm_logo_cebus_d7192237a9-512x204.png\" class=\"attachment-medium size-medium wp-image-94\" alt=\"\" srcset=\"https:\/\/cebus-celle.de\/wp-content\/uploads\/csm_logo_cebus_d7192237a9-512x204.png 512w, https:\/\/cebus-celle.de\/wp-content\/uploads\/csm_logo_cebus_d7192237a9-1024x409.png 1024w, https:\/\/cebus-celle.de\/wp-content\/uploads\/csm_logo_cebus_d7192237a9-768x307.png 768w, https:\/\/cebus-celle.de\/wp-content\/uploads\/csm_logo_cebus_d7192237a9-18x7.png 18w, https:\/\/cebus-celle.de\/wp-content\/uploads\/csm_logo_cebus_d7192237a9.png 1280w\" sizes=\"(max-width: 512px) 100vw, 512px\" \/>\t\t\t\t\t\t\t\t\t\t\t\t\t\t\t<\/div>\n\t\t\t\t<\/div>\n\t\t\t\t\t<\/div>\n\t\t<\/div>\n\t\t\t\t<div class=\"elementor-column elementor-col-50 elementor-top-column elementor-element elementor-element-23f5b02\" data-id=\"23f5b02\" data-element_type=\"column\" data-e-type=\"column\">\n\t\t\t<div class=\"elementor-widget-wrap elementor-element-populated\">\n\t\t\t\t\t\t<section class=\"elementor-section elementor-inner-section elementor-element elementor-element-2dcab46 margin-left-0 elementor-section-boxed elementor-section-height-default elementor-section-height-default wpr-particle-no wpr-jarallax-no wpr-parallax-no wpr-sticky-section-no wpr-equal-height-no\" data-id=\"2dcab46\" data-element_type=\"section\" data-e-type=\"section\">\n\t\t\t\t\t\t<div class=\"elementor-container elementor-column-gap-default\">\n\t\t\t\t\t<div class=\"elementor-column elementor-col-100 elementor-inner-column elementor-element elementor-element-6b553fc\" data-id=\"6b553fc\" data-element_type=\"column\" data-e-type=\"column\">\n\t\t\t<div class=\"elementor-widget-wrap elementor-element-populated\">\n\t\t\t\t\t\t<div class=\"elementor-element elementor-element-2fea0bc elementor-widget elementor-widget-heading\" data-id=\"2fea0bc\" data-element_type=\"widget\" data-e-type=\"widget\" data-widget_type=\"heading.default\">\n\t\t\t\t<div class=\"elementor-widget-container\">\n\t\t\t\t\t<h4 class=\"elementor-heading-title elementor-size-default\">CeBus GmbH &amp; Co. KG<br>Nienburger Stra\u00dfe 50 | 29225 Celle<\/h4>\t\t\t\t<\/div>\n\t\t\t\t<\/div>\n\t\t\t\t<div class=\"elementor-element elementor-element-833d125 elementor-widget elementor-widget-text-editor\" data-id=\"833d125\" data-element_type=\"widget\" data-e-type=\"widget\" data-widget_type=\"text-editor.default\">\n\t\t\t\t<div class=\"elementor-widget-container\">\n\t\t\t\t\t\t\t\t\t<p>Direcci\u00f3n: Stefan Koschick, Katrin Driver<br><\/p>\t\t\t\t\t\t\t\t<\/div>\n\t\t\t\t<\/div>\n\t\t\t\t<div class=\"elementor-element elementor-element-4cf2fa2 elementor-widget elementor-widget-heading\" data-id=\"4cf2fa2\" data-element_type=\"widget\" data-e-type=\"widget\" data-widget_type=\"heading.default\">\n\t\t\t\t<div class=\"elementor-widget-container\">\n\t\t\t\t\t<h4 class=\"elementor-heading-title elementor-size-default\">Zona de transporte:<\/h4>\t\t\t\t<\/div>\n\t\t\t\t<\/div>\n\t\t\t\t<div class=\"elementor-element elementor-element-030861a elementor-widget elementor-widget-text-editor\" data-id=\"030861a\" data-element_type=\"widget\" data-e-type=\"widget\" data-widget_type=\"text-editor.default\">\n\t\t\t\t<div class=\"elementor-widget-container\">\n\t\t\t\t\t\t\t\t\t<p>Servicios regulares de autob\u00fas en la ciudad y el distrito de Celle<\/p>\t\t\t\t\t\t\t\t<\/div>\n\t\t\t\t<\/div>\n\t\t\t\t<div class=\"elementor-element elementor-element-65a212c elementor-widget elementor-widget-heading\" data-id=\"65a212c\" data-element_type=\"widget\" data-e-type=\"widget\" data-widget_type=\"heading.default\">\n\t\t\t\t<div class=\"elementor-widget-container\">\n\t\t\t\t\t<h4 class=\"elementor-heading-title elementor-size-default\">Empleados:<\/h4>\t\t\t\t<\/div>\n\t\t\t\t<\/div>\n\t\t\t\t<div class=\"elementor-element elementor-element-b333a16 elementor-widget elementor-widget-text-editor\" data-id=\"b333a16\" data-element_type=\"widget\" data-e-type=\"widget\" data-widget_type=\"text-editor.default\">\n\t\t\t\t<div class=\"elementor-widget-container\">\n\t\t\t\t\t\t\t\t\t<p>\u00dcber 250 Mitarbeiter in den Bereichen Fahrdienst, Verwaltung und Werkstatt.<\/p>\t\t\t\t\t\t\t\t<\/div>\n\t\t\t\t<\/div>\n\t\t\t\t<div class=\"elementor-element elementor-element-c0857ed elementor-widget elementor-widget-heading\" data-id=\"c0857ed\" data-element_type=\"widget\" data-e-type=\"widget\" data-widget_type=\"heading.default\">\n\t\t\t\t<div class=\"elementor-widget-container\">\n\t\t\t\t\t<h4 class=\"elementor-heading-title elementor-size-default\">Operaciones:<\/h4>\t\t\t\t<\/div>\n\t\t\t\t<\/div>\n\t\t\t\t<div class=\"elementor-element elementor-element-5bdccc1 elementor-widget elementor-widget-text-editor\" data-id=\"5bdccc1\" data-element_type=\"widget\" data-e-type=\"widget\" data-widget_type=\"text-editor.default\">\n\t\t\t\t<div class=\"elementor-widget-container\">\n\t\t\t\t\t\t\t\t\t<p>Celle<\/p><p>Mit Betriebsst\u00e4tten in Bergen, Eicklingen, Fa\u00dfberg (mit Werkstatt), Marwede, Steinhorst und Wietze.<\/p><p>CeBus GmbH &amp; Co. KG se fund\u00f3 en Celle en 2002. Los accionistas son: Kraftverkehr Celle Stadt und Land GmbH, Lembke &amp; Koschick GmbH &amp; Co. KG, Celler Stra\u00dfenbahn GmbH y Verkehrsbetriebe Bachstein GmbH.<\/p><p>La oferta de movilidad abarca todo el servicio de autobuses de la ciudad y el distrito de Celle.<\/p>\t\t\t\t\t\t\t\t<\/div>\n\t\t\t\t<\/div>\n\t\t\t\t<div class=\"elementor-element elementor-element-810385e elementor-icon-list--layout-traditional elementor-list-item-link-full_width elementor-widget elementor-widget-icon-list\" data-id=\"810385e\" data-element_type=\"widget\" data-e-type=\"widget\" data-widget_type=\"icon-list.default\">\n\t\t\t\t<div class=\"elementor-widget-container\">\n\t\t\t\t\t\t\t<ul class=\"elementor-icon-list-items\">\n\t\t\t\t\t\t\t<li class=\"elementor-icon-list-item\">\n\t\t\t\t\t\t\t\t\t\t\t<a href=\"https:\/\/cebus-celle.de\/es\/\">\n\n\t\t\t\t\t\t\t\t\t\t\t\t<span class=\"elementor-icon-list-icon\">\n\t\t\t\t\t\t\t<i aria-hidden=\"true\" class=\"far fa-globe\"><\/i>\t\t\t\t\t\t<\/span>\n\t\t\t\t\t\t\t\t\t\t<span class=\"elementor-icon-list-text\">www.cebus-celle.de<\/span>\n\t\t\t\t\t\t\t\t\t\t\t<\/a>\n\t\t\t\t\t\t\t\t\t<\/li>\n\t\t\t\t\t\t<\/ul>\n\t\t\t\t\t\t<\/div>\n\t\t\t\t<\/div>\n\t\t\t\t\t<\/div>\n\t\t<\/div>\n\t\t\t\t\t<\/div>\n\t\t<\/section>\n\t\t\t\t\t<\/div>\n\t\t<\/div>\n\t\t\t\t\t<\/div>\n\t\t<\/section>\n\t\t\t\t<section class=\"elementor-section elementor-top-section elementor-element elementor-element-78701bf elementor-section-boxed elementor-section-height-default elementor-section-height-default wpr-particle-no wpr-jarallax-no wpr-parallax-no wpr-sticky-section-no wpr-equal-height-no\" data-id=\"78701bf\" data-element_type=\"section\" data-e-type=\"section\">\n\t\t\t\t\t\t<div class=\"elementor-container elementor-column-gap-default\">\n\t\t\t\t\t<div class=\"elementor-column elementor-col-100 elementor-top-column elementor-element elementor-element-e0394ef\" data-id=\"e0394ef\" data-element_type=\"column\" data-e-type=\"column\">\n\t\t\t<div class=\"elementor-widget-wrap\">\n\t\t\t\t\t\t\t<\/div>\n\t\t<\/div>\n\t\t\t\t\t<\/div>\n\t\t<\/section>\n\t\t\t\t<\/div>\n\t\t\t\t\t\t\t\t\t\t\t<\/span>\n\t\t\t\t\t\t\t\t<\/div>\n\t\t\t\t\t\t\t<\/div>\n\t\t\t\t\t\t\t\t\t\t\t<\/div>\n\t\t\t<\/div>\n\t\t\t\t\t\t\t<\/div>\n\t\t\t\t<\/div>\n\t\t\t\t\t<\/div>\n\t\t<\/div>\n\t\t\t\t\t<\/div>\n\t\t<\/section>\n\t\t\t\t<section class=\"elementor-section elementor-top-section elementor-element elementor-element-4880d83 elementor-section-stretched elementor-section-boxed elementor-section-height-default elementor-section-height-default wpr-particle-no wpr-jarallax-no wpr-parallax-no wpr-sticky-section-no wpr-equal-height-no\" data-id=\"4880d83\" data-element_type=\"section\" data-e-type=\"section\" data-settings=\"{&quot;stretch_section&quot;:&quot;section-stretched&quot;,&quot;background_background&quot;:&quot;classic&quot;}\">\n\t\t\t\t\t\t<div class=\"elementor-container elementor-column-gap-default\">\n\t\t\t\t\t<div class=\"elementor-column elementor-col-100 elementor-top-column elementor-element elementor-element-c8502e9\" data-id=\"c8502e9\" data-element_type=\"column\" data-e-type=\"column\">\n\t\t\t<div class=\"elementor-widget-wrap elementor-element-populated\">\n\t\t\t\t\t\t<div class=\"elementor-element elementor-element-7333613 grey-light align-at-left elementor-widget elementor-widget-uael-faq\" data-id=\"7333613\" data-element_type=\"widget\" data-e-type=\"widget\" data-widget_type=\"uael-faq.default\">\n\t\t\t\t<div class=\"elementor-widget-container\">\n\t\t\t\t\t\n\t\t\t<div id='uael-faq-wrapper-120' class=\"uael-faq-wrapper\">\n\t\t\t\t<div class=\"uael-faq-container uael-faq-layout-accordion\" data-layout=\"accordion\" >\n\t\t\t\t\t\t\t\t\t\t\t\t<div id=\"uael-accordion-1713d25\" class=\"uael-faq-accordion\" role=\"tablist\">\n\t\t\t\t\t\t\t\t<div class= \"uael-accordion-title\" aria-expanded=\"false\" role=\"tab\">\n\t\t\t\t\t\t\t\t\t<span class=\"uael-accordion-icon uael-accordion-icon-left\">\n\t\t\t\t\t\t\t\t\t\t<span class=\"uael-accordion-icon-closed\"><i class=\"fas fa-angle-right\"><\/i><\/span>\n\t\t\t\t\t\t\t\t\t\t<span class=\"uael-accordion-icon-opened\"><i class=\"fas fa-angle-up\"><\/i><\/span>\n\t\t\t\t\t\t\t\t\t<\/span>\n\t\t\t\t\t\t\t\t\t<span class=\"uael-question-1713d25 uael-question-span\" tabindex=\"0\" id=\"uael-faq-1-69ed2612e04db\">KVG Stade GmbH &amp; Co. KG<\/span>\n\t\t\t\t\t\t\t\t<\/div>\n\t\t\t\t\t\t\t\t<div class=\"uael-accordion-content\" role=\"tabpanel\">\n\t\t\t\t\t\t\t\t\t<span>\n\t\t\t\t\t\t\t\t\t\t\t<div data-elementor-type=\"section\" data-elementor-id=\"95\" class=\"elementor elementor-95 elementor-location-single\" data-elementor-post-type=\"elementor_library\">\n\t\t\t\t\t<section class=\"elementor-section elementor-top-section elementor-element elementor-element-abad070 elementor-section-boxed elementor-section-height-default elementor-section-height-default wpr-particle-no wpr-jarallax-no wpr-parallax-no wpr-sticky-section-no wpr-equal-height-no\" data-id=\"abad070\" data-element_type=\"section\" data-e-type=\"section\" data-settings=\"{&quot;background_background&quot;:&quot;classic&quot;}\">\n\t\t\t\t\t\t<div class=\"elementor-container elementor-column-gap-no\">\n\t\t\t\t\t<div class=\"elementor-column elementor-col-50 elementor-top-column elementor-element elementor-element-f2ea96b\" data-id=\"f2ea96b\" data-element_type=\"column\" data-e-type=\"column\">\n\t\t\t<div class=\"elementor-widget-wrap elementor-element-populated\">\n\t\t\t\t\t\t<div class=\"elementor-element elementor-element-5939cc0 elementor-widget elementor-widget-image\" data-id=\"5939cc0\" data-element_type=\"widget\" data-e-type=\"widget\" data-widget_type=\"image.default\">\n\t\t\t\t<div class=\"elementor-widget-container\">\n\t\t\t\t\t\t\t\t\t\t\t\t\t\t\t<img loading=\"lazy\" decoding=\"async\" width=\"512\" height=\"154\" src=\"https:\/\/cebus-celle.de\/wp-content\/uploads\/csm_logo_kvg_de50b5e87f-512x154.png\" class=\"attachment-medium size-medium wp-image-96\" alt=\"\" srcset=\"https:\/\/cebus-celle.de\/wp-content\/uploads\/csm_logo_kvg_de50b5e87f-512x154.png 512w, https:\/\/cebus-celle.de\/wp-content\/uploads\/csm_logo_kvg_de50b5e87f-1024x307.png 1024w, https:\/\/cebus-celle.de\/wp-content\/uploads\/csm_logo_kvg_de50b5e87f-768x230.png 768w, https:\/\/cebus-celle.de\/wp-content\/uploads\/csm_logo_kvg_de50b5e87f-18x5.png 18w, https:\/\/cebus-celle.de\/wp-content\/uploads\/csm_logo_kvg_de50b5e87f.png 1280w\" sizes=\"(max-width: 512px) 100vw, 512px\" \/>\t\t\t\t\t\t\t\t\t\t\t\t\t\t\t<\/div>\n\t\t\t\t<\/div>\n\t\t\t\t\t<\/div>\n\t\t<\/div>\n\t\t\t\t<div class=\"elementor-column elementor-col-50 elementor-top-column elementor-element elementor-element-42f3bdd\" data-id=\"42f3bdd\" data-element_type=\"column\" data-e-type=\"column\">\n\t\t\t<div class=\"elementor-widget-wrap elementor-element-populated\">\n\t\t\t\t\t\t<section class=\"elementor-section elementor-inner-section elementor-element elementor-element-ec5241e margin-left-0 elementor-section-boxed elementor-section-height-default elementor-section-height-default wpr-particle-no wpr-jarallax-no wpr-parallax-no wpr-sticky-section-no wpr-equal-height-no\" data-id=\"ec5241e\" data-element_type=\"section\" data-e-type=\"section\">\n\t\t\t\t\t\t<div class=\"elementor-container elementor-column-gap-default\">\n\t\t\t\t\t<div class=\"elementor-column elementor-col-100 elementor-inner-column elementor-element elementor-element-6224f99\" data-id=\"6224f99\" data-element_type=\"column\" data-e-type=\"column\">\n\t\t\t<div class=\"elementor-widget-wrap elementor-element-populated\">\n\t\t\t\t\t\t<div class=\"elementor-element elementor-element-8753da1 elementor-widget elementor-widget-heading\" data-id=\"8753da1\" data-element_type=\"widget\" data-e-type=\"widget\" data-widget_type=\"heading.default\">\n\t\t\t\t<div class=\"elementor-widget-container\">\n\t\t\t\t\t<h4 class=\"elementor-heading-title elementor-size-default\">KVG Stade GmbH &amp; Co. KG<br>Harburger Stra\u00dfe 96 | 21680 Stade<\/h4>\t\t\t\t<\/div>\n\t\t\t\t<\/div>\n\t\t\t\t<div class=\"elementor-element elementor-element-2f41d99 elementor-widget elementor-widget-text-editor\" data-id=\"2f41d99\" data-element_type=\"widget\" data-e-type=\"widget\" data-widget_type=\"text-editor.default\">\n\t\t\t\t<div class=\"elementor-widget-container\">\n\t\t\t\t\t\t\t\t\t<p>Direcci\u00f3n: Jan Behrendt, Michael Fastert<\/p>\t\t\t\t\t\t\t\t<\/div>\n\t\t\t\t<\/div>\n\t\t\t\t<div class=\"elementor-element elementor-element-89cce04 elementor-widget elementor-widget-heading\" data-id=\"89cce04\" data-element_type=\"widget\" data-e-type=\"widget\" data-widget_type=\"heading.default\">\n\t\t\t\t<div class=\"elementor-widget-container\">\n\t\t\t\t\t<h4 class=\"elementor-heading-title elementor-size-default\">Kraftverkehr GmbH - KVG -<br>Dahlenburger Landstra\u00dfe 37 | 21337 L\u00fcneburg<\/h4>\t\t\t\t<\/div>\n\t\t\t\t<\/div>\n\t\t\t\t<div class=\"elementor-element elementor-element-38e6653 elementor-widget elementor-widget-text-editor\" data-id=\"38e6653\" data-element_type=\"widget\" data-e-type=\"widget\" data-widget_type=\"text-editor.default\">\n\t\t\t\t<div class=\"elementor-widget-container\">\n\t\t\t\t\t\t\t\t\t<p>Direcci\u00f3n: Jan Behrendt, Michael Fastert<\/p>\t\t\t\t\t\t\t\t<\/div>\n\t\t\t\t<\/div>\n\t\t\t\t<div class=\"elementor-element elementor-element-afa38f3 elementor-widget elementor-widget-heading\" data-id=\"afa38f3\" data-element_type=\"widget\" data-e-type=\"widget\" data-widget_type=\"heading.default\">\n\t\t\t\t<div class=\"elementor-widget-container\">\n\t\t\t\t\t<h4 class=\"elementor-heading-title elementor-size-default\">Zona de transporte:<\/h4>\t\t\t\t<\/div>\n\t\t\t\t<\/div>\n\t\t\t\t<div class=\"elementor-element elementor-element-ea7e1d8 elementor-widget elementor-widget-text-editor\" data-id=\"ea7e1d8\" data-element_type=\"widget\" data-e-type=\"widget\" data-widget_type=\"text-editor.default\">\n\t\t\t\t<div class=\"elementor-widget-container\">\n\t\t\t\t\t\t\t\t\t<p>Omnibuslinienverkehr in den St\u00e4dten Buxtehude, Cuxhaven, Stade und Winsen (Luhe) sowie in den Landkreisen Cuxhaven, Harburg, Heidekreis, L\u00fcchow-Dannenberg, Rotenburg (W\u00fcmme) und Stade<\/p>\t\t\t\t\t\t\t\t<\/div>\n\t\t\t\t<\/div>\n\t\t\t\t<div class=\"elementor-element elementor-element-b32a100 elementor-widget elementor-widget-heading\" data-id=\"b32a100\" data-element_type=\"widget\" data-e-type=\"widget\" data-widget_type=\"heading.default\">\n\t\t\t\t<div class=\"elementor-widget-container\">\n\t\t\t\t\t<h4 class=\"elementor-heading-title elementor-size-default\">Empleados:<\/h4>\t\t\t\t<\/div>\n\t\t\t\t<\/div>\n\t\t\t\t<div class=\"elementor-element elementor-element-85df4c1 elementor-widget elementor-widget-text-editor\" data-id=\"85df4c1\" data-element_type=\"widget\" data-e-type=\"widget\" data-widget_type=\"text-editor.default\">\n\t\t\t\t<div class=\"elementor-widget-container\">\n\t\t\t\t\t\t\t\t\t<p>\u00dcber 1.000 Mitarbeiter (davon 130 von L\u00fcneBus) in der zentralen Verwaltung in Stade und sechs Betrieben<\/p>\t\t\t\t\t\t\t\t<\/div>\n\t\t\t\t<\/div>\n\t\t\t\t<div class=\"elementor-element elementor-element-3c153cf elementor-widget elementor-widget-heading\" data-id=\"3c153cf\" data-element_type=\"widget\" data-e-type=\"widget\" data-widget_type=\"heading.default\">\n\t\t\t\t<div class=\"elementor-widget-container\">\n\t\t\t\t\t<h4 class=\"elementor-heading-title elementor-size-default\">Operaciones:<\/h4>\t\t\t\t<\/div>\n\t\t\t\t<\/div>\n\t\t\t\t<div class=\"elementor-element elementor-element-c1ce207 elementor-widget elementor-widget-text-editor\" data-id=\"c1ce207\" data-element_type=\"widget\" data-e-type=\"widget\" data-widget_type=\"text-editor.default\">\n\t\t\t\t<div class=\"elementor-widget-container\">\n\t\t\t\t\t\t\t\t\t<p>Buxtehude, Cuxhaven, Hittfeld, Luneburgo, Soltau, Stade<\/p>\t\t\t\t\t\t\t\t<\/div>\n\t\t\t\t<\/div>\n\t\t\t\t<div class=\"elementor-element elementor-element-0b9a020 elementor-widget elementor-widget-text-editor\" data-id=\"0b9a020\" data-element_type=\"widget\" data-e-type=\"widget\" data-widget_type=\"text-editor.default\">\n\t\t\t\t<div class=\"elementor-widget-container\">\n\t\t\t\t\t\t\t\t\t<p>Die KVG Stade GmbH &amp; Co. KG ist ein Tochterunternehmen der Verkehrsbetrieb Osthannover GmbH. Das Mobilit\u00e4tsangebot umfasst Stadtlinienverkehre in Buxtehude, Cuxhaven, Stade und Winsen (Luhe) sowie \u00dcberlandlinien-, Schul- und Berufsverkehre in den Landkreisen Cuxhaven, Harburg, Heidekreis, Rotenburg (W\u00fcmme) und Stade. Au\u00dferdem umfasst die Gesch\u00e4ftst\u00e4tigkeit die Vermietung von Omnibussen und die Organisation und Durchf\u00fchrung geplanter Schienenersatz- und Busnotverkehre f\u00fcr Partner wie metronom, S-Bahn Hamburg, erixx und enno.<\/p>\t\t\t\t\t\t\t\t<\/div>\n\t\t\t\t<\/div>\n\t\t\t\t<div class=\"elementor-element elementor-element-49c1e98 elementor-icon-list--layout-traditional elementor-list-item-link-full_width elementor-widget elementor-widget-icon-list\" data-id=\"49c1e98\" data-element_type=\"widget\" data-e-type=\"widget\" data-widget_type=\"icon-list.default\">\n\t\t\t\t<div class=\"elementor-widget-container\">\n\t\t\t\t\t\t\t<ul class=\"elementor-icon-list-items\">\n\t\t\t\t\t\t\t<li class=\"elementor-icon-list-item\">\n\t\t\t\t\t\t\t\t\t\t\t<a href=\"https:\/\/www.kvg-bus.de\/start\/\">\n\n\t\t\t\t\t\t\t\t\t\t\t\t<span class=\"elementor-icon-list-icon\">\n\t\t\t\t\t\t\t<i aria-hidden=\"true\" class=\"far fa-globe\"><\/i>\t\t\t\t\t\t<\/span>\n\t\t\t\t\t\t\t\t\t\t<span class=\"elementor-icon-list-text\">www.kvg-bus.de<\/span>\n\t\t\t\t\t\t\t\t\t\t\t<\/a>\n\t\t\t\t\t\t\t\t\t<\/li>\n\t\t\t\t\t\t<\/ul>\n\t\t\t\t\t\t<\/div>\n\t\t\t\t<\/div>\n\t\t\t\t<div class=\"elementor-element elementor-element-63b7e5f elementor-widget elementor-widget-spacer\" data-id=\"63b7e5f\" data-element_type=\"widget\" data-e-type=\"widget\" data-widget_type=\"spacer.default\">\n\t\t\t\t<div class=\"elementor-widget-container\">\n\t\t\t\t\t\t\t<div class=\"elementor-spacer\">\n\t\t\t<div class=\"elementor-spacer-inner\"><\/div>\n\t\t<\/div>\n\t\t\t\t\t\t<\/div>\n\t\t\t\t<\/div>\n\t\t\t\t<div class=\"elementor-element elementor-element-de4d13e elementor-widget elementor-widget-n-accordion\" data-id=\"de4d13e\" data-element_type=\"widget\" data-e-type=\"widget\" data-settings=\"{&quot;default_state&quot;:&quot;all_collapsed&quot;,&quot;max_items_expended&quot;:&quot;one&quot;,&quot;n_accordion_animation_duration&quot;:{&quot;unit&quot;:&quot;ms&quot;,&quot;size&quot;:400,&quot;sizes&quot;:[]}}\" data-widget_type=\"nested-accordion.default\">\n\t\t\t\t<div class=\"elementor-widget-container\">\n\t\t\t\t\t\t\t<div class=\"e-n-accordion\" aria-label=\"Accordion. Open links with Enter or Space, close with Escape, and navigate with Arrow Keys\">\n\t\t\t\t\t\t<details id=\"e-n-accordion-item-2330\" class=\"e-n-accordion-item\" >\n\t\t\t\t<summary class=\"e-n-accordion-item-title\" data-accordion-index=\"1\" tabindex=\"0\" aria-expanded=\"false\" aria-controls=\"e-n-accordion-item-2330\" >\n\t\t\t\t\t<span class='e-n-accordion-item-title-header'><div class=\"e-n-accordion-item-title-text\"> L\u00fcneBus GmbH <\/div><\/span>\n\t\t\t\t\t\t\t<span class='e-n-accordion-item-title-icon'>\n\t\t\t<span class='e-opened' ><i aria-hidden=\"true\" class=\"fas fa-minus\"><\/i><\/span>\n\t\t\t<span class='e-closed'><i aria-hidden=\"true\" class=\"fas fa-plus\"><\/i><\/span>\n\t\t<\/span>\n\n\t\t\t\t\t\t<\/summary>\n\t\t\t\t<div role=\"region\" aria-labelledby=\"e-n-accordion-item-2330\" class=\"elementor-element elementor-element-8ba9194 e-con-full e-flex wpr-particle-no wpr-jarallax-no wpr-parallax-no wpr-sticky-section-no wpr-equal-height-no e-con e-child\" data-id=\"8ba9194\" data-element_type=\"container\" data-e-type=\"container\">\n\t\t\t\t<div class=\"elementor-element elementor-element-23d4f25 elementor-widget elementor-widget-text-editor\" data-id=\"23d4f25\" data-element_type=\"widget\" data-e-type=\"widget\" data-widget_type=\"text-editor.default\">\n\t\t\t\t<div class=\"elementor-widget-container\">\n\t\t\t\t\t\t\t\t\t<p>Die L\u00fcneBus GmbH ist eine 100%-ige Tochtergesellschaft der KVG und erbringt im Auftrag der MOIN Mobilit\u00e4tsinfrastruktur und -betriebs GmbH Leistungen im Landkreis L\u00fcneburg.<\/p>\t\t\t\t\t\t\t\t<\/div>\n\t\t\t\t<\/div>\n\t\t\t\t<div class=\"elementor-element elementor-element-c973fdd elementor-widget__width-initial elementor-widget elementor-widget-image\" data-id=\"c973fdd\" data-element_type=\"widget\" data-e-type=\"widget\" data-widget_type=\"image.default\">\n\t\t\t\t<div class=\"elementor-widget-container\">\n\t\t\t\t\t\t\t\t\t\t\t\t\t\t\t<img loading=\"lazy\" decoding=\"async\" width=\"1024\" height=\"284\" src=\"https:\/\/cebus-celle.de\/wp-content\/uploads\/LueneBus-Logo-mit-Zusatz_LANG_rgb-1024x284.png\" class=\"attachment-large size-large wp-image-5540\" alt=\"\" srcset=\"https:\/\/cebus-celle.de\/wp-content\/uploads\/LueneBus-Logo-mit-Zusatz_LANG_rgb-1024x284.png 1024w, https:\/\/cebus-celle.de\/wp-content\/uploads\/LueneBus-Logo-mit-Zusatz_LANG_rgb-512x142.png 512w, https:\/\/cebus-celle.de\/wp-content\/uploads\/LueneBus-Logo-mit-Zusatz_LANG_rgb-768x213.png 768w, https:\/\/cebus-celle.de\/wp-content\/uploads\/LueneBus-Logo-mit-Zusatz_LANG_rgb-18x5.png 18w, https:\/\/cebus-celle.de\/wp-content\/uploads\/LueneBus-Logo-mit-Zusatz_LANG_rgb.png 1200w\" sizes=\"(max-width: 1024px) 100vw, 1024px\" \/>\t\t\t\t\t\t\t\t\t\t\t\t\t\t\t<\/div>\n\t\t\t\t<\/div>\n\t\t\t\t<div class=\"elementor-element elementor-element-3baf4b1 elementor-icon-list--layout-traditional elementor-list-item-link-full_width elementor-widget elementor-widget-icon-list\" data-id=\"3baf4b1\" data-element_type=\"widget\" data-e-type=\"widget\" data-widget_type=\"icon-list.default\">\n\t\t\t\t<div class=\"elementor-widget-container\">\n\t\t\t\t\t\t\t<ul class=\"elementor-icon-list-items\">\n\t\t\t\t\t\t\t<li class=\"elementor-icon-list-item\">\n\t\t\t\t\t\t\t\t\t\t\t<span class=\"elementor-icon-list-icon\">\n\t\t\t\t\t\t\t<i aria-hidden=\"true\" class=\"fas fa-home-lg\"><\/i>\t\t\t\t\t\t<\/span>\n\t\t\t\t\t\t\t\t\t\t<span class=\"elementor-icon-list-text\">Dahlenburger Landstra\u00dfe 37, 21337 L\u00fcneburg<\/span>\n\t\t\t\t\t\t\t\t\t<\/li>\n\t\t\t\t\t\t\t\t<li class=\"elementor-icon-list-item\">\n\t\t\t\t\t\t\t\t\t\t\t<span class=\"elementor-icon-list-icon\">\n\t\t\t\t\t\t\t<i aria-hidden=\"true\" class=\"fas fa-clock\"><\/i>\t\t\t\t\t\t<\/span>\n\t\t\t\t\t\t\t\t\t\t<span class=\"elementor-icon-list-text\">mo - do 9 - 15 Uhr | fr 9 - 13 Uhr<\/span>\n\t\t\t\t\t\t\t\t\t<\/li>\n\t\t\t\t\t\t\t\t<li class=\"elementor-icon-list-item\">\n\t\t\t\t\t\t\t\t\t\t\t<a href=\"tel:0413188070\">\n\n\t\t\t\t\t\t\t\t\t\t\t\t<span class=\"elementor-icon-list-icon\">\n\t\t\t\t\t\t\t<i aria-hidden=\"true\" class=\"fas fa-phone-alt\"><\/i>\t\t\t\t\t\t<\/span>\n\t\t\t\t\t\t\t\t\t\t<span class=\"elementor-icon-list-text\">04131 8807-0<\/span>\n\t\t\t\t\t\t\t\t\t\t\t<\/a>\n\t\t\t\t\t\t\t\t\t<\/li>\n\t\t\t\t\t\t<\/ul>\n\t\t\t\t\t\t<\/div>\n\t\t\t\t<\/div>\n\t\t\t\t<\/div>\n\t\t\t\t\t<\/details>\n\t\t\t\t\t<\/div>\n\t\t\t\t\t\t<\/div>\n\t\t\t\t<\/div>\n\t\t\t\t\t<\/div>\n\t\t<\/div>\n\t\t\t\t\t<\/div>\n\t\t<\/section>\n\t\t\t\t\t<\/div>\n\t\t<\/div>\n\t\t\t\t\t<\/div>\n\t\t<\/section>\n\t\t\t\t<\/div>\n\t\t\t\t\t\t\t\t\t\t\t<\/span>\n\t\t\t\t\t\t\t\t<\/div>\n\t\t\t\t\t\t\t<\/div>\n\t\t\t\t\t\t\t\t\t\t\t<\/div>\n\t\t\t<\/div>\n\t\t\t\t\t\t\t<\/div>\n\t\t\t\t<\/div>\n\t\t\t\t\t<\/div>\n\t\t<\/div>\n\t\t\t\t\t<\/div>\n\t\t<\/section>\n\t\t\t\t<section class=\"elementor-section elementor-top-section elementor-element elementor-element-9670d73 elementor-section-stretched elementor-section-boxed elementor-section-height-default elementor-section-height-default wpr-particle-no wpr-jarallax-no wpr-parallax-no wpr-sticky-section-no wpr-equal-height-no\" data-id=\"9670d73\" data-element_type=\"section\" data-e-type=\"section\" data-settings=\"{&quot;stretch_section&quot;:&quot;section-stretched&quot;,&quot;background_background&quot;:&quot;classic&quot;}\">\n\t\t\t\t\t\t<div class=\"elementor-container elementor-column-gap-default\">\n\t\t\t\t\t<div class=\"elementor-column elementor-col-100 elementor-top-column elementor-element elementor-element-feb91a1\" data-id=\"feb91a1\" data-element_type=\"column\" data-e-type=\"column\">\n\t\t\t<div class=\"elementor-widget-wrap elementor-element-populated\">\n\t\t\t\t\t\t<div class=\"elementor-element elementor-element-c82ecaf grey-light align-at-left elementor-widget elementor-widget-uael-faq\" data-id=\"c82ecaf\" data-element_type=\"widget\" data-e-type=\"widget\" data-widget_type=\"uael-faq.default\">\n\t\t\t\t<div class=\"elementor-widget-container\">\n\t\t\t\t\t\n\t\t\t<div id='uael-faq-wrapper-209' class=\"uael-faq-wrapper\">\n\t\t\t\t<div class=\"uael-faq-container uael-faq-layout-accordion\" data-layout=\"accordion\" >\n\t\t\t\t\t\t\t\t\t\t\t\t<div id=\"uael-accordion-1713d25\" class=\"uael-faq-accordion\" role=\"tablist\">\n\t\t\t\t\t\t\t\t<div class= \"uael-accordion-title\" aria-expanded=\"false\" role=\"tab\">\n\t\t\t\t\t\t\t\t\t<span class=\"uael-accordion-icon uael-accordion-icon-left\">\n\t\t\t\t\t\t\t\t\t\t<span class=\"uael-accordion-icon-closed\"><i class=\"fas fa-angle-right\"><\/i><\/span>\n\t\t\t\t\t\t\t\t\t\t<span class=\"uael-accordion-icon-opened\"><i class=\"fas fa-angle-up\"><\/i><\/span>\n\t\t\t\t\t\t\t\t\t<\/span>\n\t\t\t\t\t\t\t\t\t<span class=\"uael-question-1713d25 uael-question-span\" tabindex=\"0\" id=\"uael-faq-1-69ed2612e7515\">M\u00fcller Busreisen GmbH<\/span>\n\t\t\t\t\t\t\t\t<\/div>\n\t\t\t\t\t\t\t\t<div class=\"uael-accordion-content\" role=\"tabpanel\">\n\t\t\t\t\t\t\t\t\t<span>\n\t\t\t\t\t\t\t\t\t\t\t<div data-elementor-type=\"section\" data-elementor-id=\"786\" class=\"elementor elementor-786 elementor-location-single\" data-elementor-post-type=\"elementor_library\">\n\t\t\t\t\t<section class=\"elementor-section elementor-top-section elementor-element elementor-element-41ee3d4 elementor-section-boxed elementor-section-height-default elementor-section-height-default wpr-particle-no wpr-jarallax-no wpr-parallax-no wpr-sticky-section-no wpr-equal-height-no\" data-id=\"41ee3d4\" data-element_type=\"section\" data-e-type=\"section\">\n\t\t\t\t\t\t<div class=\"elementor-container elementor-column-gap-default\">\n\t\t\t\t\t<div class=\"elementor-column elementor-col-100 elementor-top-column elementor-element elementor-element-a7d33c7\" data-id=\"a7d33c7\" data-element_type=\"column\" data-e-type=\"column\">\n\t\t\t<div class=\"elementor-widget-wrap\">\n\t\t\t\t\t\t\t<\/div>\n\t\t<\/div>\n\t\t\t\t\t<\/div>\n\t\t<\/section>\n\t\t\t\t<section class=\"elementor-section elementor-top-section elementor-element elementor-element-2fd98c2 elementor-section-boxed elementor-section-height-default elementor-section-height-default wpr-particle-no wpr-jarallax-no wpr-parallax-no wpr-sticky-section-no wpr-equal-height-no\" data-id=\"2fd98c2\" data-element_type=\"section\" data-e-type=\"section\">\n\t\t\t\t\t\t<div class=\"elementor-container elementor-column-gap-default\">\n\t\t\t\t\t<div class=\"elementor-column elementor-col-100 elementor-top-column elementor-element elementor-element-ca3dd36\" data-id=\"ca3dd36\" data-element_type=\"column\" data-e-type=\"column\">\n\t\t\t<div class=\"elementor-widget-wrap\">\n\t\t\t\t\t\t\t<\/div>\n\t\t<\/div>\n\t\t\t\t\t<\/div>\n\t\t<\/section>\n\t\t\t\t<section class=\"elementor-section elementor-top-section elementor-element elementor-element-1abcd53 elementor-section-boxed elementor-section-height-default elementor-section-height-default wpr-particle-no wpr-jarallax-no wpr-parallax-no wpr-sticky-section-no wpr-equal-height-no\" data-id=\"1abcd53\" data-element_type=\"section\" data-e-type=\"section\">\n\t\t\t\t\t\t<div class=\"elementor-container elementor-column-gap-default\">\n\t\t\t\t\t<div class=\"elementor-column elementor-col-100 elementor-top-column elementor-element elementor-element-0dca74f\" data-id=\"0dca74f\" data-element_type=\"column\" data-e-type=\"column\">\n\t\t\t<div class=\"elementor-widget-wrap\">\n\t\t\t\t\t\t\t<\/div>\n\t\t<\/div>\n\t\t\t\t\t<\/div>\n\t\t<\/section>\n\t\t\t\t<section class=\"elementor-section elementor-top-section elementor-element elementor-element-d53dd75 elementor-section-boxed elementor-section-height-default elementor-section-height-default wpr-particle-no wpr-jarallax-no wpr-parallax-no wpr-sticky-section-no wpr-equal-height-no\" data-id=\"d53dd75\" data-element_type=\"section\" data-e-type=\"section\" data-settings=\"{&quot;background_background&quot;:&quot;classic&quot;}\">\n\t\t\t\t\t\t<div class=\"elementor-container elementor-column-gap-no\">\n\t\t\t\t\t<div class=\"elementor-column elementor-col-50 elementor-top-column elementor-element elementor-element-8f131a7\" data-id=\"8f131a7\" data-element_type=\"column\" data-e-type=\"column\">\n\t\t\t<div class=\"elementor-widget-wrap elementor-element-populated\">\n\t\t\t\t\t\t<div class=\"elementor-element elementor-element-7207d5b elementor-widget elementor-widget-image\" data-id=\"7207d5b\" data-element_type=\"widget\" data-e-type=\"widget\" data-widget_type=\"image.default\">\n\t\t\t\t<div class=\"elementor-widget-container\">\n\t\t\t\t\t\t\t\t\t\t\t\t\t\t\t<img loading=\"lazy\" decoding=\"async\" width=\"512\" height=\"135\" src=\"https:\/\/cebus-celle.de\/wp-content\/uploads\/mbr_logo-neu-512x135.png\" class=\"attachment-medium size-medium wp-image-3881\" alt=\"\" srcset=\"https:\/\/cebus-celle.de\/wp-content\/uploads\/mbr_logo-neu-512x135.png 512w, https:\/\/cebus-celle.de\/wp-content\/uploads\/mbr_logo-neu-768x203.png 768w, https:\/\/cebus-celle.de\/wp-content\/uploads\/mbr_logo-neu-18x5.png 18w, https:\/\/cebus-celle.de\/wp-content\/uploads\/mbr_logo-neu.png 873w\" sizes=\"(max-width: 512px) 100vw, 512px\" \/>\t\t\t\t\t\t\t\t\t\t\t\t\t\t\t<\/div>\n\t\t\t\t<\/div>\n\t\t\t\t\t<\/div>\n\t\t<\/div>\n\t\t\t\t<div class=\"elementor-column elementor-col-50 elementor-top-column elementor-element elementor-element-a7e480a\" data-id=\"a7e480a\" data-element_type=\"column\" data-e-type=\"column\">\n\t\t\t<div class=\"elementor-widget-wrap elementor-element-populated\">\n\t\t\t\t\t\t<section class=\"elementor-section elementor-inner-section elementor-element elementor-element-11ce30c margin-left-0 elementor-section-boxed elementor-section-height-default elementor-section-height-default wpr-particle-no wpr-jarallax-no wpr-parallax-no wpr-sticky-section-no wpr-equal-height-no\" data-id=\"11ce30c\" data-element_type=\"section\" data-e-type=\"section\">\n\t\t\t\t\t\t<div class=\"elementor-container elementor-column-gap-default\">\n\t\t\t\t\t<div class=\"elementor-column elementor-col-100 elementor-inner-column elementor-element elementor-element-fcdfc94\" data-id=\"fcdfc94\" data-element_type=\"column\" data-e-type=\"column\">\n\t\t\t<div class=\"elementor-widget-wrap elementor-element-populated\">\n\t\t\t\t\t\t<div class=\"elementor-element elementor-element-9072c3d elementor-widget elementor-widget-heading\" data-id=\"9072c3d\" data-element_type=\"widget\" data-e-type=\"widget\" data-widget_type=\"heading.default\">\n\t\t\t\t<div class=\"elementor-widget-container\">\n\t\t\t\t\t<h4 class=\"elementor-heading-title elementor-size-default\">M\u00fcller Busreisen GmbH <br>Stolpner Stra\u00dfe 4 | 01833 Stolpen-Langenwolmsdorf<\/h4>\t\t\t\t<\/div>\n\t\t\t\t<\/div>\n\t\t\t\t<div class=\"elementor-element elementor-element-b035904 elementor-widget elementor-widget-text-editor\" data-id=\"b035904\" data-element_type=\"widget\" data-e-type=\"widget\" data-widget_type=\"text-editor.default\">\n\t\t\t\t<div class=\"elementor-widget-container\">\n\t\t\t\t\t\t\t\t\t<p>Direcci\u00f3n: Jan Behrendt, Ramona Durke<\/p>\t\t\t\t\t\t\t\t<\/div>\n\t\t\t\t<\/div>\n\t\t\t\t<div class=\"elementor-element elementor-element-399f329 elementor-widget elementor-widget-heading\" data-id=\"399f329\" data-element_type=\"widget\" data-e-type=\"widget\" data-widget_type=\"heading.default\">\n\t\t\t\t<div class=\"elementor-widget-container\">\n\t\t\t\t\t<h4 class=\"elementor-heading-title elementor-size-default\">Zona de transporte:<\/h4>\t\t\t\t<\/div>\n\t\t\t\t<\/div>\n\t\t\t\t<div class=\"elementor-element elementor-element-f129e4f elementor-widget elementor-widget-text-editor\" data-id=\"f129e4f\" data-element_type=\"widget\" data-e-type=\"widget\" data-widget_type=\"text-editor.default\">\n\t\t\t\t<div class=\"elementor-widget-container\">\n\t\t\t\t\t\t\t\t\t<p>Omnibuslinienverkehr im Stadtgebiet Dresden, im Landkreis S\u00e4chsische Schweiz-Osterzgebirge sowie im Landkreis Bautzen.<\/p>\t\t\t\t\t\t\t\t<\/div>\n\t\t\t\t<\/div>\n\t\t\t\t<div class=\"elementor-element elementor-element-ea8b2bb elementor-widget elementor-widget-heading\" data-id=\"ea8b2bb\" data-element_type=\"widget\" data-e-type=\"widget\" data-widget_type=\"heading.default\">\n\t\t\t\t<div class=\"elementor-widget-container\">\n\t\t\t\t\t<h4 class=\"elementor-heading-title elementor-size-default\">Empleados:<\/h4>\t\t\t\t<\/div>\n\t\t\t\t<\/div>\n\t\t\t\t<div class=\"elementor-element elementor-element-659f1a6 elementor-widget elementor-widget-text-editor\" data-id=\"659f1a6\" data-element_type=\"widget\" data-e-type=\"widget\" data-widget_type=\"text-editor.default\">\n\t\t\t\t<div class=\"elementor-widget-container\">\n\t\t\t\t\t\t\t\t\t<p>\u00dcber 80 Mitarbeiter in den Bereichen Fahrdienst, Verwaltung und Werkstatt<\/p>\t\t\t\t\t\t\t\t<\/div>\n\t\t\t\t<\/div>\n\t\t\t\t<div class=\"elementor-element elementor-element-4e9acd8 elementor-widget elementor-widget-heading\" data-id=\"4e9acd8\" data-element_type=\"widget\" data-e-type=\"widget\" data-widget_type=\"heading.default\">\n\t\t\t\t<div class=\"elementor-widget-container\">\n\t\t\t\t\t<h4 class=\"elementor-heading-title elementor-size-default\">Operaciones:<\/h4>\t\t\t\t<\/div>\n\t\t\t\t<\/div>\n\t\t\t\t<div class=\"elementor-element elementor-element-52db67a elementor-widget elementor-widget-text-editor\" data-id=\"52db67a\" data-element_type=\"widget\" data-e-type=\"widget\" data-widget_type=\"text-editor.default\">\n\t\t\t\t<div class=\"elementor-widget-container\">\n\t\t\t\t\t\t\t\t\t<p>Stolpen<\/p>\t\t\t\t\t\t\t\t<\/div>\n\t\t\t\t<\/div>\n\t\t\t\t<div class=\"elementor-element elementor-element-4035f8f elementor-widget elementor-widget-text-editor\" data-id=\"4035f8f\" data-element_type=\"widget\" data-e-type=\"widget\" data-widget_type=\"text-editor.default\">\n\t\t\t\t<div class=\"elementor-widget-container\">\n\t\t\t\t\t\t\t\t\t<p>La empresa se fund\u00f3 en Stolpen en 1945. Verkehrsbetriebe Bachstein GmbH es accionista al 100 % desde el 1 de enero de 2019. La oferta de movilidad incluye servicios de autob\u00fas, transporte escolar y servicios de sustituci\u00f3n ferroviaria.<\/p>\t\t\t\t\t\t\t\t<\/div>\n\t\t\t\t<\/div>\n\t\t\t\t<div class=\"elementor-element elementor-element-40f6931 elementor-icon-list--layout-traditional elementor-list-item-link-full_width elementor-widget elementor-widget-icon-list\" data-id=\"40f6931\" data-element_type=\"widget\" data-e-type=\"widget\" data-widget_type=\"icon-list.default\">\n\t\t\t\t<div class=\"elementor-widget-container\">\n\t\t\t\t\t\t\t<ul class=\"elementor-icon-list-items\">\n\t\t\t\t\t\t\t<li class=\"elementor-icon-list-item\">\n\t\t\t\t\t\t\t\t\t\t\t<a href=\"http:\/\/www.mueller-bus.de\">\n\n\t\t\t\t\t\t\t\t\t\t\t\t<span class=\"elementor-icon-list-icon\">\n\t\t\t\t\t\t\t<i aria-hidden=\"true\" class=\"far fa-globe\"><\/i>\t\t\t\t\t\t<\/span>\n\t\t\t\t\t\t\t\t\t\t<span class=\"elementor-icon-list-text\">www.mueller-bus.de<\/span>\n\t\t\t\t\t\t\t\t\t\t\t<\/a>\n\t\t\t\t\t\t\t\t\t<\/li>\n\t\t\t\t\t\t<\/ul>\n\t\t\t\t\t\t<\/div>\n\t\t\t\t<\/div>\n\t\t\t\t\t<\/div>\n\t\t<\/div>\n\t\t\t\t\t<\/div>\n\t\t<\/section>\n\t\t\t\t\t<\/div>\n\t\t<\/div>\n\t\t\t\t\t<\/div>\n\t\t<\/section>\n\t\t\t\t<section class=\"elementor-section elementor-top-section elementor-element elementor-element-fc8c7be elementor-section-boxed elementor-section-height-default elementor-section-height-default wpr-particle-no wpr-jarallax-no wpr-parallax-no wpr-sticky-section-no wpr-equal-height-no\" data-id=\"fc8c7be\" data-element_type=\"section\" data-e-type=\"section\">\n\t\t\t\t\t\t<div class=\"elementor-container elementor-column-gap-default\">\n\t\t\t\t\t<div class=\"elementor-column elementor-col-100 elementor-top-column elementor-element elementor-element-36d6bd9\" data-id=\"36d6bd9\" data-element_type=\"column\" data-e-type=\"column\">\n\t\t\t<div class=\"elementor-widget-wrap\">\n\t\t\t\t\t\t\t<\/div>\n\t\t<\/div>\n\t\t\t\t\t<\/div>\n\t\t<\/section>\n\t\t\t\t<\/div>\n\t\t\t\t\t\t\t\t\t\t\t<\/span>\n\t\t\t\t\t\t\t\t<\/div>\n\t\t\t\t\t\t\t<\/div>\n\t\t\t\t\t\t\t\t\t\t\t<\/div>\n\t\t\t<\/div>\n\t\t\t\t\t\t\t<\/div>\n\t\t\t\t<\/div>\n\t\t\t\t\t<\/div>\n\t\t<\/div>\n\t\t\t\t\t<\/div>\n\t\t<\/section>\n\t\t\t\t<section class=\"elementor-section elementor-top-section elementor-element elementor-element-2e2a590 elementor-section-stretched elementor-section-boxed elementor-section-height-default elementor-section-height-default wpr-particle-no wpr-jarallax-no wpr-parallax-no wpr-sticky-section-no wpr-equal-height-no\" data-id=\"2e2a590\" data-element_type=\"section\" data-e-type=\"section\" data-settings=\"{&quot;stretch_section&quot;:&quot;section-stretched&quot;,&quot;background_background&quot;:&quot;classic&quot;}\">\n\t\t\t\t\t\t<div class=\"elementor-container elementor-column-gap-default\">\n\t\t\t\t\t<div class=\"elementor-column elementor-col-100 elementor-top-column elementor-element elementor-element-8f41120\" data-id=\"8f41120\" data-element_type=\"column\" data-e-type=\"column\">\n\t\t\t<div class=\"elementor-widget-wrap elementor-element-populated\">\n\t\t\t\t\t\t<div class=\"elementor-element elementor-element-dfdd256 grey-light align-at-left elementor-widget elementor-widget-uael-faq\" data-id=\"dfdd256\" data-element_type=\"widget\" data-e-type=\"widget\" data-widget_type=\"uael-faq.default\">\n\t\t\t\t<div class=\"elementor-widget-container\">\n\t\t\t\t\t\n\t\t\t<div id='uael-faq-wrapper-234' class=\"uael-faq-wrapper\">\n\t\t\t\t<div class=\"uael-faq-container uael-faq-layout-accordion\" data-layout=\"accordion\" >\n\t\t\t\t\t\t\t\t\t\t\t\t<div id=\"uael-accordion-1713d25\" class=\"uael-faq-accordion\" role=\"tablist\">\n\t\t\t\t\t\t\t\t<div class= \"uael-accordion-title\" aria-expanded=\"false\" role=\"tab\">\n\t\t\t\t\t\t\t\t\t<span class=\"uael-accordion-icon uael-accordion-icon-left\">\n\t\t\t\t\t\t\t\t\t\t<span class=\"uael-accordion-icon-closed\"><i class=\"fas fa-angle-right\"><\/i><\/span>\n\t\t\t\t\t\t\t\t\t\t<span class=\"uael-accordion-icon-opened\"><i class=\"fas fa-angle-up\"><\/i><\/span>\n\t\t\t\t\t\t\t\t\t<\/span>\n\t\t\t\t\t\t\t\t\t<span class=\"uael-question-1713d25 uael-question-span\" tabindex=\"0\" id=\"uael-faq-1-69ed2612ec9eb\">Verkehrsbetriebe Osthannover GmbH (VOG)<\/span>\n\t\t\t\t\t\t\t\t<\/div>\n\t\t\t\t\t\t\t\t<div class=\"uael-accordion-content\" role=\"tabpanel\">\n\t\t\t\t\t\t\t\t\t<span>\n\t\t\t\t\t\t\t\t\t\t\t<div data-elementor-type=\"section\" data-elementor-id=\"788\" class=\"elementor elementor-788 elementor-location-single\" data-elementor-post-type=\"elementor_library\">\n\t\t\t\t\t<section class=\"elementor-section elementor-top-section elementor-element elementor-element-dc043d6 elementor-section-boxed elementor-section-height-default elementor-section-height-default wpr-particle-no wpr-jarallax-no wpr-parallax-no wpr-sticky-section-no wpr-equal-height-no\" data-id=\"dc043d6\" data-element_type=\"section\" data-e-type=\"section\" data-settings=\"{&quot;background_background&quot;:&quot;classic&quot;}\">\n\t\t\t\t\t\t<div class=\"elementor-container elementor-column-gap-no\">\n\t\t\t\t\t<div class=\"elementor-column elementor-col-50 elementor-top-column elementor-element elementor-element-dc73aeb\" data-id=\"dc73aeb\" data-element_type=\"column\" data-e-type=\"column\">\n\t\t\t<div class=\"elementor-widget-wrap elementor-element-populated\">\n\t\t\t\t\t\t<div class=\"elementor-element elementor-element-34ab636 elementor-widget elementor-widget-image\" data-id=\"34ab636\" data-element_type=\"widget\" data-e-type=\"widget\" data-widget_type=\"image.default\">\n\t\t\t\t<div class=\"elementor-widget-container\">\n\t\t\t\t\t\t\t\t\t\t\t\t\t\t\t<img loading=\"lazy\" decoding=\"async\" width=\"768\" height=\"311\" src=\"https:\/\/cebus-celle.de\/wp-content\/uploads\/vog_logo_rz-768x311.png\" class=\"attachment-medium_large size-medium_large wp-image-789\" alt=\"\" srcset=\"https:\/\/cebus-celle.de\/wp-content\/uploads\/vog_logo_rz-768x311.png 768w, https:\/\/cebus-celle.de\/wp-content\/uploads\/vog_logo_rz-512x208.png 512w, https:\/\/cebus-celle.de\/wp-content\/uploads\/vog_logo_rz-1024x415.png 1024w, https:\/\/cebus-celle.de\/wp-content\/uploads\/vog_logo_rz-1536x623.png 1536w, https:\/\/cebus-celle.de\/wp-content\/uploads\/vog_logo_rz-2048x831.png 2048w, https:\/\/cebus-celle.de\/wp-content\/uploads\/vog_logo_rz-18x7.png 18w\" sizes=\"(max-width: 768px) 100vw, 768px\" \/>\t\t\t\t\t\t\t\t\t\t\t\t\t\t\t<\/div>\n\t\t\t\t<\/div>\n\t\t\t\t\t<\/div>\n\t\t<\/div>\n\t\t\t\t<div class=\"elementor-column elementor-col-50 elementor-top-column elementor-element elementor-element-8064506\" data-id=\"8064506\" data-element_type=\"column\" data-e-type=\"column\">\n\t\t\t<div class=\"elementor-widget-wrap elementor-element-populated\">\n\t\t\t\t\t\t<section class=\"elementor-section elementor-inner-section elementor-element elementor-element-950037d margin-left-0 elementor-section-boxed elementor-section-height-default elementor-section-height-default wpr-particle-no wpr-jarallax-no wpr-parallax-no wpr-sticky-section-no wpr-equal-height-no\" data-id=\"950037d\" data-element_type=\"section\" data-e-type=\"section\">\n\t\t\t\t\t\t<div class=\"elementor-container elementor-column-gap-default\">\n\t\t\t\t\t<div class=\"elementor-column elementor-col-100 elementor-inner-column elementor-element elementor-element-ccc718f\" data-id=\"ccc718f\" data-element_type=\"column\" data-e-type=\"column\">\n\t\t\t<div class=\"elementor-widget-wrap elementor-element-populated\">\n\t\t\t\t\t\t<div class=\"elementor-element elementor-element-8013cac elementor-widget elementor-widget-heading\" data-id=\"8013cac\" data-element_type=\"widget\" data-e-type=\"widget\" data-widget_type=\"heading.default\">\n\t\t\t\t<div class=\"elementor-widget-container\">\n\t\t\t\t\t<h4 class=\"elementor-heading-title elementor-size-default\">Verkehrsbetrieb Osthannover GmbH (VOG) -<br>Nienburger Stra\u00dfe 50 | 29225 Celle<\/h4>\t\t\t\t<\/div>\n\t\t\t\t<\/div>\n\t\t\t\t<div class=\"elementor-element elementor-element-6b6f331 elementor-widget elementor-widget-text-editor\" data-id=\"6b6f331\" data-element_type=\"widget\" data-e-type=\"widget\" data-widget_type=\"text-editor.default\">\n\t\t\t\t<div class=\"elementor-widget-container\">\n\t\t\t\t\t\t\t\t\t<p>Direcci\u00f3n: Jan Behrendt, Michael Fastert<\/p>\t\t\t\t\t\t\t\t<\/div>\n\t\t\t\t<\/div>\n\t\t\t\t<div class=\"elementor-element elementor-element-89ea5fd elementor-widget elementor-widget-text-editor\" data-id=\"89ea5fd\" data-element_type=\"widget\" data-e-type=\"widget\" data-widget_type=\"text-editor.default\">\n\t\t\t\t<div class=\"elementor-widget-container\">\n\t\t\t\t\t\t\t\t\t<p>Verkehrsbetrieb Osthannover GmbH (VOG) es una filial propiedad al 100% de Osthannoversche Eisenbahnen AG (OHE). VOG es el principal accionista de KVG Stade GmbH &amp; Co. KG y de Kraftverkehr Celle Stadt und Land GmbH.<\/p>\t\t\t\t\t\t\t\t<\/div>\n\t\t\t\t<\/div>\n\t\t\t\t\t<\/div>\n\t\t<\/div>\n\t\t\t\t\t<\/div>\n\t\t<\/section>\n\t\t\t\t\t<\/div>\n\t\t<\/div>\n\t\t\t\t\t<\/div>\n\t\t<\/section>\n\t\t\t\t<\/div>\n\t\t\t\t\t\t\t\t\t\t\t<\/span>\n\t\t\t\t\t\t\t\t<\/div>\n\t\t\t\t\t\t\t<\/div>\n\t\t\t\t\t\t\t\t\t\t\t<\/div>\n\t\t\t<\/div>\n\t\t\t\t\t\t\t<\/div>\n\t\t\t\t<\/div>\n\t\t\t\t\t<\/div>\n\t\t<\/div>\n\t\t\t\t\t<\/div>\n\t\t<\/section>\n\t\t\t\t<section class=\"elementor-section elementor-top-section elementor-element elementor-element-f8b4c3c elementor-section-stretched elementor-section-boxed elementor-section-height-default elementor-section-height-default wpr-particle-no wpr-jarallax-no wpr-parallax-no wpr-sticky-section-no wpr-equal-height-no\" data-id=\"f8b4c3c\" data-element_type=\"section\" data-e-type=\"section\" data-settings=\"{&quot;stretch_section&quot;:&quot;section-stretched&quot;,&quot;background_background&quot;:&quot;classic&quot;}\">\n\t\t\t\t\t\t<div class=\"elementor-container elementor-column-gap-default\">\n\t\t\t\t\t<div class=\"elementor-column elementor-col-100 elementor-top-column elementor-element elementor-element-cf27557\" data-id=\"cf27557\" data-element_type=\"column\" data-e-type=\"column\">\n\t\t\t<div class=\"elementor-widget-wrap elementor-element-populated\">\n\t\t\t\t\t\t<div class=\"elementor-element elementor-element-43ab00f grey-light align-at-left elementor-widget elementor-widget-uael-faq\" data-id=\"43ab00f\" data-element_type=\"widget\" data-e-type=\"widget\" data-widget_type=\"uael-faq.default\">\n\t\t\t\t<div class=\"elementor-widget-container\">\n\t\t\t\t\t\n\t\t\t<div id='uael-faq-wrapper-709' class=\"uael-faq-wrapper\">\n\t\t\t\t<div class=\"uael-faq-container uael-faq-layout-accordion\" data-layout=\"accordion\" >\n\t\t\t\t\t\t\t\t\t\t\t\t<div id=\"uael-accordion-1713d25\" class=\"uael-faq-accordion\" role=\"tablist\">\n\t\t\t\t\t\t\t\t<div class= \"uael-accordion-title\" aria-expanded=\"false\" role=\"tab\">\n\t\t\t\t\t\t\t\t\t<span class=\"uael-accordion-icon uael-accordion-icon-left\">\n\t\t\t\t\t\t\t\t\t\t<span class=\"uael-accordion-icon-closed\"><i class=\"fas fa-angle-right\"><\/i><\/span>\n\t\t\t\t\t\t\t\t\t\t<span class=\"uael-accordion-icon-opened\"><i class=\"fas fa-angle-up\"><\/i><\/span>\n\t\t\t\t\t\t\t\t\t<\/span>\n\t\t\t\t\t\t\t\t\t<span class=\"uael-question-1713d25 uael-question-span\" tabindex=\"0\" id=\"uael-faq-1-69ed2612ef80b\">Verkehrsbetriebe Bachstein GmbH<\/span>\n\t\t\t\t\t\t\t\t<\/div>\n\t\t\t\t\t\t\t\t<div class=\"uael-accordion-content\" role=\"tabpanel\">\n\t\t\t\t\t\t\t\t\t<span>\n\t\t\t\t\t\t\t\t\t\t\t<div data-elementor-type=\"section\" data-elementor-id=\"790\" class=\"elementor elementor-790 elementor-location-single\" data-elementor-post-type=\"elementor_library\">\n\t\t\t\t\t<section class=\"elementor-section elementor-top-section elementor-element elementor-element-28259f0 elementor-section-boxed elementor-section-height-default elementor-section-height-default wpr-particle-no wpr-jarallax-no wpr-parallax-no wpr-sticky-section-no wpr-equal-height-no\" data-id=\"28259f0\" data-element_type=\"section\" data-e-type=\"section\" data-settings=\"{&quot;background_background&quot;:&quot;classic&quot;}\">\n\t\t\t\t\t\t<div class=\"elementor-container elementor-column-gap-no\">\n\t\t\t\t\t<div class=\"elementor-column elementor-col-50 elementor-top-column elementor-element elementor-element-3f5f078\" data-id=\"3f5f078\" data-element_type=\"column\" data-e-type=\"column\">\n\t\t\t<div class=\"elementor-widget-wrap elementor-element-populated\">\n\t\t\t\t\t\t<div class=\"elementor-element elementor-element-0d94a1d elementor-widget elementor-widget-image\" data-id=\"0d94a1d\" data-element_type=\"widget\" data-e-type=\"widget\" data-widget_type=\"image.default\">\n\t\t\t\t<div class=\"elementor-widget-container\">\n\t\t\t\t\t\t\t\t\t\t\t\t\t\t\t<img loading=\"lazy\" decoding=\"async\" width=\"512\" height=\"112\" src=\"https:\/\/cebus-celle.de\/wp-content\/uploads\/Bachstein_Logo-Refresh-2018-RGB__01-512x112.png\" class=\"attachment-medium size-medium wp-image-791\" alt=\"\" srcset=\"https:\/\/cebus-celle.de\/wp-content\/uploads\/Bachstein_Logo-Refresh-2018-RGB__01-512x112.png 512w, https:\/\/cebus-celle.de\/wp-content\/uploads\/Bachstein_Logo-Refresh-2018-RGB__01-1024x223.png 1024w, https:\/\/cebus-celle.de\/wp-content\/uploads\/Bachstein_Logo-Refresh-2018-RGB__01-768x167.png 768w, https:\/\/cebus-celle.de\/wp-content\/uploads\/Bachstein_Logo-Refresh-2018-RGB__01-1536x335.png 1536w, https:\/\/cebus-celle.de\/wp-content\/uploads\/Bachstein_Logo-Refresh-2018-RGB__01-2048x446.png 2048w, https:\/\/cebus-celle.de\/wp-content\/uploads\/Bachstein_Logo-Refresh-2018-RGB__01-18x4.png 18w\" sizes=\"(max-width: 512px) 100vw, 512px\" \/>\t\t\t\t\t\t\t\t\t\t\t\t\t\t\t<\/div>\n\t\t\t\t<\/div>\n\t\t\t\t\t<\/div>\n\t\t<\/div>\n\t\t\t\t<div class=\"elementor-column elementor-col-50 elementor-top-column elementor-element elementor-element-0dfbebb\" data-id=\"0dfbebb\" data-element_type=\"column\" data-e-type=\"column\">\n\t\t\t<div class=\"elementor-widget-wrap elementor-element-populated\">\n\t\t\t\t\t\t<section class=\"elementor-section elementor-inner-section elementor-element elementor-element-17cfdfe margin-left-0 elementor-section-boxed elementor-section-height-default elementor-section-height-default wpr-particle-no wpr-jarallax-no wpr-parallax-no wpr-sticky-section-no wpr-equal-height-no\" data-id=\"17cfdfe\" data-element_type=\"section\" data-e-type=\"section\">\n\t\t\t\t\t\t<div class=\"elementor-container elementor-column-gap-default\">\n\t\t\t\t\t<div class=\"elementor-column elementor-col-100 elementor-inner-column elementor-element elementor-element-e917256\" data-id=\"e917256\" data-element_type=\"column\" data-e-type=\"column\">\n\t\t\t<div class=\"elementor-widget-wrap elementor-element-populated\">\n\t\t\t\t\t\t<div class=\"elementor-element elementor-element-6c61332 elementor-widget elementor-widget-heading\" data-id=\"6c61332\" data-element_type=\"widget\" data-e-type=\"widget\" data-widget_type=\"heading.default\">\n\t\t\t\t<div class=\"elementor-widget-container\">\n\t\t\t\t\t<h4 class=\"elementor-heading-title elementor-size-default\">Verkehrsbetriebe Bachstein GmbH<br>Nienburger Stra\u00dfe 50 | 29225 Celle<\/h4>\t\t\t\t<\/div>\n\t\t\t\t<\/div>\n\t\t\t\t<div class=\"elementor-element elementor-element-1598d63 elementor-widget elementor-widget-text-editor\" data-id=\"1598d63\" data-element_type=\"widget\" data-e-type=\"widget\" data-widget_type=\"text-editor.default\">\n\t\t\t\t<div class=\"elementor-widget-container\">\n\t\t\t\t\t\t\t\t\t<p>Direcci\u00f3n: Jan Behrendt, Michael Fastert<\/p>\t\t\t\t\t\t\t\t<\/div>\n\t\t\t\t<\/div>\n\t\t\t\t<div class=\"elementor-element elementor-element-190faa0 elementor-widget elementor-widget-heading\" data-id=\"190faa0\" data-element_type=\"widget\" data-e-type=\"widget\" data-widget_type=\"heading.default\">\n\t\t\t\t<div class=\"elementor-widget-container\">\n\t\t\t\t\t<h4 class=\"elementor-heading-title elementor-size-default\">Zona de transporte:<\/h4>\t\t\t\t<\/div>\n\t\t\t\t<\/div>\n\t\t\t\t<div class=\"elementor-element elementor-element-186ec14 elementor-widget elementor-widget-text-editor\" data-id=\"186ec14\" data-element_type=\"widget\" data-e-type=\"widget\" data-widget_type=\"text-editor.default\">\n\t\t\t\t<div class=\"elementor-widget-container\">\n\t\t\t\t\t\t\t\t\t<p>Omnibuslinienverkehr in der Stadt Wolfsburg und in den Landkreisen Bayreuth, Gifhorn, Hof, Helmstedt, Kulmbach, Saale-Orla-Kreis, Salzgitter, Tirschenreuth, Vogtlandkreis, Wolfenb\u00fcttel und Wunsiedel im Fichtelgebirge<\/p>\t\t\t\t\t\t\t\t<\/div>\n\t\t\t\t<\/div>\n\t\t\t\t<div class=\"elementor-element elementor-element-ffc0d56 elementor-widget elementor-widget-heading\" data-id=\"ffc0d56\" data-element_type=\"widget\" data-e-type=\"widget\" data-widget_type=\"heading.default\">\n\t\t\t\t<div class=\"elementor-widget-container\">\n\t\t\t\t\t<h4 class=\"elementor-heading-title elementor-size-default\">Empleados:<\/h4>\t\t\t\t<\/div>\n\t\t\t\t<\/div>\n\t\t\t\t<div class=\"elementor-element elementor-element-496e1e3 elementor-widget elementor-widget-text-editor\" data-id=\"496e1e3\" data-element_type=\"widget\" data-e-type=\"widget\" data-widget_type=\"text-editor.default\">\n\t\t\t\t<div class=\"elementor-widget-container\">\n\t\t\t\t\t\t\t\t\t<p>\u00dcbr 210 in den Bereichen Fahrdienst, Verwaltung und Werkstatt in vier Betrieben.<\/p>\t\t\t\t\t\t\t\t<\/div>\n\t\t\t\t<\/div>\n\t\t\t\t<div class=\"elementor-element elementor-element-13f16fa elementor-widget elementor-widget-heading\" data-id=\"13f16fa\" data-element_type=\"widget\" data-e-type=\"widget\" data-widget_type=\"heading.default\">\n\t\t\t\t<div class=\"elementor-widget-container\">\n\t\t\t\t\t<h4 class=\"elementor-heading-title elementor-size-default\">Operaciones:<\/h4>\t\t\t\t<\/div>\n\t\t\t\t<\/div>\n\t\t\t\t<div class=\"elementor-element elementor-element-a96f7b4 elementor-widget elementor-widget-text-editor\" data-id=\"a96f7b4\" data-element_type=\"widget\" data-e-type=\"widget\" data-widget_type=\"text-editor.default\">\n\t\t\t\t<div class=\"elementor-widget-container\">\n\t\t\t\t\t\t\t\t\t<p>Hof (Saale), Hornburg, Salzgitter, Wolfsburg-Vorsfelde<\/p>\t\t\t\t\t\t\t\t<\/div>\n\t\t\t\t<\/div>\n\t\t\t\t<div class=\"elementor-element elementor-element-802f3fb elementor-widget elementor-widget-text-editor\" data-id=\"802f3fb\" data-element_type=\"widget\" data-e-type=\"widget\" data-widget_type=\"text-editor.default\">\n\t\t\t\t<div class=\"elementor-widget-container\">\n\t\t\t\t\t\t\t\t\t<p>Das Mobilit\u00e4tsangebot der Verkehrsbetriebe Bachstein GmbH umfasst Buslinienverkehr in Niedersachsen in der Stadt Wolfsburg und den Landkreisen Gifhorn, Helmstedt, Salzgitter und Wolfenb\u00fcttel.<\/p><p>Y en Baviera, en los Fichtelgebirge, en los distritos de Bayreuth, Hof, Kulmbach, Saale-Orla-Kreis, Tirschenreuth, Vogtlandkreis y Wunsiedel.<\/p><p>VB tambi\u00e9n participa en diversas inversiones de capital.<\/p>\t\t\t\t\t\t\t\t<\/div>\n\t\t\t\t<\/div>\n\t\t\t\t<div class=\"elementor-element elementor-element-3384c74 elementor-icon-list--layout-traditional elementor-list-item-link-full_width elementor-widget elementor-widget-icon-list\" data-id=\"3384c74\" data-element_type=\"widget\" data-e-type=\"widget\" data-widget_type=\"icon-list.default\">\n\t\t\t\t<div class=\"elementor-widget-container\">\n\t\t\t\t\t\t\t<ul class=\"elementor-icon-list-items\">\n\t\t\t\t\t\t\t<li class=\"elementor-icon-list-item\">\n\t\t\t\t\t\t\t\t\t\t\t<a href=\"https:\/\/www.vb-bachstein.de\/start\/\">\n\n\t\t\t\t\t\t\t\t\t\t\t\t<span class=\"elementor-icon-list-icon\">\n\t\t\t\t\t\t\t<i aria-hidden=\"true\" class=\"far fa-globe\"><\/i>\t\t\t\t\t\t<\/span>\n\t\t\t\t\t\t\t\t\t\t<span class=\"elementor-icon-list-text\">www.vb-bachstein.de<\/span>\n\t\t\t\t\t\t\t\t\t\t\t<\/a>\n\t\t\t\t\t\t\t\t\t<\/li>\n\t\t\t\t\t\t<\/ul>\n\t\t\t\t\t\t<\/div>\n\t\t\t\t<\/div>\n\t\t\t\t\t<\/div>\n\t\t<\/div>\n\t\t\t\t\t<\/div>\n\t\t<\/section>\n\t\t\t\t\t<\/div>\n\t\t<\/div>\n\t\t\t\t\t<\/div>\n\t\t<\/section>\n\t\t\t\t<\/div>\n\t\t\t\t\t\t\t\t\t\t\t<\/span>\n\t\t\t\t\t\t\t\t<\/div>\n\t\t\t\t\t\t\t<\/div>\n\t\t\t\t\t\t\t\t\t\t\t<\/div>\n\t\t\t<\/div>\n\t\t\t\t\t\t\t<\/div>\n\t\t\t\t<\/div>\n\t\t\t\t\t<\/div>\n\t\t<\/div>\n\t\t\t\t\t<\/div>\n\t\t<\/section>\n\t\t\t\t<section class=\"elementor-section elementor-top-section elementor-element elementor-element-feff6e9 elementor-section-stretched elementor-section-boxed elementor-section-height-default elementor-section-height-default wpr-particle-no wpr-jarallax-no wpr-parallax-no wpr-sticky-section-no wpr-equal-height-no\" data-id=\"feff6e9\" data-element_type=\"section\" data-e-type=\"section\" data-settings=\"{&quot;stretch_section&quot;:&quot;section-stretched&quot;,&quot;background_background&quot;:&quot;classic&quot;}\">\n\t\t\t\t\t\t<div class=\"elementor-container elementor-column-gap-default\">\n\t\t\t\t\t<div class=\"elementor-column elementor-col-100 elementor-top-column elementor-element elementor-element-350366e\" data-id=\"350366e\" data-element_type=\"column\" data-e-type=\"column\">\n\t\t\t<div class=\"elementor-widget-wrap elementor-element-populated\">\n\t\t\t\t\t\t<div class=\"elementor-element elementor-element-1110c9e elementor-widget elementor-widget-heading\" data-id=\"1110c9e\" data-element_type=\"widget\" data-e-type=\"widget\" data-widget_type=\"heading.default\">\n\t\t\t\t<div class=\"elementor-widget-container\">\n\t\t\t\t\t<h3 class=\"elementor-heading-title elementor-size-default\">Proyecto 500 - Nuevo r\u00e9cord: un autob\u00fas el\u00e9ctrico recorre m\u00e1s de 500 kil\u00f3metros<\/h3>\t\t\t\t<\/div>\n\t\t\t\t<\/div>\n\t\t\t\t<section class=\"elementor-section elementor-inner-section elementor-element elementor-element-148ac05 elementor-section-boxed elementor-section-height-default elementor-section-height-default wpr-particle-no wpr-jarallax-no wpr-parallax-no wpr-sticky-section-no wpr-equal-height-no\" data-id=\"148ac05\" data-element_type=\"section\" data-e-type=\"section\">\n\t\t\t\t\t\t<div class=\"elementor-container elementor-column-gap-default\">\n\t\t\t\t\t<div class=\"elementor-column elementor-col-50 elementor-inner-column elementor-element elementor-element-98cf0b8\" data-id=\"98cf0b8\" data-element_type=\"column\" data-e-type=\"column\">\n\t\t\t<div class=\"elementor-widget-wrap elementor-element-populated\">\n\t\t\t\t\t\t<div class=\"elementor-element elementor-element-124a19c elementor-widget__width-initial uael-faq-box-layout-yes align-at-left elementor-widget elementor-widget-uael-faq\" data-id=\"124a19c\" data-element_type=\"widget\" data-e-type=\"widget\" data-widget_type=\"uael-faq.default\">\n\t\t\t\t<div class=\"elementor-widget-container\">\n\t\t\t\t\t\n\t\t\t<div id='uael-faq-wrapper-191' class=\"uael-faq-wrapper\">\n\t\t\t\t<div class=\"uael-faq-container uael-faq-layout-accordion\" data-layout=\"accordion\" >\n\t\t\t\t\t\t\t\t\t\t\t\t<div id=\"uael-accordion-e2dacfd\" class=\"uael-faq-accordion\" role=\"tablist\">\n\t\t\t\t\t\t\t\t<div class= \"uael-accordion-title\" aria-expanded=\"false\" role=\"tab\">\n\t\t\t\t\t\t\t\t\t<span class=\"uael-accordion-icon uael-accordion-icon-left\">\n\t\t\t\t\t\t\t\t\t\t<span class=\"uael-accordion-icon-closed\"><i class=\"fas fa-angle-right\"><\/i><\/span>\n\t\t\t\t\t\t\t\t\t\t<span class=\"uael-accordion-icon-opened\"><i class=\"fas fa-angle-up\"><\/i><\/span>\n\t\t\t\t\t\t\t\t\t<\/span>\n\t\t\t\t\t\t\t\t\t<span class=\"uael-question-e2dacfd uael-question-span\" tabindex=\"0\" id=\"uael-faq-1-69ed2612f3c42\">Informaci\u00f3n y procedimiento<\/span>\n\t\t\t\t\t\t\t\t<\/div>\n\t\t\t\t\t\t\t\t<div class=\"uael-accordion-content\" role=\"tabpanel\">\n\t\t\t\t\t\t\t\t\t<span>\n\t\t\t\t\t\t\t\t\t<span><p>En cuanto a la utilidad de los autobuses el\u00e9ctricos en los servicios regionales regulares, a menudo sigue habiendo escepticismo sobre la accesibilidad de las distancias de viaje significativamente m\u00e1s largas en comparaci\u00f3n con el transporte p\u00fablico urbano. El hecho de que los autobuses el\u00e9ctricos sean ahora tambi\u00e9n competitivos en el transporte regional ha quedado impresionantemente demostrado por un ensayo pr\u00e1ctico realizado en la empresa de transportes Bachstein.<\/p><p>En febrero de este a\u00f1o, la empresa de transportes Bachstein realiz\u00f3 una prueba de conducci\u00f3n con un IVECO Heuliez E para comprobar la autonom\u00eda de una carga de bater\u00eda en servicio regular. A pesar del fr\u00edo de febrero, se alcanz\u00f3 la autonom\u00eda especificada de entre 300 y 350 kil\u00f3metros. En este punto, la empresa ten\u00eda claro que la marca de 500 kil\u00f3metros tambi\u00e9n podr\u00eda alcanzarse con una sola carga de la bater\u00eda en el siguiente recorrido de prueba.<\/p><p>Se ha completado con \u00e9xito la prueba de conducci\u00f3n que ha batido el r\u00e9cord: 543 kil\u00f3metros, 48 horas en la ruta 750 y sin carga intermedia: un r\u00e9cord impresionante para un viaje en autob\u00fas el\u00e9ctrico IVECO. Esto se debe a que el propio veh\u00edculo est\u00e1 dise\u00f1ado para recorrer s\u00f3lo 300 kil\u00f3metros. Para batir el r\u00e9cord, el IVECO E-WAY recorri\u00f3 la ruta 750 en el distrito de Wolfenb\u00fctel, en la regi\u00f3n de Braunschweig, los d\u00edas 15 y 16 de julio, de 5.30 a 16.00 horas, con una sola carga de bater\u00eda. El autob\u00fas el\u00e9ctrico ya hab\u00eda alcanzado una autonom\u00eda de 520 kil\u00f3metros en una prueba preliminar realizada los d\u00edas 12 y 13 de julio exactamente en las mismas condiciones.<\/p><p>Ambas pruebas de conducci\u00f3n fueron acompa\u00f1adas por empleados de T\u00dcV Nord, que precintaron la toma de carga del veh\u00edculo y anotaron el kilometraje antes del inicio de la primera jornada de pruebas. Al final del segundo d\u00eda de conducci\u00f3n, se volvi\u00f3 a quitar el precinto y se certific\u00f3 la autonom\u00eda recorrida.<\/p><p>El equipo de la empresa de transportes Bachstein y los socios del \"BusGruppe\" hicieron especial hincapi\u00e9 en probar el autob\u00fas el\u00e9ctrico en las condiciones m\u00e1s realistas posibles. As\u00ed, el autob\u00fas recorri\u00f3 una ruta real y estuvo en movimiento entre el tr\u00e1fico de cercan\u00edas y escolar, se detuvo en paradas, abri\u00f3 y cerr\u00f3 sus puertas, y los pasajeros volvieron a subir y bajar.<\/p><\/span>\t\t\t\t\t\t\t\t\t<\/span>\n\t\t\t\t\t\t\t\t<\/div>\n\t\t\t\t\t\t\t<\/div>\n\t\t\t\t\t\t\t\t\t\t\t<\/div>\n\t\t\t<\/div>\n\t\t\t\t\t\t\t<\/div>\n\t\t\t\t<\/div>\n\t\t\t\t<div class=\"elementor-element elementor-element-602d427 elementor-widget elementor-widget-spacer\" data-id=\"602d427\" data-element_type=\"widget\" data-e-type=\"widget\" data-widget_type=\"spacer.default\">\n\t\t\t\t<div class=\"elementor-widget-container\">\n\t\t\t\t\t\t\t<div class=\"elementor-spacer\">\n\t\t\t<div class=\"elementor-spacer-inner\"><\/div>\n\t\t<\/div>\n\t\t\t\t\t\t<\/div>\n\t\t\t\t<\/div>\n\t\t\t\t<div class=\"elementor-element elementor-element-7defe1a elementor-widget elementor-widget-video\" data-id=\"7defe1a\" data-element_type=\"widget\" data-e-type=\"widget\" data-settings=\"{&quot;youtube_url&quot;:&quot;https:\\\/\\\/www.youtube.com\\\/watch?v=XMNauUUG_Mk&amp;t=4s&quot;,&quot;video_type&quot;:&quot;youtube&quot;,&quot;controls&quot;:&quot;yes&quot;}\" data-widget_type=\"video.default\">\n\t\t\t\t<div class=\"elementor-widget-container\">\n\t\t\t\t\t\t\t<div class=\"elementor-wrapper elementor-open-inline\">\n\t\t\t<div class=\"elementor-video\"> <div class=\"brlbs-cmpnt-container brlbs-cmpnt-content-blocker brlbs-cmpnt-with-individual-styles\" data-borlabs-cookie-content-blocker-id=\"youtube-content-blocker\" data-borlabs-cookie-content=\"PHNjcmlwdD4KKGZ1bmN0aW9uKCkgewogICAgbGV0IGQgPSBudWxsOwoKICAgIC8vIGlmIHdlIGFyZSBpbiBhIGxvb3AsIHdlIG5lZWQgdG8gc2VsZWN0IHRoZSBjb3JyZWN0IHZpZGVvIGVsZW1lbnQsIHNpbmNlIFdpZGdldCBJRCBvY2N1cnMgbXVsdGlwbGUgdGltZXMgb24gcGFnZQogICAgY29uc3QgZWxlbXNJbkxvb3AgPSBkb2N1bWVudC5xdWVyeVNlbGVjdG9yQWxsKCc6aXMoZGl2W2RhdGEtZWxlbWVudG9yLXR5cGU9Imxvb3AtaXRlbSJdLGRpdltkYXRhLWVsZW1lbnRvci10eXBlPSJqZXQtbGlzdGluZy1pdGVtcyJdLGRpdltkYXRhLXdpZGdldF90eXBlXj0icHJlbWl1bS1hZGRvbi10YWJzLiJdKSBkaXYuZWxlbWVudG9yLWVsZW1lbnQtN2RlZmUxYScpOwogICAgaWYgKGVsZW1zSW5Mb29wLmxlbmd0aCA9PT0gMSkgewogICAgICAgIGQgPSBlbGVtc0luTG9vcFswXTsKICAgIH0gZWxzZSBpZiAoZWxlbXNJbkxvb3AubGVuZ3RoID4gMSkgewogICAgICAgIGlmICh0eXBlb2YgZG9jdW1lbnQuY3VycmVudFNjcmlwdCA9PT0gJ3VuZGVmaW5lZCcgfHwgZG9jdW1lbnQuY3VycmVudFNjcmlwdCA9PSBudWxsKSB7CiAgICAgICAgICAgIHJldHVybjsKICAgICAgICB9CiAgICAgICAgY29uc3QgdG1wVmlkZW9XaWRnZXQgPSBkb2N1bWVudC5jdXJyZW50U2NyaXB0LmNsb3Nlc3QoJ1tkYXRhLXdpZGdldF90eXBlPSJicmxic192aWRlby5kZWZhdWx0Il0nKTsKICAgICAgICBpZiAodG1wVmlkZW9XaWRnZXQpIHsKICAgICAgICAgICAgZCA9IHRtcFZpZGVvV2lkZ2V0OwogICAgICAgIH0KICAgIH0KCiAgICBpZiAoZCA9PSBudWxsKSB7CiAgICAgICAgZCA9IGRvY3VtZW50LnF1ZXJ5U2VsZWN0b3IoJ2Rpdi5lbGVtZW50b3ItZWxlbWVudC03ZGVmZTFhJyk7CiAgICB9CgogICAgaWYgKGQgPT0gbnVsbCkgewogICAgICAgIHJldHVybjsKICAgIH0KICAgIGQuZGF0YXNldC53aWRnZXRfdHlwZSA9IGQuZGF0YXNldC53aWRnZXRfdHlwZS5yZXBsYWNlKCdicmxic18nLCAnJyk7CiAgICBkLmRhdGFzZXQuYnJsYnNVbmJsb2NrZWQgPSAndHJ1ZSc7CgogICAgY29uc3QgaW50ZXJ2YWwgPSBzZXRJbnRlcnZhbCgoKSA9PiB7CiAgICAgICAgaWYgKHR5cGVvZiBlbGVtZW50b3JGcm9udGVuZCAhPT0gJ3VuZGVmaW5lZCcgJiYgdHlwZW9mIGVsZW1lbnRvckZyb250ZW5kLmhvb2tzICE9PSAndW5kZWZpbmVkJykgewogICAgICAgICAgICBjbGVhckludGVydmFsKGludGVydmFsKTsKICAgICAgICAgICAgZWxlbWVudG9yRnJvbnRlbmQuaG9va3MuZG9BY3Rpb24oJ2Zyb250ZW5kL2VsZW1lbnRfcmVhZHkvdmlkZW8uZGVmYXVsdCcsIGpRdWVyeShkKSwgalF1ZXJ5KQogICAgICAgIH0KICAgIH0sIDMwKQp9KSgpOwo8L3NjcmlwdD4=\"><div class=\"brlbs-cmpnt-cb-preset-c brlbs-cmpnt-cb-youtube\"> <div class=\"brlbs-cmpnt-cb-thumbnail\" style=\"background-image: url('https:\/\/cebus-celle.de\/wp-content\/uploads\/borlabs-cookie\/1\/yt_XMNauUUG_Mk_hqdefault.jpg')\"><\/div> <div class=\"brlbs-cmpnt-cb-main\"> <div class=\"brlbs-cmpnt-cb-play-button\"><\/div> <div class=\"brlbs-cmpnt-cb-content\"> <p class=\"brlbs-cmpnt-cb-description\">You are currently viewing a placeholder content from <strong>YouTube<\/strong>. To access the actual content, click the button below. Please note that doing so will share data with third-party providers.<\/p> <a class=\"brlbs-cmpnt-cb-provider-toggle\" href=\"#\" data-borlabs-cookie-show-provider-information role=\"button\">More Information<\/a> <\/div> <div class=\"brlbs-cmpnt-cb-buttons\"> <a class=\"brlbs-cmpnt-cb-btn\" href=\"#\" data-borlabs-cookie-unblock role=\"button\">Unblock content<\/a> <a class=\"brlbs-cmpnt-cb-btn\" href=\"#\" data-borlabs-cookie-accept-service role=\"button\" style=\"display: inherit\">Accept required service and unblock content<\/a> <\/div> <\/div> <\/div><\/div><\/div>\t\t<\/div>\n\t\t\t\t\t\t<\/div>\n\t\t\t\t<\/div>\n\t\t\t\t\t<\/div>\n\t\t<\/div>\n\t\t\t\t<div class=\"elementor-column elementor-col-50 elementor-inner-column elementor-element elementor-element-2c5f0dd\" data-id=\"2c5f0dd\" data-element_type=\"column\" data-e-type=\"column\">\n\t\t\t<div class=\"elementor-widget-wrap\">\n\t\t\t\t\t\t\t<\/div>\n\t\t<\/div>\n\t\t\t\t\t<\/div>\n\t\t<\/section>\n\t\t\t\t\t<\/div>\n\t\t<\/div>\n\t\t\t\t\t<\/div>\n\t\t<\/section>\n\t\t\t\t<section class=\"elementor-section elementor-top-section elementor-element elementor-element-f28f7ca elementor-section-boxed elementor-section-height-default elementor-section-height-default wpr-particle-no wpr-jarallax-no wpr-parallax-no wpr-sticky-section-no wpr-equal-height-no\" data-id=\"f28f7ca\" data-element_type=\"section\" data-e-type=\"section\">\n\t\t\t\t\t\t<div class=\"elementor-container elementor-column-gap-default\">\n\t\t\t\t\t<div class=\"elementor-column elementor-col-100 elementor-top-column elementor-element elementor-element-baeb08d\" data-id=\"baeb08d\" data-element_type=\"column\" data-e-type=\"column\">\n\t\t\t<div class=\"elementor-widget-wrap elementor-element-populated\">\n\t\t\t\t\t\t<div class=\"elementor-element elementor-element-5b51151 elementor-widget elementor-widget-spacer\" data-id=\"5b51151\" data-element_type=\"widget\" data-e-type=\"widget\" data-widget_type=\"spacer.default\">\n\t\t\t\t<div class=\"elementor-widget-container\">\n\t\t\t\t\t\t\t<div class=\"elementor-spacer\">\n\t\t\t<div class=\"elementor-spacer-inner\"><\/div>\n\t\t<\/div>\n\t\t\t\t\t\t<\/div>\n\t\t\t\t<\/div>\n\t\t\t\t\t<\/div>\n\t\t<\/div>\n\t\t\t\t\t<\/div>\n\t\t<\/section>\n\t\t\t\t<section class=\"elementor-section elementor-top-section elementor-element elementor-element-0cd6b8e elementor-section-boxed elementor-section-height-default elementor-section-height-default wpr-particle-no wpr-jarallax-no wpr-parallax-no wpr-sticky-section-no wpr-equal-height-no\" data-id=\"0cd6b8e\" data-element_type=\"section\" data-e-type=\"section\">\n\t\t\t\t\t\t<div class=\"elementor-container elementor-column-gap-default\">\n\t\t\t\t\t<div class=\"elementor-column elementor-col-100 elementor-top-column elementor-element elementor-element-51b201a\" data-id=\"51b201a\" data-element_type=\"column\" data-e-type=\"column\">\n\t\t\t<div class=\"elementor-widget-wrap elementor-element-populated\">\n\t\t\t\t\t\t<section class=\"elementor-section elementor-inner-section elementor-element elementor-element-814a630 margin-left-0 elementor-section-boxed elementor-section-height-default elementor-section-height-default wpr-particle-no wpr-jarallax-no wpr-parallax-no wpr-sticky-section-no wpr-equal-height-no\" data-id=\"814a630\" data-element_type=\"section\" data-e-type=\"section\">\n\t\t\t\t\t\t<div class=\"elementor-container elementor-column-gap-default\">\n\t\t\t\t\t<div class=\"elementor-column elementor-col-100 elementor-inner-column elementor-element elementor-element-42da53a\" data-id=\"42da53a\" data-element_type=\"column\" data-e-type=\"column\">\n\t\t\t<div class=\"elementor-widget-wrap elementor-element-populated\">\n\t\t\t\t\t\t<div class=\"elementor-element elementor-element-7f79c7d elementor-widget elementor-widget-heading\" data-id=\"7f79c7d\" data-element_type=\"widget\" data-e-type=\"widget\" data-widget_type=\"heading.default\">\n\t\t\t\t<div class=\"elementor-widget-container\">\n\t\t\t\t\t<h2 class=\"elementor-heading-title elementor-size-default\">Unserer soziales Engagement<\/h2>\t\t\t\t<\/div>\n\t\t\t\t<\/div>\n\t\t\t\t\t<\/div>\n\t\t<\/div>\n\t\t\t\t\t<\/div>\n\t\t<\/section>\n\t\t\t\t<section class=\"elementor-section elementor-inner-section elementor-element elementor-element-510f86e margin-left-0 elementor-section-boxed elementor-section-height-default elementor-section-height-default wpr-particle-no wpr-jarallax-no wpr-parallax-no wpr-sticky-section-no wpr-equal-height-no\" data-id=\"510f86e\" data-element_type=\"section\" data-e-type=\"section\">\n\t\t\t\t\t\t<div class=\"elementor-container elementor-column-gap-default\">\n\t\t\t\t\t<div class=\"elementor-column elementor-col-100 elementor-inner-column elementor-element elementor-element-8d46e87\" data-id=\"8d46e87\" data-element_type=\"column\" data-e-type=\"column\">\n\t\t\t<div class=\"elementor-widget-wrap elementor-element-populated\">\n\t\t\t\t\t\t<div class=\"elementor-element elementor-element-1c47d2b elementor-widget elementor-widget-text-editor\" data-id=\"1c47d2b\" data-element_type=\"widget\" data-e-type=\"widget\" data-widget_type=\"text-editor.default\">\n\t\t\t\t<div class=\"elementor-widget-container\">\n\t\t\t\t\t\t\t\t\t<p>Als regional verankertes Unternehmen liegt uns das Wohl der Menschen in unserer Umgebung besonders am Herzen.<br data-start=\"455\" data-end=\"458\" \/>Darum unterst\u00fctzen wir jedes Jahr verschiedene soziale Einrichtungen und Projekte, die wertvolle Arbeit f\u00fcr Kinder, Familien und Bed\u00fcrftige leisten.<\/p>\t\t\t\t\t\t\t\t<\/div>\n\t\t\t\t<\/div>\n\t\t\t\t<div class=\"elementor-element elementor-element-9470223 elementor-widget elementor-widget-menu-anchor\" data-id=\"9470223\" data-element_type=\"widget\" data-e-type=\"widget\" data-widget_type=\"menu-anchor.default\">\n\t\t\t\t<div class=\"elementor-widget-container\">\n\t\t\t\t\t\t\t<div class=\"elementor-menu-anchor\" id=\"SozialesEngagement\"><\/div>\n\t\t\t\t\t\t<\/div>\n\t\t\t\t<\/div>\n\t\t\t\t<div class=\"elementor-element elementor-element-8d3efe3 grey-light uael-faq-box-layout-yes align-at-left elementor-widget elementor-widget-uael-faq\" data-id=\"8d3efe3\" data-element_type=\"widget\" data-e-type=\"widget\" data-widget_type=\"uael-faq.default\">\n\t\t\t\t<div class=\"elementor-widget-container\">\n\t\t\t\t\t\n\t\t\t<div id='uael-faq-wrapper-148' class=\"uael-faq-wrapper\">\n\t\t\t\t<div class=\"uael-faq-container uael-faq-layout-accordion\" data-layout=\"accordion\" >\n\t\t\t\t\t\t\t\t\t\t\t\t<div id=\"uael-accordion-f839991\" class=\"uael-faq-accordion\" role=\"tablist\">\n\t\t\t\t\t\t\t\t<div class= \"uael-accordion-title\" aria-expanded=\"false\" role=\"tab\">\n\t\t\t\t\t\t\t\t\t<span class=\"uael-accordion-icon uael-accordion-icon-left\">\n\t\t\t\t\t\t\t\t\t\t<span class=\"uael-accordion-icon-closed\"><i class=\"fas fa-angle-right\"><\/i><\/span>\n\t\t\t\t\t\t\t\t\t\t<span class=\"uael-accordion-icon-opened\"><i class=\"fas fa-angle-up\"><\/i><\/span>\n\t\t\t\t\t\t\t\t\t<\/span>\n\t\t\t\t\t\t\t\t\t<span class=\"uael-question-f839991 uael-question-span\" tabindex=\"0\" id=\"uael-faq-1-69ed261302e4d\">Onkologisches Forum Celle<\/span>\n\t\t\t\t\t\t\t\t<\/div>\n\t\t\t\t\t\t\t\t<div class=\"uael-accordion-content\" role=\"tabpanel\">\n\t\t\t\t\t\t\t\t\t<span>\n\t\t\t\t\t\t\t\t\t<span><p><span style=\"color: #ffcc00;\">\u2665\u00a0 \u00a0 <\/span>J\u00e4hrliche Geldspende zur Weihnachtszeit \u2013 bewusst anstelle von Weihnachtsgeschenken<\/p><p><span style=\"color: #ffcc00;\">\u2665\u00a0 \u00a0 <\/span>Unterst\u00fctzung und aktive Teilnahme am Celler Entenrennen<\/p><p><span style=\"color: #ffcc00;\">\u2665\u00a0 \u00a0 <\/span>Unterst\u00fctzung und Teilnahme an der Benefizveranstaltung \u201eRudern gegen Krebs\u201c<\/p><p><span style=\"color: #ffcc00;\"> \u2665\u00a0 \u00a0 <\/span>J\u00e4hrliche Spende f\u00fcr die Tombola beim Kr\u00e4uter- und Pflanzenmarkt<\/p><\/span>\t\t\t\t\t\t\t\t\t<\/span>\n\t\t\t\t\t\t\t\t<\/div>\n\t\t\t\t\t\t\t<\/div>\n\t\t\t\t\t\t\t\t\t\t\t\t\t\t<div id=\"uael-accordion-967f30a\" class=\"uael-faq-accordion\" role=\"tablist\">\n\t\t\t\t\t\t\t\t<div class= \"uael-accordion-title\" aria-expanded=\"false\" role=\"tab\">\n\t\t\t\t\t\t\t\t\t<span class=\"uael-accordion-icon uael-accordion-icon-left\">\n\t\t\t\t\t\t\t\t\t\t<span class=\"uael-accordion-icon-closed\"><i class=\"fas fa-angle-right\"><\/i><\/span>\n\t\t\t\t\t\t\t\t\t\t<span class=\"uael-accordion-icon-opened\"><i class=\"fas fa-angle-up\"><\/i><\/span>\n\t\t\t\t\t\t\t\t\t<\/span>\n\t\t\t\t\t\t\t\t\t<span class=\"uael-question-967f30a uael-question-span\" tabindex=\"0\" id=\"uael-faq-2-69ed261302e90\">Hospiz Celle <\/span>\n\t\t\t\t\t\t\t\t<\/div>\n\t\t\t\t\t\t\t\t<div class=\"uael-accordion-content\" role=\"tabpanel\">\n\t\t\t\t\t\t\t\t\t<span>\n\t\t\t\t\t\t\t\t\t<span><p><span style=\"color: #ffcc00;\">\u2665\u00a0 \u00a0 <\/span><span style=\"color: #ffcc00;\">\u00a0<\/span>J\u00e4hrliche Geldspende zur Weihnachtszeit \u2013 bewusst anstelle von Weihnachtsgeschenken<\/p><p><span style=\"color: #ffcc00;\">\u2665\u00a0 \u00a0 <span style=\"color: #333333;\">J\u00e4hrliche Unterst\u00fctzung zum Tag der Kinderhospizarbeit am 10. Februar durch Aush\u00e4nge in unseren Bussen<\/span><\/span><\/p><\/span>\t\t\t\t\t\t\t\t\t<\/span>\n\t\t\t\t\t\t\t\t<\/div>\n\t\t\t\t\t\t\t<\/div>\n\t\t\t\t\t\t\t\t\t\t\t\t\t\t<div id=\"uael-accordion-e5ca0c7\" class=\"uael-faq-accordion\" role=\"tablist\">\n\t\t\t\t\t\t\t\t<div class= \"uael-accordion-title\" aria-expanded=\"false\" role=\"tab\">\n\t\t\t\t\t\t\t\t\t<span class=\"uael-accordion-icon uael-accordion-icon-left\">\n\t\t\t\t\t\t\t\t\t\t<span class=\"uael-accordion-icon-closed\"><i class=\"fas fa-angle-right\"><\/i><\/span>\n\t\t\t\t\t\t\t\t\t\t<span class=\"uael-accordion-icon-opened\"><i class=\"fas fa-angle-up\"><\/i><\/span>\n\t\t\t\t\t\t\t\t\t<\/span>\n\t\t\t\t\t\t\t\t\t<span class=\"uael-question-e5ca0c7 uael-question-span\" tabindex=\"0\" id=\"uael-faq-3-69ed261302eb8\">Celler Tafel e.V.<\/span>\n\t\t\t\t\t\t\t\t<\/div>\n\t\t\t\t\t\t\t\t<div class=\"uael-accordion-content\" role=\"tabpanel\">\n\t\t\t\t\t\t\t\t\t<span>\n\t\t\t\t\t\t\t\t\t<span><p><span style=\"color: #ffcc00;\">\u2665\u00a0 \u00a0 <\/span>J\u00e4hrliche Geldspende zur Weihnachtszeit \u2013 bewusst anstelle von Weihnachtsgeschenken<\/p><\/span>\t\t\t\t\t\t\t\t\t<\/span>\n\t\t\t\t\t\t\t\t<\/div>\n\t\t\t\t\t\t\t<\/div>\n\t\t\t\t\t\t\t\t\t\t\t\t\t\t<div id=\"uael-accordion-f34f206\" class=\"uael-faq-accordion\" role=\"tablist\">\n\t\t\t\t\t\t\t\t<div class= \"uael-accordion-title\" aria-expanded=\"false\" role=\"tab\">\n\t\t\t\t\t\t\t\t\t<span class=\"uael-accordion-icon uael-accordion-icon-left\">\n\t\t\t\t\t\t\t\t\t\t<span class=\"uael-accordion-icon-closed\"><i class=\"fas fa-angle-right\"><\/i><\/span>\n\t\t\t\t\t\t\t\t\t\t<span class=\"uael-accordion-icon-opened\"><i class=\"fas fa-angle-up\"><\/i><\/span>\n\t\t\t\t\t\t\t\t\t<\/span>\n\t\t\t\t\t\t\t\t\t<span class=\"uael-question-f34f206 uael-question-span\" tabindex=\"0\" id=\"uael-faq-4-69ed261302edb\">Club de Leones Celle Residenzstadt <\/span>\n\t\t\t\t\t\t\t\t<\/div>\n\t\t\t\t\t\t\t\t<div class=\"uael-accordion-content\" role=\"tabpanel\">\n\t\t\t\t\t\t\t\t\t<span>\n\t\t\t\t\t\t\t\t\t<span><p><span style=\"color: #ffcc00;\">\u2665\u00a0 \u00a0 <\/span>Unterst\u00fctzung durch Spenden f\u00fcr Tombolas sowie die j\u00e4hrliche Abnahme von Adventskalendern<\/p><\/span>\t\t\t\t\t\t\t\t\t<\/span>\n\t\t\t\t\t\t\t\t<\/div>\n\t\t\t\t\t\t\t<\/div>\n\t\t\t\t\t\t\t\t\t\t\t\t\t\t<div id=\"uael-accordion-dd05695\" class=\"uael-faq-accordion\" role=\"tablist\">\n\t\t\t\t\t\t\t\t<div class= \"uael-accordion-title\" aria-expanded=\"false\" role=\"tab\">\n\t\t\t\t\t\t\t\t\t<span class=\"uael-accordion-icon uael-accordion-icon-left\">\n\t\t\t\t\t\t\t\t\t\t<span class=\"uael-accordion-icon-closed\"><i class=\"fas fa-angle-right\"><\/i><\/span>\n\t\t\t\t\t\t\t\t\t\t<span class=\"uael-accordion-icon-opened\"><i class=\"fas fa-angle-up\"><\/i><\/span>\n\t\t\t\t\t\t\t\t\t<\/span>\n\t\t\t\t\t\t\t\t\t<span class=\"uael-question-dd05695 uael-question-span\" tabindex=\"0\" id=\"uael-faq-5-69ed261302f06\">CD-Kaserne Pr\u00e4ventionsprojekt \u201eIch bin stark\u201c <\/span>\n\t\t\t\t\t\t\t\t<\/div>\n\t\t\t\t\t\t\t\t<div class=\"uael-accordion-content\" role=\"tabpanel\">\n\t\t\t\t\t\t\t\t\t<span>\n\t\t\t\t\t\t\t\t\t<span><p><span style=\"color: #333333;\"><span style=\"color: #ffcc00;\">\u2665<\/span>\u00a0 \u00a0 \u00a0K<\/span>ostenloser Transfer zwischen diversen Schulen und der CD-Kaserne f\u00fcr Tonaufnahmen<\/p><\/span>\t\t\t\t\t\t\t\t\t<\/span>\n\t\t\t\t\t\t\t\t<\/div>\n\t\t\t\t\t\t\t<\/div>\n\t\t\t\t\t\t\t\t\t\t\t\t\t\t<div id=\"uael-accordion-8268ec5\" class=\"uael-faq-accordion\" role=\"tablist\">\n\t\t\t\t\t\t\t\t<div class= \"uael-accordion-title\" aria-expanded=\"false\" role=\"tab\">\n\t\t\t\t\t\t\t\t\t<span class=\"uael-accordion-icon uael-accordion-icon-left\">\n\t\t\t\t\t\t\t\t\t\t<span class=\"uael-accordion-icon-closed\"><i class=\"fas fa-angle-right\"><\/i><\/span>\n\t\t\t\t\t\t\t\t\t\t<span class=\"uael-accordion-icon-opened\"><i class=\"fas fa-angle-up\"><\/i><\/span>\n\t\t\t\t\t\t\t\t\t<\/span>\n\t\t\t\t\t\t\t\t\t<span class=\"uael-question-8268ec5 uael-question-span\" tabindex=\"0\" id=\"uael-faq-6-69ed261302f26\">Landkreis Celle \"Stadtradeln\" <\/span>\n\t\t\t\t\t\t\t\t<\/div>\n\t\t\t\t\t\t\t\t<div class=\"uael-accordion-content\" role=\"tabpanel\">\n\t\t\t\t\t\t\t\t\t<span>\n\t\t\t\t\t\t\t\t\t<span><p><span style=\"color: #333333;\"><span style=\"color: #ffcc00;\">\u2665<\/span>\u00a0 \u00a0 \u00a0Kostenlose Fahrt zum Heidepark Soltau\u00a0<\/span><\/p><p><span style=\"color: #ffcc00;\">\u2665<\/span>\u00a0 \u00a0 Kostenlose Fahrt zum Otterzentrum Hankensb\u00fcttel\u00a0<\/p><\/span>\t\t\t\t\t\t\t\t\t<\/span>\n\t\t\t\t\t\t\t\t<\/div>\n\t\t\t\t\t\t\t<\/div>\n\t\t\t\t\t\t\t\t\t\t\t\t\t\t<div id=\"uael-accordion-6c88375\" class=\"uael-faq-accordion\" role=\"tablist\">\n\t\t\t\t\t\t\t\t<div class= \"uael-accordion-title\" aria-expanded=\"false\" role=\"tab\">\n\t\t\t\t\t\t\t\t\t<span class=\"uael-accordion-icon uael-accordion-icon-left\">\n\t\t\t\t\t\t\t\t\t\t<span class=\"uael-accordion-icon-closed\"><i class=\"fas fa-angle-right\"><\/i><\/span>\n\t\t\t\t\t\t\t\t\t\t<span class=\"uael-accordion-icon-opened\"><i class=\"fas fa-angle-up\"><\/i><\/span>\n\t\t\t\t\t\t\t\t\t<\/span>\n\t\t\t\t\t\t\t\t\t<span class=\"uael-question-6c88375 uael-question-span\" tabindex=\"0\" id=\"uael-faq-7-69ed261302f46\">Ciudad de Celle - Trabajo juvenil<\/span>\n\t\t\t\t\t\t\t\t<\/div>\n\t\t\t\t\t\t\t\t<div class=\"uael-accordion-content\" role=\"tabpanel\">\n\t\t\t\t\t\t\t\t\t<span>\n\t\t\t\t\t\t\t\t\t<span><p><span style=\"color: #ffcc00;\">\u2665\u00a0 \u00a0 <span style=\"color: #333333;\">Unterst\u00fctzung durch Ver\u00f6ffentlichung<\/span><\/span>\u00a0von Plakaten zu diversen Aktionen<\/p><p><span style=\"color: #ffcc00;\">\u2665<\/span>\u00a0 \u00a0 Los titulares del abono de vacaciones viajan gratis en autob\u00fas durante las vacaciones<\/p><p><span style=\"color: #ffcc00;\"><span style=\"color: #333333;\">\u00a0<\/span><\/span><\/p><\/span>\t\t\t\t\t\t\t\t\t<\/span>\n\t\t\t\t\t\t\t\t<\/div>\n\t\t\t\t\t\t\t<\/div>\n\t\t\t\t\t\t\t\t\t\t\t\t\t\t<div id=\"uael-accordion-3120d55\" class=\"uael-faq-accordion\" role=\"tablist\">\n\t\t\t\t\t\t\t\t<div class= \"uael-accordion-title\" aria-expanded=\"false\" role=\"tab\">\n\t\t\t\t\t\t\t\t\t<span class=\"uael-accordion-icon uael-accordion-icon-left\">\n\t\t\t\t\t\t\t\t\t\t<span class=\"uael-accordion-icon-closed\"><i class=\"fas fa-angle-right\"><\/i><\/span>\n\t\t\t\t\t\t\t\t\t\t<span class=\"uael-accordion-icon-opened\"><i class=\"fas fa-angle-up\"><\/i><\/span>\n\t\t\t\t\t\t\t\t\t<\/span>\n\t\t\t\t\t\t\t\t\t<span class=\"uael-question-3120d55 uael-question-span\" tabindex=\"0\" id=\"uael-faq-8-69ed261302f64\">Samtgemeinde Lachendorf - Proyecto piloto de autob\u00fas escolar <\/span>\n\t\t\t\t\t\t\t\t<\/div>\n\t\t\t\t\t\t\t\t<div class=\"uael-accordion-content\" role=\"tabpanel\">\n\t\t\t\t\t\t\t\t\t<span>\n\t\t\t\t\t\t\t\t\t<span><p><span style=\"color: #ffcc00;\">\u2665\u00a0 \u00a0 <span style=\"color: #333333;\">Kostenlose Fahrt <\/span><\/span>zu einem Workshop in einem Landschulheim<\/p><p><span style=\"color: #ffcc00;\">\u2665<\/span> \u00a0 Kostenlose Fahrt zu einem Spa\u00df-Event<\/p><\/span>\t\t\t\t\t\t\t\t\t<\/span>\n\t\t\t\t\t\t\t\t<\/div>\n\t\t\t\t\t\t\t<\/div>\n\t\t\t\t\t\t\t\t\t\t\t\t\t\t<div id=\"uael-accordion-fc01dc8\" class=\"uael-faq-accordion\" role=\"tablist\">\n\t\t\t\t\t\t\t\t<div class= \"uael-accordion-title\" aria-expanded=\"false\" role=\"tab\">\n\t\t\t\t\t\t\t\t\t<span class=\"uael-accordion-icon uael-accordion-icon-left\">\n\t\t\t\t\t\t\t\t\t\t<span class=\"uael-accordion-icon-closed\"><i class=\"fas fa-angle-right\"><\/i><\/span>\n\t\t\t\t\t\t\t\t\t\t<span class=\"uael-accordion-icon-opened\"><i class=\"fas fa-angle-up\"><\/i><\/span>\n\t\t\t\t\t\t\t\t\t<\/span>\n\t\t\t\t\t\t\t\t\t<span class=\"uael-question-fc01dc8 uael-question-span\" tabindex=\"0\" id=\"uael-faq-9-69ed261302f83\">Ciudad de Celle - Cine senior<\/span>\n\t\t\t\t\t\t\t\t<\/div>\n\t\t\t\t\t\t\t\t<div class=\"uael-accordion-content\" role=\"tabpanel\">\n\t\t\t\t\t\t\t\t\t<span>\n\t\t\t\t\t\t\t\t\t<span><p><span style=\"color: #ffcc00;\">\u2665<\/span>\u00a0 \u00a0 Regelm\u00e4\u00dfige Kuchenspende zum Seniorenkino<\/p><\/span>\t\t\t\t\t\t\t\t\t<\/span>\n\t\t\t\t\t\t\t\t<\/div>\n\t\t\t\t\t\t\t<\/div>\n\t\t\t\t\t\t\t\t\t\t\t\t\t\t<div id=\"uael-accordion-fe27167\" class=\"uael-faq-accordion\" role=\"tablist\">\n\t\t\t\t\t\t\t\t<div class= \"uael-accordion-title\" aria-expanded=\"false\" role=\"tab\">\n\t\t\t\t\t\t\t\t\t<span class=\"uael-accordion-icon uael-accordion-icon-left\">\n\t\t\t\t\t\t\t\t\t\t<span class=\"uael-accordion-icon-closed\"><i class=\"fas fa-angle-right\"><\/i><\/span>\n\t\t\t\t\t\t\t\t\t\t<span class=\"uael-accordion-icon-opened\"><i class=\"fas fa-angle-up\"><\/i><\/span>\n\t\t\t\t\t\t\t\t\t<\/span>\n\t\t\t\t\t\t\t\t\t<span class=\"uael-question-fe27167 uael-question-span\" tabindex=\"0\" id=\"uael-faq-10-69ed261302fa1\">Carrera Celle Wasa<\/span>\n\t\t\t\t\t\t\t\t<\/div>\n\t\t\t\t\t\t\t\t<div class=\"uael-accordion-content\" role=\"tabpanel\">\n\t\t\t\t\t\t\t\t\t<span>\n\t\t\t\t\t\t\t\t\t<span><p><span style=\"color: #ffcc00;\">\u2665\u00a0 \u00a0 <\/span>Unterst\u00fctzung durch Bereitstellung von zwei Bussen, die den L\u00e4uferinnen und L\u00e4ufern als Umkleideraum und zur Gep\u00e4ckaufbewahrung dienen.<\/p><\/span>\t\t\t\t\t\t\t\t\t<\/span>\n\t\t\t\t\t\t\t\t<\/div>\n\t\t\t\t\t\t\t<\/div>\n\t\t\t\t\t\t\t\t\t\t\t<\/div>\n\t\t\t<\/div>\n\t\t\t\t\t\t\t<\/div>\n\t\t\t\t<\/div>\n\t\t\t\t\t<\/div>\n\t\t<\/div>\n\t\t\t\t\t<\/div>\n\t\t<\/section>\n\t\t\t\t\t<\/div>\n\t\t<\/div>\n\t\t\t\t\t<\/div>\n\t\t<\/section>\n\t\t\t\t<section class=\"elementor-section elementor-top-section elementor-element elementor-element-eaee49d elementor-section-boxed elementor-section-height-default elementor-section-height-default wpr-particle-no wpr-jarallax-no wpr-parallax-no wpr-sticky-section-no wpr-equal-height-no\" data-id=\"eaee49d\" data-element_type=\"section\" data-e-type=\"section\">\n\t\t\t\t\t\t<div class=\"elementor-container elementor-column-gap-default\">\n\t\t\t\t\t<div class=\"elementor-column elementor-col-100 elementor-top-column elementor-element elementor-element-a1b7a3e\" data-id=\"a1b7a3e\" data-element_type=\"column\" data-e-type=\"column\">\n\t\t\t<div class=\"elementor-widget-wrap elementor-element-populated\">\n\t\t\t\t\t\t<div class=\"elementor-element elementor-element-935f423 elementor-widget elementor-widget-spacer\" data-id=\"935f423\" data-element_type=\"widget\" data-e-type=\"widget\" data-widget_type=\"spacer.default\">\n\t\t\t\t<div class=\"elementor-widget-container\">\n\t\t\t\t\t\t\t<div class=\"elementor-spacer\">\n\t\t\t<div class=\"elementor-spacer-inner\"><\/div>\n\t\t<\/div>\n\t\t\t\t\t\t<\/div>\n\t\t\t\t<\/div>\n\t\t\t\t\t<\/div>\n\t\t<\/div>\n\t\t\t\t\t<\/div>\n\t\t<\/section>\n\t\t\t\t<\/div>","protected":false},"excerpt":{"rendered":"<p>DIE CEBUS-STORY Wen unsere Story interessiert, der wird hier f\u00fcndig. Wann wurde was gemacht und vor allem \u201ewarum\u201c?\u00a0Ein Team, eine Geschichte. 2002 gegr\u00fcndet Wir haben CeBus 2002 gegr\u00fcndet und sind seither f\u00fcr den \u00f6ffentlichen Personennahverkehr (\u00d6PNV) und die Sch\u00fclerbef\u00f6rderung in Stadt und Landkreis Celle verantwortlich. Unser Hauptsitz mit Verwaltung, Werkstatt und Busdepot ist in Celle, zus\u00e4tzlich betreiben wir Betriebsh\u00f6fe in Fa\u00dfberg (mit Werkstatt), Wietze und Eicklingen. Dar\u00fcber hinaus verf\u00fcgen wir \u00fcber Depots in Steinhorst, Bergen, Marwede und Hohne. Vereinte Kr\u00e4fte \u00dcber 250 Mitarbeiterinnen und Mitarbeiter fahren, reparieren, verwalten, reinigen, kontrollieren und halten damit den Betrieb auf dem Laufenden. Unser engagiertes Team ist das Herzst\u00fcck unseres Erfolgs. Wir legen gro\u00dfen Wert auf Freundlichkeit und Serviceorientierung. Unser Personal wird regelm\u00e4\u00dfig geschult, um sicherzustellen, dass wir dir immer den besten Kundenservice bieten. M\u00f6chtest du auch ein Teil davon werden? Dann wirf einen Blick auf unsere Karriereseite, vielleicht ist ein interessanter Job f\u00fcr dich dabei. Einsteigen bitte! Unter dem Motto \u201eCeBus kommt gut an\u201c bef\u00f6rdern wir t\u00e4glich tausende Menschen. Dabei steht die Kundenzufriedenheit an erster Stelle. Unser wichtigstes Ziel: dich sicher und p\u00fcnktlich an dein Ziel zu bringen. Dies sind unsere Werte und Prinzipien, die uns leiten und zu einem verl\u00e4sslichen Partner im \u00f6ffentlichen Nahverkehr machen \u2013 darauf kannst du dich verlassen. Der Umwelt zuliebe Wir setzen auf umweltfreundliche Mobilit\u00e4t im \u00f6ffentlichen Nahverkehr und betreiben eine moderne Fahrzeugflotte, die h\u00f6chsten Umweltstandards entspricht. Derzeit sind \u00fcber 100 Busse im regul\u00e4ren Linienverkehr im Einsatz. S\u00e4mtliche Fahrzeuge erf\u00fcllen die strenge Abgasnorm Euro 6 \u2013 f\u00fcr eine saubere und nachhaltige Bef\u00f6rderung. Ab dem Jahr 2026 leiten wir den n\u00e4chsten Schritt in Richtung klimafreundlicher Zukunft ein: den Umstieg auf Elektromobilit\u00e4t. Im Zeitraum von 2026 bis 2028 ist geplant, insgesamt 50 Fahrzeuge durch moderne E-Busse zu ersetzen. Mission und Vision Wir sind stolz auf unsere bisherigen Erfolge und auf unsere Mitarbeitenden, die dies erm\u00f6glichen und sind fest entschlossen, auch in Zukunft zu deiner Mobilit\u00e4t und Lebensqualit\u00e4t beizutragen. Unsere langfristigen Ziele beinhalten die aktive Teilnahme an der Verkehrswende und den Schutz von Natur und Umwelt. Starke Zahlen, die bewegen. Stand: 2025 (ausgenommen die Mitarbeiterzahl) \u00dcber 250 Mitarbeitende 108 Fahrzeuge 22,6 Mio. Umsatz pro Jahr 4,18 Mio. Kilometer pro Jahr 4,45 Mio. bef\u00f6rderte Personen pro Jahr 1.000 Haltestellen Die BusGruppe: Ressourcen und Know-how unter einem Dach vereint. Seit ihrer Gr\u00fcndung im Jahr 2014 bildet die BusGruppe eine leistungsstarke Kooperation aus den gesellschaftlich verbundenen Unternehmen Verkehrsbetriebe Bachstein, CeBus, KVG und VOG. Zum 1. Januar 2019 wurde dieses Netzwerk um M\u00fcller Busreisen erweitert, wodurch die Gruppe weiter an Kompetenz und Reichweite gewonnen hat. Als starke Gemeinschaft setzen wir uns f\u00fcr eine zuverl\u00e4ssige, sichere und zukunftsorientierte Mobilit\u00e4t in der Region ein. Durch eine enge Vernetzung, den effizienten Einsatz gemeinsamer Ressourcen und den kontinuierlichen Austausch von Fachwissen entstehen wertvolle Synergien, die allen Partnerunternehmen zugutekommen. Diese enge Zusammenarbeit erm\u00f6glicht es uns, unser Verkehrsangebot stetig zu optimieren und flexibel an die sich wandelnden Anforderungen unserer Fahrg\u00e4ste anzupassen. Die BusGruppe steht f\u00fcr moderne und bedarfsgerechte Mobilit\u00e4tsl\u00f6sungen, die h\u00f6chsten Qualit\u00e4tsanspr\u00fcchen gen\u00fcgen. Unser Fokus liegt darauf, den \u00f6ffentlichen Nahverkehr nicht nur effizient und nachhaltig zu gestalten, sondern auch den Menschen in der Region eine komfortable, sichere und zukunftsf\u00e4hige Mobilit\u00e4t zu bieten. Dabei stehen unsere Auftraggeber und Mitarbeiter gleicherma\u00dfen im Mittelpunkt unseres Handelns. Durch ihr Engagement und ihre Expertise tragen unsere Mitarbeiter ma\u00dfgeblich zur Qualit\u00e4t und Weiterentwicklung unserer Mobilit\u00e4tsangebote bei. Ebenso sind wir ein verl\u00e4sslicher Partner f\u00fcr unsere Auftraggeber und arbeiten mit ihnen eng zusammen, um ma\u00dfgeschneiderte L\u00f6sungen f\u00fcr die Mobilit\u00e4t der Zukunft zu entwickeln. Unsere St\u00e4rke liegt in der vertrauensvollen Zusammenarbeit mit einer Vielzahl von Partnern. Ob Kommunen, Verkehrsverb\u00fcnde oder Unternehmen \u2013 durch langj\u00e4hrige Kooperationen und eine enge Abstimmung schaffen wir nachhaltige und zukunftsweisende Verkehrsangebote, die die Mobilit\u00e4t in der Region aktiv mitgestalten. VERKEHRSGEBIETSKARTE CeBus GmbH &amp; Co. KG CeBus GmbH &amp; Co. KGNienburger Stra\u00dfe 50 | 29225 Celle Gesch\u00e4ftsf\u00fchrung: Stefan Koschick, Katrin Driver Verkehrsgebiet: Omnibuslinienverkehr in Stadt und Landkreis Celle Mitarbeiter: \u00dcber 250 Mitarbeiter in den Bereichen Fahrdienst, Verwaltung und Werkstatt. Betriebe: Celle Mit Betriebsst\u00e4tten in Bergen, Eicklingen, Fa\u00dfberg (mit Werkstatt), Marwede, Steinhorst und Wietze. Die CeBus GmbH &amp; Co. KG wurde im Jahr 2002 in Celle gegr\u00fcndet. Die Gesellschafter sind: Kraftverkehr Celle Stadt und Land GmbH, Lembke &amp; Koschick GmbH &amp; Co. KG, Celler Stra\u00dfenbahn GmbH und Verkehrsbetriebe Bachstein GmbH. Das Mobilit\u00e4tsangebot umfasst den gesamten Buslinienverkehr in Stadt und Landkreis Celle. www.cebus-celle.de KVG Stade GmbH &amp; Co. KG KVG Stade GmbH &amp; Co. KGHarburger Stra\u00dfe 96 | 21680 Stade Gesch\u00e4ftsf\u00fchrung: Jan Behrendt, Michael Fastert Kraftverkehr GmbH &#8211; KVG &#8211;Dahlenburger Landstra\u00dfe 37 | 21337 L\u00fcneburg Gesch\u00e4ftsf\u00fchrung: Jan Behrendt, Michael Fastert Verkehrsgebiet: Omnibuslinienverkehr in den St\u00e4dten Buxtehude, Cuxhaven, Stade und Winsen (Luhe) sowie in den Landkreisen Cuxhaven, Harburg, Heidekreis, L\u00fcchow-Dannenberg, Rotenburg (W\u00fcmme) und Stade Mitarbeiter: \u00dcber 1.000 Mitarbeiter (davon 130 von L\u00fcneBus) in der zentralen Verwaltung in Stade und sechs Betrieben Betriebe: Buxtehude, Cuxhaven, Hittfeld, L\u00fcneburg, Soltau, Stade Die KVG Stade GmbH &amp; Co. KG ist ein Tochterunternehmen der Verkehrsbetrieb Osthannover GmbH. Das Mobilit\u00e4tsangebot umfasst Stadtlinienverkehre in Buxtehude, Cuxhaven, Stade und Winsen (Luhe) sowie \u00dcberlandlinien-, Schul- und Berufsverkehre in den Landkreisen Cuxhaven, Harburg, Heidekreis, Rotenburg (W\u00fcmme) und Stade. Au\u00dferdem umfasst die Gesch\u00e4ftst\u00e4tigkeit die Vermietung von Omnibussen und die Organisation und Durchf\u00fchrung geplanter Schienenersatz- und Busnotverkehre f\u00fcr Partner wie metronom, S-Bahn Hamburg, erixx und enno. www.kvg-bus.de L\u00fcneBus GmbH Die L\u00fcneBus GmbH ist eine 100%-ige Tochtergesellschaft der KVG und erbringt im Auftrag der MOIN Mobilit\u00e4tsinfrastruktur und -betriebs GmbH Leistungen im Landkreis L\u00fcneburg. Dahlenburger Landstra\u00dfe 37, 21337 L\u00fcneburg mo &#8211; do 9 &#8211; 15 Uhr | fr 9 &#8211; 13 Uhr 04131 8807-0 M\u00fcller Busreisen GmbH M\u00fcller Busreisen GmbH Stolpner Stra\u00dfe 4 | 01833 Stolpen-Langenwolmsdorf Gesch\u00e4ftsf\u00fchrung: Jan Behrendt, Ramona Durke Verkehrsgebiet: Omnibuslinienverkehr im Stadtgebiet Dresden, im Landkreis S\u00e4chsische Schweiz-Osterzgebirge sowie im Landkreis Bautzen. Mitarbeiter: \u00dcber 80 Mitarbeiter in den Bereichen Fahrdienst, Verwaltung und Werkstatt Betriebe: Stolpen Das Unternehmen wurde 1945 in Stolpen gegr\u00fcndet. Die Verkehrsbetriebe Bachstein GmbH ist seit 01.01.2019 hundert-prozentige Gesellschafterin. Das Mobilit\u00e4tsangebot umfasst Omnibuslinien-, Sch\u00fcler- und Schienenersatzverkehr. www.mueller-bus.de Verkehrsbetriebe Osthannover GmbH (VOG) Verkehrsbetrieb Osthannover GmbH (VOG) &#8211;Nienburger Stra\u00dfe 50 | 29225 Celle Gesch\u00e4ftsf\u00fchrung: Jan Behrendt, Michael Fastert Die Verkehrsbetrieb Osthannover GmbH&hellip;<\/p>","protected":false},"author":1,"featured_media":926,"parent":0,"menu_order":47,"comment_status":"closed","ping_status":"closed","template":"","meta":{"footnotes":""},"class_list":["post-85","page","type-page","status-publish","has-post-thumbnail","hentry"],"yoast_head":"<!-- This site is optimized with the Yoast SEO plugin v27.4 - https:\/\/yoast.com\/product\/yoast-seo-wordpress\/ -->\n<title>\u00dcber uns - Cebus Celle<\/title>\n<meta name=\"robots\" content=\"index, follow, max-snippet:-1, max-image-preview:large, max-video-preview:-1\" \/>\n<link rel=\"canonical\" href=\"https:\/\/cebus-celle.de\/es\/empresa-2\/\" \/>\n<meta property=\"og:locale\" content=\"es_ES\" \/>\n<meta property=\"og:type\" content=\"article\" \/>\n<meta property=\"og:title\" content=\"\u00dcber uns - Cebus Celle\" \/>\n<meta property=\"og:description\" content=\"DIE CEBUS-STORY Wen unsere Story interessiert, der wird hier f\u00fcndig. Wann wurde was gemacht und vor allem \u201ewarum\u201c?\u00a0Ein Team, eine Geschichte. 2002 gegr\u00fcndet Wir haben CeBus 2002 gegr\u00fcndet und sind seither f\u00fcr den \u00f6ffentlichen Personennahverkehr (\u00d6PNV) und die Sch\u00fclerbef\u00f6rderung in Stadt und Landkreis Celle verantwortlich. Unser Hauptsitz mit Verwaltung, Werkstatt und Busdepot ist in Celle, zus\u00e4tzlich betreiben wir Betriebsh\u00f6fe in Fa\u00dfberg (mit Werkstatt), Wietze und Eicklingen. Dar\u00fcber hinaus verf\u00fcgen wir \u00fcber Depots in Steinhorst, Bergen, Marwede und Hohne. Vereinte Kr\u00e4fte \u00dcber 250 Mitarbeiterinnen und Mitarbeiter fahren, reparieren, verwalten, reinigen, kontrollieren und halten damit den Betrieb auf dem Laufenden. Unser engagiertes Team ist das Herzst\u00fcck unseres Erfolgs. Wir legen gro\u00dfen Wert auf Freundlichkeit und Serviceorientierung. Unser Personal wird regelm\u00e4\u00dfig geschult, um sicherzustellen, dass wir dir immer den besten Kundenservice bieten. M\u00f6chtest du auch ein Teil davon werden? Dann wirf einen Blick auf unsere Karriereseite, vielleicht ist ein interessanter Job f\u00fcr dich dabei. Einsteigen bitte! Unter dem Motto \u201eCeBus kommt gut an\u201c bef\u00f6rdern wir t\u00e4glich tausende Menschen. Dabei steht die Kundenzufriedenheit an erster Stelle. Unser wichtigstes Ziel: dich sicher und p\u00fcnktlich an dein Ziel zu bringen. Dies sind unsere Werte und Prinzipien, die uns leiten und zu einem verl\u00e4sslichen Partner im \u00f6ffentlichen Nahverkehr machen \u2013 darauf kannst du dich verlassen. Der Umwelt zuliebe Wir setzen auf umweltfreundliche Mobilit\u00e4t im \u00f6ffentlichen Nahverkehr und betreiben eine moderne Fahrzeugflotte, die h\u00f6chsten Umweltstandards entspricht. Derzeit sind \u00fcber 100 Busse im regul\u00e4ren Linienverkehr im Einsatz. S\u00e4mtliche Fahrzeuge erf\u00fcllen die strenge Abgasnorm Euro 6 \u2013 f\u00fcr eine saubere und nachhaltige Bef\u00f6rderung. Ab dem Jahr 2026 leiten wir den n\u00e4chsten Schritt in Richtung klimafreundlicher Zukunft ein: den Umstieg auf Elektromobilit\u00e4t. Im Zeitraum von 2026 bis 2028 ist geplant, insgesamt 50 Fahrzeuge durch moderne E-Busse zu ersetzen. Mission und Vision Wir sind stolz auf unsere bisherigen Erfolge und auf unsere Mitarbeitenden, die dies erm\u00f6glichen und sind fest entschlossen, auch in Zukunft zu deiner Mobilit\u00e4t und Lebensqualit\u00e4t beizutragen. Unsere langfristigen Ziele beinhalten die aktive Teilnahme an der Verkehrswende und den Schutz von Natur und Umwelt. Starke Zahlen, die bewegen. Stand: 2025 (ausgenommen die Mitarbeiterzahl) \u00dcber 250 Mitarbeitende 108 Fahrzeuge 22,6 Mio. Umsatz pro Jahr 4,18 Mio. Kilometer pro Jahr 4,45 Mio. bef\u00f6rderte Personen pro Jahr 1.000 Haltestellen Die BusGruppe: Ressourcen und Know-how unter einem Dach vereint. Seit ihrer Gr\u00fcndung im Jahr 2014 bildet die BusGruppe eine leistungsstarke Kooperation aus den gesellschaftlich verbundenen Unternehmen Verkehrsbetriebe Bachstein, CeBus, KVG und VOG. Zum 1. Januar 2019 wurde dieses Netzwerk um M\u00fcller Busreisen erweitert, wodurch die Gruppe weiter an Kompetenz und Reichweite gewonnen hat. Als starke Gemeinschaft setzen wir uns f\u00fcr eine zuverl\u00e4ssige, sichere und zukunftsorientierte Mobilit\u00e4t in der Region ein. Durch eine enge Vernetzung, den effizienten Einsatz gemeinsamer Ressourcen und den kontinuierlichen Austausch von Fachwissen entstehen wertvolle Synergien, die allen Partnerunternehmen zugutekommen. Diese enge Zusammenarbeit erm\u00f6glicht es uns, unser Verkehrsangebot stetig zu optimieren und flexibel an die sich wandelnden Anforderungen unserer Fahrg\u00e4ste anzupassen. Die BusGruppe steht f\u00fcr moderne und bedarfsgerechte Mobilit\u00e4tsl\u00f6sungen, die h\u00f6chsten Qualit\u00e4tsanspr\u00fcchen gen\u00fcgen. Unser Fokus liegt darauf, den \u00f6ffentlichen Nahverkehr nicht nur effizient und nachhaltig zu gestalten, sondern auch den Menschen in der Region eine komfortable, sichere und zukunftsf\u00e4hige Mobilit\u00e4t zu bieten. Dabei stehen unsere Auftraggeber und Mitarbeiter gleicherma\u00dfen im Mittelpunkt unseres Handelns. Durch ihr Engagement und ihre Expertise tragen unsere Mitarbeiter ma\u00dfgeblich zur Qualit\u00e4t und Weiterentwicklung unserer Mobilit\u00e4tsangebote bei. Ebenso sind wir ein verl\u00e4sslicher Partner f\u00fcr unsere Auftraggeber und arbeiten mit ihnen eng zusammen, um ma\u00dfgeschneiderte L\u00f6sungen f\u00fcr die Mobilit\u00e4t der Zukunft zu entwickeln. Unsere St\u00e4rke liegt in der vertrauensvollen Zusammenarbeit mit einer Vielzahl von Partnern. Ob Kommunen, Verkehrsverb\u00fcnde oder Unternehmen \u2013 durch langj\u00e4hrige Kooperationen und eine enge Abstimmung schaffen wir nachhaltige und zukunftsweisende Verkehrsangebote, die die Mobilit\u00e4t in der Region aktiv mitgestalten. VERKEHRSGEBIETSKARTE CeBus GmbH &amp; Co. KG CeBus GmbH &amp; Co. KGNienburger Stra\u00dfe 50 | 29225 Celle Gesch\u00e4ftsf\u00fchrung: Stefan Koschick, Katrin Driver Verkehrsgebiet: Omnibuslinienverkehr in Stadt und Landkreis Celle Mitarbeiter: \u00dcber 250 Mitarbeiter in den Bereichen Fahrdienst, Verwaltung und Werkstatt. Betriebe: Celle Mit Betriebsst\u00e4tten in Bergen, Eicklingen, Fa\u00dfberg (mit Werkstatt), Marwede, Steinhorst und Wietze. Die CeBus GmbH &amp; Co. KG wurde im Jahr 2002 in Celle gegr\u00fcndet. Die Gesellschafter sind: Kraftverkehr Celle Stadt und Land GmbH, Lembke &amp; Koschick GmbH &amp; Co. KG, Celler Stra\u00dfenbahn GmbH und Verkehrsbetriebe Bachstein GmbH. Das Mobilit\u00e4tsangebot umfasst den gesamten Buslinienverkehr in Stadt und Landkreis Celle. www.cebus-celle.de KVG Stade GmbH &amp; Co. KG KVG Stade GmbH &amp; Co. KGHarburger Stra\u00dfe 96 | 21680 Stade Gesch\u00e4ftsf\u00fchrung: Jan Behrendt, Michael Fastert Kraftverkehr GmbH &#8211; KVG &#8211;Dahlenburger Landstra\u00dfe 37 | 21337 L\u00fcneburg Gesch\u00e4ftsf\u00fchrung: Jan Behrendt, Michael Fastert Verkehrsgebiet: Omnibuslinienverkehr in den St\u00e4dten Buxtehude, Cuxhaven, Stade und Winsen (Luhe) sowie in den Landkreisen Cuxhaven, Harburg, Heidekreis, L\u00fcchow-Dannenberg, Rotenburg (W\u00fcmme) und Stade Mitarbeiter: \u00dcber 1.000 Mitarbeiter (davon 130 von L\u00fcneBus) in der zentralen Verwaltung in Stade und sechs Betrieben Betriebe: Buxtehude, Cuxhaven, Hittfeld, L\u00fcneburg, Soltau, Stade Die KVG Stade GmbH &amp; Co. KG ist ein Tochterunternehmen der Verkehrsbetrieb Osthannover GmbH. Das Mobilit\u00e4tsangebot umfasst Stadtlinienverkehre in Buxtehude, Cuxhaven, Stade und Winsen (Luhe) sowie \u00dcberlandlinien-, Schul- und Berufsverkehre in den Landkreisen Cuxhaven, Harburg, Heidekreis, Rotenburg (W\u00fcmme) und Stade. Au\u00dferdem umfasst die Gesch\u00e4ftst\u00e4tigkeit die Vermietung von Omnibussen und die Organisation und Durchf\u00fchrung geplanter Schienenersatz- und Busnotverkehre f\u00fcr Partner wie metronom, S-Bahn Hamburg, erixx und enno. www.kvg-bus.de L\u00fcneBus GmbH Die L\u00fcneBus GmbH ist eine 100%-ige Tochtergesellschaft der KVG und erbringt im Auftrag der MOIN Mobilit\u00e4tsinfrastruktur und -betriebs GmbH Leistungen im Landkreis L\u00fcneburg. Dahlenburger Landstra\u00dfe 37, 21337 L\u00fcneburg mo &#8211; do 9 &#8211; 15 Uhr | fr 9 &#8211; 13 Uhr 04131 8807-0 M\u00fcller Busreisen GmbH M\u00fcller Busreisen GmbH Stolpner Stra\u00dfe 4 | 01833 Stolpen-Langenwolmsdorf Gesch\u00e4ftsf\u00fchrung: Jan Behrendt, Ramona Durke Verkehrsgebiet: Omnibuslinienverkehr im Stadtgebiet Dresden, im Landkreis S\u00e4chsische Schweiz-Osterzgebirge sowie im Landkreis Bautzen. Mitarbeiter: \u00dcber 80 Mitarbeiter in den Bereichen Fahrdienst, Verwaltung und Werkstatt Betriebe: Stolpen Das Unternehmen wurde 1945 in Stolpen gegr\u00fcndet. Die Verkehrsbetriebe Bachstein GmbH ist seit 01.01.2019 hundert-prozentige Gesellschafterin. Das Mobilit\u00e4tsangebot umfasst Omnibuslinien-, Sch\u00fcler- und Schienenersatzverkehr. www.mueller-bus.de Verkehrsbetriebe Osthannover GmbH (VOG) Verkehrsbetrieb Osthannover GmbH (VOG) &#8211;Nienburger Stra\u00dfe 50 | 29225 Celle Gesch\u00e4ftsf\u00fchrung: Jan Behrendt, Michael Fastert Die Verkehrsbetrieb Osthannover GmbH&hellip;\" \/>\n<meta property=\"og:url\" content=\"https:\/\/cebus-celle.de\/es\/empresa-2\/\" \/>\n<meta property=\"og:site_name\" content=\"Cebus Celle\" \/>\n<meta property=\"article:modified_time\" content=\"2026-03-24T14:36:24+00:00\" \/>\n<meta property=\"og:image\" content=\"https:\/\/cebus-celle.de\/wp-content\/uploads\/header_betriebshof.jpg\" \/>\n\t<meta property=\"og:image:width\" content=\"2000\" \/>\n\t<meta property=\"og:image:height\" content=\"1063\" \/>\n\t<meta property=\"og:image:type\" content=\"image\/jpeg\" \/>\n<meta name=\"twitter:card\" content=\"summary_large_image\" \/>\n<meta name=\"twitter:label1\" content=\"Tiempo de lectura\" \/>\n\t<meta name=\"twitter:data1\" content=\"16 minutos\" \/>\n<script type=\"application\/ld+json\" class=\"yoast-schema-graph\">{\"@context\":\"https:\\\/\\\/schema.org\",\"@graph\":[{\"@type\":\"WebPage\",\"@id\":\"https:\\\/\\\/cebus-celle.de\\\/unternehmen\\\/\",\"url\":\"https:\\\/\\\/cebus-celle.de\\\/unternehmen\\\/\",\"name\":\"\u00dcber uns - Cebus Celle\",\"isPartOf\":{\"@id\":\"https:\\\/\\\/cebus-celle.de\\\/#website\"},\"primaryImageOfPage\":{\"@id\":\"https:\\\/\\\/cebus-celle.de\\\/unternehmen\\\/#primaryimage\"},\"image\":{\"@id\":\"https:\\\/\\\/cebus-celle.de\\\/unternehmen\\\/#primaryimage\"},\"thumbnailUrl\":\"https:\\\/\\\/cebus-celle.de\\\/wp-content\\\/uploads\\\/header_betriebshof.jpg\",\"datePublished\":\"2022-12-21T08:45:42+00:00\",\"dateModified\":\"2026-03-24T14:36:24+00:00\",\"breadcrumb\":{\"@id\":\"https:\\\/\\\/cebus-celle.de\\\/unternehmen\\\/#breadcrumb\"},\"inLanguage\":\"es\",\"potentialAction\":[{\"@type\":\"ReadAction\",\"target\":[\"https:\\\/\\\/cebus-celle.de\\\/unternehmen\\\/\"]}]},{\"@type\":\"ImageObject\",\"inLanguage\":\"es\",\"@id\":\"https:\\\/\\\/cebus-celle.de\\\/unternehmen\\\/#primaryimage\",\"url\":\"https:\\\/\\\/cebus-celle.de\\\/wp-content\\\/uploads\\\/header_betriebshof.jpg\",\"contentUrl\":\"https:\\\/\\\/cebus-celle.de\\\/wp-content\\\/uploads\\\/header_betriebshof.jpg\",\"width\":2000,\"height\":1063},{\"@type\":\"BreadcrumbList\",\"@id\":\"https:\\\/\\\/cebus-celle.de\\\/unternehmen\\\/#breadcrumb\",\"itemListElement\":[{\"@type\":\"ListItem\",\"position\":1,\"name\":\"Startseite\",\"item\":\"https:\\\/\\\/cebus-celle.de\\\/\"},{\"@type\":\"ListItem\",\"position\":2,\"name\":\"\u00dcber uns\"}]},{\"@type\":\"WebSite\",\"@id\":\"https:\\\/\\\/cebus-celle.de\\\/#website\",\"url\":\"https:\\\/\\\/cebus-celle.de\\\/\",\"name\":\"Cebus Celle\",\"description\":\"\",\"publisher\":{\"@id\":\"https:\\\/\\\/cebus-celle.de\\\/#organization\"},\"potentialAction\":[{\"@type\":\"SearchAction\",\"target\":{\"@type\":\"EntryPoint\",\"urlTemplate\":\"https:\\\/\\\/cebus-celle.de\\\/?s={search_term_string}\"},\"query-input\":{\"@type\":\"PropertyValueSpecification\",\"valueRequired\":true,\"valueName\":\"search_term_string\"}}],\"inLanguage\":\"es\"},{\"@type\":\"Organization\",\"@id\":\"https:\\\/\\\/cebus-celle.de\\\/#organization\",\"name\":\"Cebus Celle\",\"url\":\"https:\\\/\\\/cebus-celle.de\\\/\",\"logo\":{\"@type\":\"ImageObject\",\"inLanguage\":\"es\",\"@id\":\"https:\\\/\\\/cebus-celle.de\\\/#\\\/schema\\\/logo\\\/image\\\/\",\"url\":\"https:\\\/\\\/cebus-celle.de\\\/wp-content\\\/uploads\\\/logo-kvg.png\",\"contentUrl\":\"https:\\\/\\\/cebus-celle.de\\\/wp-content\\\/uploads\\\/logo-kvg.png\",\"width\":171,\"height\":68,\"caption\":\"Cebus Celle\"},\"image\":{\"@id\":\"https:\\\/\\\/cebus-celle.de\\\/#\\\/schema\\\/logo\\\/image\\\/\"}}]}<\/script>\n<!-- \/ Yoast SEO plugin. -->","yoast_head_json":{"title":"Sobre nosotros - Cebus Celle","robots":{"index":"index","follow":"follow","max-snippet":"max-snippet:-1","max-image-preview":"max-image-preview:large","max-video-preview":"max-video-preview:-1"},"canonical":"https:\/\/cebus-celle.de\/es\/empresa-2\/","og_locale":"es_ES","og_type":"article","og_title":"\u00dcber uns - Cebus Celle","og_description":"DIE CEBUS-STORY Wen unsere Story interessiert, der wird hier f\u00fcndig. Wann wurde was gemacht und vor allem \u201ewarum\u201c?\u00a0Ein Team, eine Geschichte. 2002 gegr\u00fcndet Wir haben CeBus 2002 gegr\u00fcndet und sind seither f\u00fcr den \u00f6ffentlichen Personennahverkehr (\u00d6PNV) und die Sch\u00fclerbef\u00f6rderung in Stadt und Landkreis Celle verantwortlich. Unser Hauptsitz mit Verwaltung, Werkstatt und Busdepot ist in Celle, zus\u00e4tzlich betreiben wir Betriebsh\u00f6fe in Fa\u00dfberg (mit Werkstatt), Wietze und Eicklingen. Dar\u00fcber hinaus verf\u00fcgen wir \u00fcber Depots in Steinhorst, Bergen, Marwede und Hohne. Vereinte Kr\u00e4fte \u00dcber 250 Mitarbeiterinnen und Mitarbeiter fahren, reparieren, verwalten, reinigen, kontrollieren und halten damit den Betrieb auf dem Laufenden. Unser engagiertes Team ist das Herzst\u00fcck unseres Erfolgs. Wir legen gro\u00dfen Wert auf Freundlichkeit und Serviceorientierung. Unser Personal wird regelm\u00e4\u00dfig geschult, um sicherzustellen, dass wir dir immer den besten Kundenservice bieten. M\u00f6chtest du auch ein Teil davon werden? Dann wirf einen Blick auf unsere Karriereseite, vielleicht ist ein interessanter Job f\u00fcr dich dabei. Einsteigen bitte! Unter dem Motto \u201eCeBus kommt gut an\u201c bef\u00f6rdern wir t\u00e4glich tausende Menschen. Dabei steht die Kundenzufriedenheit an erster Stelle. Unser wichtigstes Ziel: dich sicher und p\u00fcnktlich an dein Ziel zu bringen. Dies sind unsere Werte und Prinzipien, die uns leiten und zu einem verl\u00e4sslichen Partner im \u00f6ffentlichen Nahverkehr machen \u2013 darauf kannst du dich verlassen. Der Umwelt zuliebe Wir setzen auf umweltfreundliche Mobilit\u00e4t im \u00f6ffentlichen Nahverkehr und betreiben eine moderne Fahrzeugflotte, die h\u00f6chsten Umweltstandards entspricht. Derzeit sind \u00fcber 100 Busse im regul\u00e4ren Linienverkehr im Einsatz. S\u00e4mtliche Fahrzeuge erf\u00fcllen die strenge Abgasnorm Euro 6 \u2013 f\u00fcr eine saubere und nachhaltige Bef\u00f6rderung. Ab dem Jahr 2026 leiten wir den n\u00e4chsten Schritt in Richtung klimafreundlicher Zukunft ein: den Umstieg auf Elektromobilit\u00e4t. Im Zeitraum von 2026 bis 2028 ist geplant, insgesamt 50 Fahrzeuge durch moderne E-Busse zu ersetzen. Mission und Vision Wir sind stolz auf unsere bisherigen Erfolge und auf unsere Mitarbeitenden, die dies erm\u00f6glichen und sind fest entschlossen, auch in Zukunft zu deiner Mobilit\u00e4t und Lebensqualit\u00e4t beizutragen. Unsere langfristigen Ziele beinhalten die aktive Teilnahme an der Verkehrswende und den Schutz von Natur und Umwelt. Starke Zahlen, die bewegen. Stand: 2025 (ausgenommen die Mitarbeiterzahl) \u00dcber 250 Mitarbeitende 108 Fahrzeuge 22,6 Mio. Umsatz pro Jahr 4,18 Mio. Kilometer pro Jahr 4,45 Mio. bef\u00f6rderte Personen pro Jahr 1.000 Haltestellen Die BusGruppe: Ressourcen und Know-how unter einem Dach vereint. Seit ihrer Gr\u00fcndung im Jahr 2014 bildet die BusGruppe eine leistungsstarke Kooperation aus den gesellschaftlich verbundenen Unternehmen Verkehrsbetriebe Bachstein, CeBus, KVG und VOG. Zum 1. Januar 2019 wurde dieses Netzwerk um M\u00fcller Busreisen erweitert, wodurch die Gruppe weiter an Kompetenz und Reichweite gewonnen hat. Als starke Gemeinschaft setzen wir uns f\u00fcr eine zuverl\u00e4ssige, sichere und zukunftsorientierte Mobilit\u00e4t in der Region ein. Durch eine enge Vernetzung, den effizienten Einsatz gemeinsamer Ressourcen und den kontinuierlichen Austausch von Fachwissen entstehen wertvolle Synergien, die allen Partnerunternehmen zugutekommen. Diese enge Zusammenarbeit erm\u00f6glicht es uns, unser Verkehrsangebot stetig zu optimieren und flexibel an die sich wandelnden Anforderungen unserer Fahrg\u00e4ste anzupassen. Die BusGruppe steht f\u00fcr moderne und bedarfsgerechte Mobilit\u00e4tsl\u00f6sungen, die h\u00f6chsten Qualit\u00e4tsanspr\u00fcchen gen\u00fcgen. Unser Fokus liegt darauf, den \u00f6ffentlichen Nahverkehr nicht nur effizient und nachhaltig zu gestalten, sondern auch den Menschen in der Region eine komfortable, sichere und zukunftsf\u00e4hige Mobilit\u00e4t zu bieten. Dabei stehen unsere Auftraggeber und Mitarbeiter gleicherma\u00dfen im Mittelpunkt unseres Handelns. Durch ihr Engagement und ihre Expertise tragen unsere Mitarbeiter ma\u00dfgeblich zur Qualit\u00e4t und Weiterentwicklung unserer Mobilit\u00e4tsangebote bei. Ebenso sind wir ein verl\u00e4sslicher Partner f\u00fcr unsere Auftraggeber und arbeiten mit ihnen eng zusammen, um ma\u00dfgeschneiderte L\u00f6sungen f\u00fcr die Mobilit\u00e4t der Zukunft zu entwickeln. Unsere St\u00e4rke liegt in der vertrauensvollen Zusammenarbeit mit einer Vielzahl von Partnern. Ob Kommunen, Verkehrsverb\u00fcnde oder Unternehmen \u2013 durch langj\u00e4hrige Kooperationen und eine enge Abstimmung schaffen wir nachhaltige und zukunftsweisende Verkehrsangebote, die die Mobilit\u00e4t in der Region aktiv mitgestalten. VERKEHRSGEBIETSKARTE CeBus GmbH &amp; Co. KG CeBus GmbH &amp; Co. KGNienburger Stra\u00dfe 50 | 29225 Celle Gesch\u00e4ftsf\u00fchrung: Stefan Koschick, Katrin Driver Verkehrsgebiet: Omnibuslinienverkehr in Stadt und Landkreis Celle Mitarbeiter: \u00dcber 250 Mitarbeiter in den Bereichen Fahrdienst, Verwaltung und Werkstatt. Betriebe: Celle Mit Betriebsst\u00e4tten in Bergen, Eicklingen, Fa\u00dfberg (mit Werkstatt), Marwede, Steinhorst und Wietze. Die CeBus GmbH &amp; Co. KG wurde im Jahr 2002 in Celle gegr\u00fcndet. Die Gesellschafter sind: Kraftverkehr Celle Stadt und Land GmbH, Lembke &amp; Koschick GmbH &amp; Co. KG, Celler Stra\u00dfenbahn GmbH und Verkehrsbetriebe Bachstein GmbH. Das Mobilit\u00e4tsangebot umfasst den gesamten Buslinienverkehr in Stadt und Landkreis Celle. www.cebus-celle.de KVG Stade GmbH &amp; Co. KG KVG Stade GmbH &amp; Co. KGHarburger Stra\u00dfe 96 | 21680 Stade Gesch\u00e4ftsf\u00fchrung: Jan Behrendt, Michael Fastert Kraftverkehr GmbH &#8211; KVG &#8211;Dahlenburger Landstra\u00dfe 37 | 21337 L\u00fcneburg Gesch\u00e4ftsf\u00fchrung: Jan Behrendt, Michael Fastert Verkehrsgebiet: Omnibuslinienverkehr in den St\u00e4dten Buxtehude, Cuxhaven, Stade und Winsen (Luhe) sowie in den Landkreisen Cuxhaven, Harburg, Heidekreis, L\u00fcchow-Dannenberg, Rotenburg (W\u00fcmme) und Stade Mitarbeiter: \u00dcber 1.000 Mitarbeiter (davon 130 von L\u00fcneBus) in der zentralen Verwaltung in Stade und sechs Betrieben Betriebe: Buxtehude, Cuxhaven, Hittfeld, L\u00fcneburg, Soltau, Stade Die KVG Stade GmbH &amp; Co. KG ist ein Tochterunternehmen der Verkehrsbetrieb Osthannover GmbH. Das Mobilit\u00e4tsangebot umfasst Stadtlinienverkehre in Buxtehude, Cuxhaven, Stade und Winsen (Luhe) sowie \u00dcberlandlinien-, Schul- und Berufsverkehre in den Landkreisen Cuxhaven, Harburg, Heidekreis, Rotenburg (W\u00fcmme) und Stade. Au\u00dferdem umfasst die Gesch\u00e4ftst\u00e4tigkeit die Vermietung von Omnibussen und die Organisation und Durchf\u00fchrung geplanter Schienenersatz- und Busnotverkehre f\u00fcr Partner wie metronom, S-Bahn Hamburg, erixx und enno. www.kvg-bus.de L\u00fcneBus GmbH Die L\u00fcneBus GmbH ist eine 100%-ige Tochtergesellschaft der KVG und erbringt im Auftrag der MOIN Mobilit\u00e4tsinfrastruktur und -betriebs GmbH Leistungen im Landkreis L\u00fcneburg. Dahlenburger Landstra\u00dfe 37, 21337 L\u00fcneburg mo &#8211; do 9 &#8211; 15 Uhr | fr 9 &#8211; 13 Uhr 04131 8807-0 M\u00fcller Busreisen GmbH M\u00fcller Busreisen GmbH Stolpner Stra\u00dfe 4 | 01833 Stolpen-Langenwolmsdorf Gesch\u00e4ftsf\u00fchrung: Jan Behrendt, Ramona Durke Verkehrsgebiet: Omnibuslinienverkehr im Stadtgebiet Dresden, im Landkreis S\u00e4chsische Schweiz-Osterzgebirge sowie im Landkreis Bautzen. Mitarbeiter: \u00dcber 80 Mitarbeiter in den Bereichen Fahrdienst, Verwaltung und Werkstatt Betriebe: Stolpen Das Unternehmen wurde 1945 in Stolpen gegr\u00fcndet. Die Verkehrsbetriebe Bachstein GmbH ist seit 01.01.2019 hundert-prozentige Gesellschafterin. Das Mobilit\u00e4tsangebot umfasst Omnibuslinien-, Sch\u00fcler- und Schienenersatzverkehr. www.mueller-bus.de Verkehrsbetriebe Osthannover GmbH (VOG) Verkehrsbetrieb Osthannover GmbH (VOG) &#8211;Nienburger Stra\u00dfe 50 | 29225 Celle Gesch\u00e4ftsf\u00fchrung: Jan Behrendt, Michael Fastert Die Verkehrsbetrieb Osthannover GmbH&hellip;","og_url":"https:\/\/cebus-celle.de\/es\/empresa-2\/","og_site_name":"Cebus Celle","article_modified_time":"2026-03-24T14:36:24+00:00","og_image":[{"width":2000,"height":1063,"url":"https:\/\/cebus-celle.de\/wp-content\/uploads\/header_betriebshof.jpg","type":"image\/jpeg"}],"twitter_card":"summary_large_image","twitter_misc":{"Tiempo de lectura":"16 minutos"},"schema":{"@context":"https:\/\/schema.org","@graph":[{"@type":"WebPage","@id":"https:\/\/cebus-celle.de\/unternehmen\/","url":"https:\/\/cebus-celle.de\/unternehmen\/","name":"Sobre nosotros - Cebus Celle","isPartOf":{"@id":"https:\/\/cebus-celle.de\/#website"},"primaryImageOfPage":{"@id":"https:\/\/cebus-celle.de\/unternehmen\/#primaryimage"},"image":{"@id":"https:\/\/cebus-celle.de\/unternehmen\/#primaryimage"},"thumbnailUrl":"https:\/\/cebus-celle.de\/wp-content\/uploads\/header_betriebshof.jpg","datePublished":"2022-12-21T08:45:42+00:00","dateModified":"2026-03-24T14:36:24+00:00","breadcrumb":{"@id":"https:\/\/cebus-celle.de\/unternehmen\/#breadcrumb"},"inLanguage":"es","potentialAction":[{"@type":"ReadAction","target":["https:\/\/cebus-celle.de\/unternehmen\/"]}]},{"@type":"ImageObject","inLanguage":"es","@id":"https:\/\/cebus-celle.de\/unternehmen\/#primaryimage","url":"https:\/\/cebus-celle.de\/wp-content\/uploads\/header_betriebshof.jpg","contentUrl":"https:\/\/cebus-celle.de\/wp-content\/uploads\/header_betriebshof.jpg","width":2000,"height":1063},{"@type":"BreadcrumbList","@id":"https:\/\/cebus-celle.de\/unternehmen\/#breadcrumb","itemListElement":[{"@type":"ListItem","position":1,"name":"Startseite","item":"https:\/\/cebus-celle.de\/"},{"@type":"ListItem","position":2,"name":"\u00dcber uns"}]},{"@type":"WebSite","@id":"https:\/\/cebus-celle.de\/#website","url":"https:\/\/cebus-celle.de\/","name":"Cebus Celle","description":"","publisher":{"@id":"https:\/\/cebus-celle.de\/#organization"},"potentialAction":[{"@type":"SearchAction","target":{"@type":"EntryPoint","urlTemplate":"https:\/\/cebus-celle.de\/?s={search_term_string}"},"query-input":{"@type":"PropertyValueSpecification","valueRequired":true,"valueName":"search_term_string"}}],"inLanguage":"es"},{"@type":"Organization","@id":"https:\/\/cebus-celle.de\/#organization","name":"Cebus Celle","url":"https:\/\/cebus-celle.de\/","logo":{"@type":"ImageObject","inLanguage":"es","@id":"https:\/\/cebus-celle.de\/#\/schema\/logo\/image\/","url":"https:\/\/cebus-celle.de\/wp-content\/uploads\/logo-kvg.png","contentUrl":"https:\/\/cebus-celle.de\/wp-content\/uploads\/logo-kvg.png","width":171,"height":68,"caption":"Cebus Celle"},"image":{"@id":"https:\/\/cebus-celle.de\/#\/schema\/logo\/image\/"}}]}},"_links":{"self":[{"href":"https:\/\/cebus-celle.de\/es\/wp-json\/wp\/v2\/pages\/85","targetHints":{"allow":["GET"]}}],"collection":[{"href":"https:\/\/cebus-celle.de\/es\/wp-json\/wp\/v2\/pages"}],"about":[{"href":"https:\/\/cebus-celle.de\/es\/wp-json\/wp\/v2\/types\/page"}],"author":[{"embeddable":true,"href":"https:\/\/cebus-celle.de\/es\/wp-json\/wp\/v2\/users\/1"}],"replies":[{"embeddable":true,"href":"https:\/\/cebus-celle.de\/es\/wp-json\/wp\/v2\/comments?post=85"}],"version-history":[{"count":57,"href":"https:\/\/cebus-celle.de\/es\/wp-json\/wp\/v2\/pages\/85\/revisions"}],"predecessor-version":[{"id":5626,"href":"https:\/\/cebus-celle.de\/es\/wp-json\/wp\/v2\/pages\/85\/revisions\/5626"}],"wp:featuredmedia":[{"embeddable":true,"href":"https:\/\/cebus-celle.de\/es\/wp-json\/wp\/v2\/media\/926"}],"wp:attachment":[{"href":"https:\/\/cebus-celle.de\/es\/wp-json\/wp\/v2\/media?parent=85"}],"curies":[{"name":"wp","href":"https:\/\/api.w.org\/{rel}","templated":true}]}}